{"id":2867,"date":"2020-01-29T14:30:02","date_gmt":"2020-01-29T14:30:02","guid":{"rendered":"https:\/\/grupocolor.webs.upv.es\/?page_id=2867"},"modified":"2025-07-08T04:27:48","modified_gmt":"2025-07-08T04:27:48","slug":"exposiciones-y-concursos","status":"publish","type":"page","link":"https:\/\/grupocolor.webs.upv.es\/?page_id=2867","title":{"rendered":"Exposiciones y concursos"},"content":{"rendered":"\n<div class=\"wp-block-columns are-vertically-aligned-center is-layout-flex wp-container-core-columns-is-layout-8f761849 wp-block-columns-is-layout-flex\">\n<div class=\"wp-block-column is-vertically-aligned-center is-layout-flow wp-block-column-is-layout-flow\"><div class=\"wp-block-image\">\n<figure class=\"aligncenter size-full\"><img decoding=\"async\" data-src=\"https:\/\/cnavbel2.upv.edu.es\/wordpress\/wp-content\/uploads\/2025\/07\/Design-the-concept.-Ceramic-designs.-X-edition-300x158-1.jpg\" alt=\"\" class=\"wp-image-19 lazyload\" src=\"data:image\/svg+xml;base64,PHN2ZyB3aWR0aD0iMSIgaGVpZ2h0PSIxIiB4bWxucz0iaHR0cDovL3d3dy53My5vcmcvMjAwMC9zdmciPjwvc3ZnPg==\" \/><\/figure>\n<\/div><\/div>\n\n\n\n<div class=\"wp-block-column is-vertically-aligned-center is-layout-flow wp-block-column-is-layout-flow\"><div class=\"wp-block-image\">\n<figure class=\"aligncenter size-full\"><img decoding=\"async\" data-src=\"https:\/\/cnavbel2.upv.edu.es\/wordpress\/wp-content\/uploads\/2025\/07\/2025_TAU_page-0001-212x300-1.jpg\" alt=\"\" class=\"wp-image-18 lazyload\" src=\"data:image\/svg+xml;base64,PHN2ZyB3aWR0aD0iMSIgaGVpZ2h0PSIxIiB4bWxucz0iaHR0cDovL3d3dy53My5vcmcvMjAwMC9zdmciPjwvc3ZnPg==\" \/><\/figure>\n<\/div><\/div>\n\n\n\n<div class=\"wp-block-column is-vertically-aligned-center is-layout-flow wp-block-column-is-layout-flow\"><div class=\"wp-block-image\">\n<figure class=\"aligncenter size-full\"><img decoding=\"async\" data-src=\"https:\/\/cnavbel2.upv.edu.es\/wordpress\/wp-content\/uploads\/2025\/07\/2024_TAU_page-0001-212x300-1.jpg\" alt=\"\" class=\"wp-image-17 lazyload\" src=\"data:image\/svg+xml;base64,PHN2ZyB3aWR0aD0iMSIgaGVpZ2h0PSIxIiB4bWxucz0iaHR0cDovL3d3dy53My5vcmcvMjAwMC9zdmciPjwvc3ZnPg==\" \/><\/figure>\n<\/div><\/div>\n<\/div>\n\n\n\n<div class=\"wp-block-columns are-vertically-aligned-top is-layout-flex wp-container-core-columns-is-layout-8f761849 wp-block-columns-is-layout-flex\">\n<div class=\"wp-block-column is-vertically-aligned-top is-layout-flow wp-block-column-is-layout-flow\">\n<div style=\"height:20px\" aria-hidden=\"true\" class=\"wp-block-spacer\"><\/div>\n\n\n\n<h2 class=\"wp-block-heading has-text-align-center\" style=\"font-size:18px;text-transform:uppercase\"><strong><a href=\"https:\/\/www.upv.es\/pls\/oalu\/sic_age.agendaUPV?P_EVENTO=39130&amp;P_SESION=776063&amp;p_reg_act=1&amp;P_VISTA=&amp;P_IDIOMA=c\" title=\"Concurso y Exposici\u00f3n ''Design the concept. Ceramic designs. X edition''\">Concurso y Exposici\u00f3n \u00bbDesign the concept. Ceramic designs. X edition\u00bb<\/a><\/strong><\/h2>\n\n\n\n<p class=\"has-text-align-center wp-block-paragraph\"><em>Realizaci\u00f3n del 14 al 30 de enero de 2025. Lugar: sala Hall de la ETSIADI (edificio 7B, campus de Vera UPV).<\/em><\/p>\n<\/div>\n\n\n\n<div class=\"wp-block-column is-vertically-aligned-top is-layout-flow wp-block-column-is-layout-flow\">\n<div style=\"height:20px\" aria-hidden=\"true\" class=\"wp-block-spacer\"><\/div>\n\n\n\n<h2 class=\"wp-block-heading has-text-align-center\" style=\"font-size:18px;text-transform:uppercase\"><strong><a href=\"https:\/\/coloryarquitecturasefimeras.blogs.upv.es\/2025_virtual-tau-feel-mix\/\" title=\"VI Concurso de Ideas TAU Cer\u00e1mica: Virtual TAU \u201cFeel and Mix\u201d 2025\">VI Concurso de Ideas TAU Cer\u00e1mica: Virtual TAU \u201cFeel and Mix\u201d 2025<\/a><\/strong><\/h2>\n\n\n\n<p class=\"has-text-align-center wp-block-paragraph\"><em>Escuela T\u00e9cnica Superior de Arquitectura &#8211; UPV. VALENCIA<\/em><\/p>\n<\/div>\n\n\n\n<div class=\"wp-block-column is-vertically-aligned-top is-layout-flow wp-block-column-is-layout-flow\">\n<div style=\"height:20px\" aria-hidden=\"true\" class=\"wp-block-spacer\"><\/div>\n\n\n\n<h2 class=\"wp-block-heading has-text-align-center\" style=\"font-size:18px;text-transform:uppercase\"><strong><a href=\"https:\/\/coloryarquitecturasefimeras.blogs.upv.es\/2024_concurso-tau-ceramica-diseno-de-una-arquitectura-efimera\/\" title=\"V Concurso de Ideas TAU Cer\u00e1mica: Virtual TAU \u201cFeel and Mix\u201d 2024\">V Concurso de Ideas TAU Cer\u00e1mica: Virtual TAU \u201cFeel and Mix\u201d 2024<\/a><\/strong><\/h2>\n\n\n\n<p class=\"has-text-align-center wp-block-paragraph\"><em>Escuela T\u00e9cnica Superior de Arquitectura &#8211; Escuela T\u00e9cnica Superior de Ingenier\u00eda del Dise\u00f1o &#8211; UPV. VALENCIA<\/em><\/p>\n<\/div>\n<\/div>\n\n\n\n<div class=\"wp-block-columns is-layout-flex wp-container-core-columns-is-layout-8f761849 wp-block-columns-is-layout-flex\">\n<div class=\"wp-block-column is-layout-flow wp-block-column-is-layout-flow\"><div class=\"wp-block-image\">\n<figure class=\"aligncenter size-full is-resized\"><img decoding=\"async\" data-src=\"https:\/\/cnavbel2.upv.edu.es\/wordpress\/wp-content\/uploads\/2025\/07\/blank-white-landscape-7sn5o1woonmklx1h.jpg\" alt=\"\" class=\"wp-image-42 lazyload\" style=\"aspect-ratio:3\/4;object-fit:cover;width:200px\" src=\"data:image\/svg+xml;base64,PHN2ZyB3aWR0aD0iMSIgaGVpZ2h0PSIxIiB4bWxucz0iaHR0cDovL3d3dy53My5vcmcvMjAwMC9zdmciPjwvc3ZnPg==\" \/><\/figure>\n<\/div><\/div>\n\n\n\n<div class=\"wp-block-column is-layout-flow wp-block-column-is-layout-flow\"><div class=\"wp-block-image\">\n<figure class=\"aligncenter size-full\"><img decoding=\"async\" data-src=\"https:\/\/cnavbel2.upv.edu.es\/wordpress\/wp-content\/uploads\/2025\/07\/2022_Stand-TAU-Un-Viaje-en-el-Tiempo-212x300-1.jpg\" alt=\"\" class=\"wp-image-16 lazyload\" src=\"data:image\/svg+xml;base64,PHN2ZyB3aWR0aD0iMSIgaGVpZ2h0PSIxIiB4bWxucz0iaHR0cDovL3d3dy53My5vcmcvMjAwMC9zdmciPjwvc3ZnPg==\" \/><\/figure>\n<\/div><\/div>\n\n\n\n<div class=\"wp-block-column is-layout-flow wp-block-column-is-layout-flow\"><div class=\"wp-block-image\">\n<figure class=\"aligncenter size-full\"><img decoding=\"async\" data-src=\"https:\/\/cnavbel2.upv.edu.es\/wordpress\/wp-content\/uploads\/2025\/07\/CARTEL-DEFINITIVO-CONCURSO-1-212x300-1.jpg\" alt=\"\" class=\"wp-image-15 lazyload\" src=\"data:image\/svg+xml;base64,PHN2ZyB3aWR0aD0iMSIgaGVpZ2h0PSIxIiB4bWxucz0iaHR0cDovL3d3dy53My5vcmcvMjAwMC9zdmciPjwvc3ZnPg==\" \/><\/figure>\n<\/div><\/div>\n<\/div>\n\n\n\n<div class=\"wp-block-columns is-layout-flex wp-container-core-columns-is-layout-8f761849 wp-block-columns-is-layout-flex\">\n<div class=\"wp-block-column is-layout-flow wp-block-column-is-layout-flow\">\n<div style=\"height:20px\" aria-hidden=\"true\" class=\"wp-block-spacer\"><\/div>\n\n\n\n<h2 class=\"wp-block-heading has-text-align-center\" style=\"font-size:18px;text-transform:uppercase\"><br><strong><a href=\"https:\/\/coloryarquitecturasefimeras.blogs.upv.es\/2023_stand-tau-ano-sorolla\/\" title=\"IV Concurso de Ideas TAU Cer\u00e1mica: A\u00f1o Sorolla 2023&nbsp;\">IV Concurso de Ideas TAU Cer\u00e1mica: A\u00f1o Sorolla 2023&nbsp;<\/a><\/strong><\/h2>\n\n\n\n<p class=\"has-text-align-center wp-block-paragraph\"><em><em>Escuela T\u00e9cnica Superior de Arquitectura &#8211; Escuela T\u00e9cnica Superior de Ingenier\u00eda del Dise\u00f1o &#8211; UPV. VALENCIA<\/em>&nbsp;<\/em><\/p>\n<\/div>\n\n\n\n<div class=\"wp-block-column is-layout-flow wp-block-column-is-layout-flow\">\n<div style=\"height:20px\" aria-hidden=\"true\" class=\"wp-block-spacer\"><\/div>\n\n\n\n<h2 class=\"wp-block-heading has-text-align-center\" style=\"font-size:18px;text-transform:uppercase\"><br><strong><a href=\"https:\/\/coloryarquitecturasefimeras.blogs.upv.es\/2022_-concurso-stand-tau-un-viaje-en-el-tiempo\/\" title=\"III Concurso de Ideas TAU Cer\u00e1mica: A Journey through time 2022\">III Concurso de Ideas TAU Cer\u00e1mica: A Journey through time 2022<\/a><\/strong><\/h2>\n\n\n\n<p class=\"has-text-align-center wp-block-paragraph\"><em>Escuela T\u00e9cnica Superior de Arquitectura &#8211; Escuela T\u00e9cnica Superior de Ingenier\u00eda del Dise\u00f1o &#8211; UPV. VALENCIA<\/em><\/p>\n<\/div>\n\n\n\n<div class=\"wp-block-column is-layout-flow wp-block-column-is-layout-flow\">\n<div style=\"height:20px\" aria-hidden=\"true\" class=\"wp-block-spacer\"><\/div>\n\n\n\n<h2 class=\"wp-block-heading has-text-align-center\" style=\"font-size:18px;text-transform:uppercase\"><strong><a href=\"CONCURSO: COLORES ENCONTRADOS. Dise\u00f1o de un biombo para la Casa del Alumno UPV\">CONCURSO: COLORES ENCONTRADOS. Dise\u00f1o de un biombo para la Casa del Alumno UPV<\/a><\/strong><\/h2>\n\n\n\n<p class=\"has-text-align-center wp-block-paragraph\"><em>25\/06\/2021 &#8211; Casa del Alumno &#8211; N\u00ba de Comisariados: 2<\/em><\/p>\n<\/div>\n<\/div>\n\n\n\n<div class=\"wp-block-columns is-layout-flex wp-container-core-columns-is-layout-8f761849 wp-block-columns-is-layout-flex\">\n<div class=\"wp-block-column is-layout-flow wp-block-column-is-layout-flow\"><div class=\"wp-block-image\">\n<figure class=\"aligncenter size-full\"><img decoding=\"async\" data-src=\"https:\/\/cnavbel2.upv.edu.es\/wordpress\/wp-content\/uploads\/2025\/07\/cosentino-design-challenge-14-el-concurso-para-estudiantes-de-arquitectura-y-diseno-de-cosentino-1-800x1122-1-214x300-1.jpg\" alt=\"\" class=\"wp-image-41 lazyload\" src=\"data:image\/svg+xml;base64,PHN2ZyB3aWR0aD0iMSIgaGVpZ2h0PSIxIiB4bWxucz0iaHR0cDovL3d3dy53My5vcmcvMjAwMC9zdmciPjwvc3ZnPg==\" \/><\/figure>\n<\/div><\/div>\n\n\n\n<div class=\"wp-block-column is-layout-flow wp-block-column-is-layout-flow\"><div class=\"wp-block-image\">\n<figure class=\"aligncenter size-full\"><img decoding=\"async\" data-src=\"https:\/\/cnavbel2.upv.edu.es\/wordpress\/wp-content\/uploads\/2025\/07\/2021_Cartel-TAU-2021-212x300-1.jpg\" alt=\"\" class=\"wp-image-40 lazyload\" src=\"data:image\/svg+xml;base64,PHN2ZyB3aWR0aD0iMSIgaGVpZ2h0PSIxIiB4bWxucz0iaHR0cDovL3d3dy53My5vcmcvMjAwMC9zdmciPjwvc3ZnPg==\" \/><\/figure>\n<\/div><\/div>\n\n\n\n<div class=\"wp-block-column is-layout-flow wp-block-column-is-layout-flow\"><div class=\"wp-block-image\">\n<figure class=\"aligncenter size-full\"><img decoding=\"async\" data-src=\"https:\/\/cnavbel2.upv.edu.es\/wordpress\/wp-content\/uploads\/2025\/07\/2021_Cartel-La-Fe-II-212x300-1.jpg\" alt=\"\" class=\"wp-image-39 lazyload\" src=\"data:image\/svg+xml;base64,PHN2ZyB3aWR0aD0iMSIgaGVpZ2h0PSIxIiB4bWxucz0iaHR0cDovL3d3dy53My5vcmcvMjAwMC9zdmciPjwvc3ZnPg==\" \/><\/figure>\n<\/div><\/div>\n<\/div>\n\n\n\n<div class=\"wp-block-columns is-layout-flex wp-container-core-columns-is-layout-8f761849 wp-block-columns-is-layout-flex\">\n<div class=\"wp-block-column is-layout-flow wp-block-column-is-layout-flow\">\n<div style=\"height:20px\" aria-hidden=\"true\" class=\"wp-block-spacer\"><\/div>\n\n\n\n<h2 class=\"wp-block-heading has-text-align-center\" style=\"font-size:18px;text-transform:uppercase\"><strong><a href=\"https:\/\/grupocolor.webs.upv.es\/wp-content\/uploads\/2025\/05\/01.ETSID-CRETA_Laura-JUnco-Canedo.-CosentinoDesignChallenge-2.jpg\" title=\"CONCURSO-EXPOSICI\u00d3N: COSENTINO DESIGN CHALLENGE 14 \u201cCOSENTINO Y LA TRADICI\u00d3N LOCAL: ALTA ARTESAN\u00cdA CONTEMPOR\u00c1NEA\u201c\">CONCURSO-EXPOSICI\u00d3N: COSENTINO DESIGN CHALLENGE 14 \u201cCOSENTINO Y LA TRADICI\u00d3N LOCAL: ALTA ARTESAN\u00cdA CONTEMPOR\u00c1NEA\u201c<\/a><\/strong><\/h2>\n<\/div>\n\n\n\n<div class=\"wp-block-column is-layout-flow wp-block-column-is-layout-flow\">\n<div style=\"height:10px\" aria-hidden=\"true\" class=\"wp-block-spacer\"><\/div>\n\n\n\n<h2 class=\"wp-block-heading has-text-align-center\" style=\"font-size:18px;text-transform:uppercase\"><br><strong><a href=\"https:\/\/coloryarquitecturasefimeras.blogs.upv.es\/2021_concurso-stand-tau-ceramica-en-tiempos-de-resiliencia\/\" title=\"II Concurso de Ideas TAU Cer\u00e1mica: Stand en Tiempos de Resiliencia 2021\">II Concurso de Ideas TAU Cer\u00e1mica: Stand en Tiempos de Resiliencia 2021<\/a><\/strong><\/h2>\n\n\n\n<p class=\"has-text-align-center wp-block-paragraph\"><em>EXPOSICI\u00d3N VIRTUAL &#8211; UPV. VALENCIA N\u00ba comisarios: 2<\/em><\/p>\n<\/div>\n\n\n\n<div class=\"wp-block-column is-layout-flow wp-block-column-is-layout-flow\">\n<div style=\"height:20px\" aria-hidden=\"true\" class=\"wp-block-spacer\"><\/div>\n\n\n\n<h2 class=\"wp-block-heading has-text-align-center\" style=\"font-size:18px;text-transform:uppercase\"><strong><a href=\"https:\/\/graphicandchromaticdesign.blogs.upv.es\/2020-ii-concurso-hospital-universitari-i-politecnic-la-fe-color-y-arquitectura\/\" title=\"II Concurso De Ideas Hospital Universitari i Polit\u00e8cnic La Fe: Color y Arquitectura Interior\">II Concurso De Ideas Hospital Universitari i Polit\u00e8cnic La Fe: Color y Arquitectura Interior<\/a><\/strong><\/h2>\n\n\n\n<p class=\"has-text-align-center wp-block-paragraph\"><em>EXPOSICI\u00d3N VIRTUAL &#8211; UPV. VALENCIA N\u00ba comisarios: 1<\/em><\/p>\n<\/div>\n<\/div>\n\n\n\n<div class=\"wp-block-columns is-layout-flex wp-container-core-columns-is-layout-8f761849 wp-block-columns-is-layout-flex\">\n<div class=\"wp-block-column is-layout-flow wp-block-column-is-layout-flow\"><div class=\"wp-block-image\">\n<figure class=\"aligncenter size-full\"><img decoding=\"async\" data-src=\"https:\/\/cnavbel2.upv.edu.es\/wordpress\/wp-content\/uploads\/2025\/07\/2020_Cartel-TAU-arquitectura-2020-212x300-1.jpg\" alt=\"\" class=\"wp-image-38 lazyload\" src=\"data:image\/svg+xml;base64,PHN2ZyB3aWR0aD0iMSIgaGVpZ2h0PSIxIiB4bWxucz0iaHR0cDovL3d3dy53My5vcmcvMjAwMC9zdmciPjwvc3ZnPg==\" \/><\/figure>\n<\/div><\/div>\n\n\n\n<div class=\"wp-block-column is-layout-flow wp-block-column-is-layout-flow\"><div class=\"wp-block-image\">\n<figure class=\"aligncenter size-full\"><a href=\"https:\/\/issuu.com\/etsid\/docs\/cat_logo_definitivo_2019\"><img decoding=\"async\" data-src=\"https:\/\/cnavbel2.upv.edu.es\/wordpress\/wp-content\/uploads\/2025\/07\/00-232x300-1.jpg\" alt=\"\" class=\"wp-image-37 lazyload\" src=\"data:image\/svg+xml;base64,PHN2ZyB3aWR0aD0iMSIgaGVpZ2h0PSIxIiB4bWxucz0iaHR0cDovL3d3dy53My5vcmcvMjAwMC9zdmciPjwvc3ZnPg==\" \/><\/a><\/figure>\n<\/div><\/div>\n\n\n\n<div class=\"wp-block-column is-layout-flow wp-block-column-is-layout-flow\"><div class=\"wp-block-image\">\n<figure class=\"aligncenter size-full\"><img decoding=\"async\" data-src=\"https:\/\/cnavbel2.upv.edu.es\/wordpress\/wp-content\/uploads\/2025\/07\/01b-212x300-1.jpg\" alt=\"\" class=\"wp-image-36 lazyload\" src=\"data:image\/svg+xml;base64,PHN2ZyB3aWR0aD0iMSIgaGVpZ2h0PSIxIiB4bWxucz0iaHR0cDovL3d3dy53My5vcmcvMjAwMC9zdmciPjwvc3ZnPg==\" \/><\/figure>\n<\/div><\/div>\n<\/div>\n\n\n\n<div class=\"wp-block-columns is-layout-flex wp-container-core-columns-is-layout-8f761849 wp-block-columns-is-layout-flex\">\n<div class=\"wp-block-column is-layout-flow wp-block-column-is-layout-flow\">\n<div style=\"height:20px\" aria-hidden=\"true\" class=\"wp-block-spacer\"><\/div>\n\n\n\n<h2 class=\"wp-block-heading has-text-align-center\" style=\"font-size:18px;text-transform:uppercase\"><strong><a href=\"https:\/\/coloryarquitecturasefimeras.blogs.upv.es\/2020_concurso-pabellon-tau-ceramica\/\" title=\"I Concurso de Ideas TAU Cer\u00e1mica: Stand CERSAIE 2020\">I Concurso de Ideas TAU Cer\u00e1mica: Stand CERSAIE 2020<\/a><\/strong><\/h2>\n\n\n\n<p class=\"has-text-align-center wp-block-paragraph\"><em><em>Escuela T\u00e9cnica Superior de Arquitectura &#8211; UPV. VALENCIA N\u00ba comisarios: 2<\/em><\/em><\/p>\n<\/div>\n\n\n\n<div class=\"wp-block-column is-layout-flow wp-block-column-is-layout-flow\">\n<div style=\"height:20px\" aria-hidden=\"true\" class=\"wp-block-spacer\"><\/div>\n\n\n\n<h2 class=\"wp-block-heading has-text-align-center\" style=\"font-size:18px;text-transform:uppercase\"><strong><a href=\"https:\/\/issuu.com\/etsid\/docs\/cat_logo_definitivo_2019\">TAU: Colour for Stone: Dise\u00f1o de piezas cer\u00e1micas para distintos escenarios de valencia<\/a><\/strong><\/h2>\n\n\n\n<p class=\"has-text-align-center wp-block-paragraph\"><em><em><em>ESCUELA T\u00c9CNICA SUPERIOR DE INGENIER\u00cdA DEL DISE\u00d1O &#8211; UPV. VALENCIA N\u00ba comisarios: 3<\/em><\/em><\/em><\/p>\n<\/div>\n\n\n\n<div class=\"wp-block-column is-layout-flow wp-block-column-is-layout-flow\">\n<div style=\"height:20px\" aria-hidden=\"true\" class=\"wp-block-spacer\"><\/div>\n\n\n\n<h2 class=\"wp-block-heading has-text-align-center\" style=\"font-size:18px;text-transform:uppercase\"><strong><a href=\"https:\/\/graphicandchromaticdesign.blogs.upv.es\/gesmed\/\" data-type=\"link\" data-id=\"https:\/\/graphicandchromaticdesign.blogs.upv.es\/gesmed\/\">Concurso de ideas Gesmed: Color en Arquitectura Residencial para Personas Mayores<\/a><\/strong><\/h2>\n\n\n\n<p class=\"has-text-align-center wp-block-paragraph\"><em><em><em>ESCUELA T\u00c9CNICA SUPERIOR DE ARQUITECTURA &#8211; UPV. VALENCIA N\u00ba comisarios: 2<\/em><\/em><\/em><\/p>\n<\/div>\n<\/div>\n\n\n\n<div class=\"wp-block-columns is-layout-flex wp-container-core-columns-is-layout-8f761849 wp-block-columns-is-layout-flex\">\n<div class=\"wp-block-column is-layout-flow wp-block-column-is-layout-flow\"><div class=\"wp-block-image\">\n<figure class=\"aligncenter size-full\"><img decoding=\"async\" data-src=\"https:\/\/cnavbel2.upv.edu.es\/wordpress\/wp-content\/uploads\/2025\/07\/1-212x300-1.jpg\" alt=\"\" class=\"wp-image-35 lazyload\" src=\"data:image\/svg+xml;base64,PHN2ZyB3aWR0aD0iMSIgaGVpZ2h0PSIxIiB4bWxucz0iaHR0cDovL3d3dy53My5vcmcvMjAwMC9zdmciPjwvc3ZnPg==\" \/><\/figure>\n<\/div><\/div>\n\n\n\n<div class=\"wp-block-column is-layout-flow wp-block-column-is-layout-flow\"><div class=\"wp-block-image\">\n<figure class=\"aligncenter size-full\"><img decoding=\"async\" data-src=\"https:\/\/cnavbel2.upv.edu.es\/wordpress\/wp-content\/uploads\/2025\/07\/2017-1-212x300-1.jpg\" alt=\"\" class=\"wp-image-34 lazyload\" src=\"data:image\/svg+xml;base64,PHN2ZyB3aWR0aD0iMSIgaGVpZ2h0PSIxIiB4bWxucz0iaHR0cDovL3d3dy53My5vcmcvMjAwMC9zdmciPjwvc3ZnPg==\" \/><\/figure>\n<\/div><\/div>\n\n\n\n<div class=\"wp-block-column is-layout-flow wp-block-column-is-layout-flow\"><div class=\"wp-block-image\">\n<figure class=\"aligncenter size-full\"><img decoding=\"async\" data-src=\"https:\/\/cnavbel2.upv.edu.es\/wordpress\/wp-content\/uploads\/2025\/07\/3-212x300-1.jpg\" alt=\"\" class=\"wp-image-33 lazyload\" src=\"data:image\/svg+xml;base64,PHN2ZyB3aWR0aD0iMSIgaGVpZ2h0PSIxIiB4bWxucz0iaHR0cDovL3d3dy53My5vcmcvMjAwMC9zdmciPjwvc3ZnPg==\" \/><\/figure>\n<\/div><\/div>\n<\/div>\n\n\n\n<div class=\"wp-block-columns is-layout-flex wp-container-core-columns-is-layout-8f761849 wp-block-columns-is-layout-flex\">\n<div class=\"wp-block-column is-layout-flow wp-block-column-is-layout-flow\">\n<div style=\"height:20px\" aria-hidden=\"true\" class=\"wp-block-spacer\"><\/div>\n\n\n\n<h2 class=\"wp-block-heading has-text-align-center\" style=\"font-size:18px;text-transform:uppercase\"><strong><a href=\"https:\/\/graphicandchromaticdesign.blogs.upv.es\/hospitallafe\/\" data-type=\"link\" data-id=\"https:\/\/graphicandchromaticdesign.blogs.upv.es\/hospitallafe\/\">Concurso de ideas hospital Universitair i Polit\u00e8cnic La Fe: Color y arquitectura interior<\/a><\/strong><\/h2>\n\n\n\n<p class=\"has-text-align-center wp-block-paragraph\"><em><em><em>HOSPITAL UNIVERSITARI I POLIT\u00c8CNIC LA FE DE VAL\u00c8NCIA, Valencia, (Espacio Institucional) N\u00ba comisarios: 2<\/em><\/em><\/em><\/p>\n<\/div>\n\n\n\n<div class=\"wp-block-column is-layout-flow wp-block-column-is-layout-flow\">\n<div style=\"height:20px\" aria-hidden=\"true\" class=\"wp-block-spacer\"><\/div>\n\n\n\n<h2 class=\"wp-block-heading has-text-align-center\" style=\"font-size:18px;text-transform:uppercase\"><strong>TECNO[CROMO]LOGIA<\/strong><\/h2>\n\n\n\n<p class=\"has-text-align-center wp-block-paragraph\"><em><em><em>ESCUELA T\u00c9CNICA SUPERIOR DE INGENIER\u00cdA DEL DISE\u00d1O &#8211; UPV. VALENCIA N\u00ba comisarios: 3<\/em><\/em><\/em><\/p>\n<\/div>\n\n\n\n<div class=\"wp-block-column is-layout-flow wp-block-column-is-layout-flow\">\n<div style=\"height:20px\" aria-hidden=\"true\" class=\"wp-block-spacer\"><\/div>\n\n\n\n<h2 class=\"wp-block-heading has-text-align-center\" style=\"font-size:18px;text-transform:uppercase\"><strong><a href=\"https:\/\/graphicandchromaticdesign.blogs.upv.es\/2017-competition-guzman-global-colour-and-architecture\/\" data-type=\"link\" data-id=\"https:\/\/graphicandchromaticdesign.blogs.upv.es\/2017-competition-guzman-global-colour-and-architecture\/\">Competition Guzman Global: Colour and Architecture<\/a><\/strong><\/h2>\n\n\n\n<p class=\"has-text-align-center wp-block-paragraph\"><em><em><em><em>ESCUELA T\u00c9CNICA SUPERIOR DE ARQUITECTURA &#8211; UPV. VALENCIA N\u00ba comisarios: 2<\/em><\/em><\/em><\/em><\/p>\n<\/div>\n<\/div>\n\n\n\n<div class=\"wp-block-columns is-layout-flex wp-container-core-columns-is-layout-8f761849 wp-block-columns-is-layout-flex\">\n<div class=\"wp-block-column is-layout-flow wp-block-column-is-layout-flow\"><div class=\"wp-block-image\">\n<figure class=\"aligncenter size-full\"><img decoding=\"async\" data-src=\"https:\/\/cnavbel2.upv.edu.es\/wordpress\/wp-content\/uploads\/2025\/07\/2016-1-212x300-1.jpg\" alt=\"\" class=\"wp-image-32 lazyload\" src=\"data:image\/svg+xml;base64,PHN2ZyB3aWR0aD0iMSIgaGVpZ2h0PSIxIiB4bWxucz0iaHR0cDovL3d3dy53My5vcmcvMjAwMC9zdmciPjwvc3ZnPg==\" \/><\/figure>\n<\/div><\/div>\n\n\n\n<div class=\"wp-block-column is-layout-flow wp-block-column-is-layout-flow\"><div class=\"wp-block-image\">\n<figure class=\"aligncenter size-full\"><img decoding=\"async\" data-src=\"https:\/\/cnavbel2.upv.edu.es\/wordpress\/wp-content\/uploads\/2025\/07\/5-212x300-1.jpg\" alt=\"\" class=\"wp-image-31 lazyload\" src=\"data:image\/svg+xml;base64,PHN2ZyB3aWR0aD0iMSIgaGVpZ2h0PSIxIiB4bWxucz0iaHR0cDovL3d3dy53My5vcmcvMjAwMC9zdmciPjwvc3ZnPg==\" \/><\/figure>\n<\/div><\/div>\n\n\n\n<div class=\"wp-block-column is-layout-flow wp-block-column-is-layout-flow\"><div class=\"wp-block-image\">\n<figure class=\"aligncenter size-full\"><img decoding=\"async\" data-src=\"https:\/\/cnavbel2.upv.edu.es\/wordpress\/wp-content\/uploads\/2025\/07\/6-212x300-1.jpg\" alt=\"\" class=\"wp-image-30 lazyload\" src=\"data:image\/svg+xml;base64,PHN2ZyB3aWR0aD0iMSIgaGVpZ2h0PSIxIiB4bWxucz0iaHR0cDovL3d3dy53My5vcmcvMjAwMC9zdmciPjwvc3ZnPg==\" \/><\/figure>\n<\/div><\/div>\n<\/div>\n\n\n\n<div class=\"wp-block-columns is-layout-flex wp-container-core-columns-is-layout-8f761849 wp-block-columns-is-layout-flex\">\n<div class=\"wp-block-column is-layout-flow wp-block-column-is-layout-flow\">\n<div style=\"height:20px\" aria-hidden=\"true\" class=\"wp-block-spacer\"><\/div>\n\n\n\n<h2 class=\"wp-block-heading has-text-align-center\" style=\"font-size:18px;text-transform:uppercase\"><strong><a href=\"https:\/\/www.youtube.com\/watch?v=08mrFYE7MNQ&amp;feature=youtu.be\" data-type=\"link\" data-id=\"https:\/\/www.youtube.com\/watch?v=08mrFYE7MNQ&amp;feature=youtu.be\">Second Color life<\/a><\/strong><\/h2>\n\n\n\n<p class=\"has-text-align-center wp-block-paragraph\"><em><em><em><em>VICERRECTORADO DE CULTURA. UNIVERSITAT POLIT\u00c8CNICA DE VAL\u00c8NCIA. N\u00ba comisarios: 4<\/em><\/em><\/em><\/em><\/p>\n<\/div>\n\n\n\n<div class=\"wp-block-column is-layout-flow wp-block-column-is-layout-flow\">\n<div style=\"height:20px\" aria-hidden=\"true\" class=\"wp-block-spacer\"><\/div>\n\n\n\n<h2 class=\"wp-block-heading has-text-align-center\" style=\"font-size:18px;text-transform:uppercase\"><strong>Colors in &amp; out<\/strong><\/h2>\n\n\n\n<p class=\"has-text-align-center wp-block-paragraph\"><em><em><em>Sala de Exposiciones HALL Escuela T\u00e9cnica Superior de Ingenier\u00eda del Dise\u00f1o. Universitat Polit\u00e8cnica de Val\u00e8ncia N\u00ba comisarios: 3<\/em><\/em><\/em><\/p>\n<\/div>\n\n\n\n<div class=\"wp-block-column is-layout-flow wp-block-column-is-layout-flow\">\n<div style=\"height:20px\" aria-hidden=\"true\" class=\"wp-block-spacer\"><\/div>\n\n\n\n<h2 class=\"wp-block-heading has-text-align-center\" style=\"font-size:18px;text-transform:uppercase\"><strong>Premio LabHuman Color y Arquitectura Interior<\/strong><\/h2>\n\n\n\n<p class=\"has-text-align-center wp-block-paragraph\"><em><em><em><em>Sala Exposici\u00f3n II de la ETSAV de la Universitat Polit\u00e8cnica de Val\u00e8ncia N\u00ba comisarios: 2<\/em><\/em><\/em><\/em><\/p>\n<\/div>\n<\/div>\n\n\n\n<div class=\"wp-block-columns is-layout-flex wp-container-core-columns-is-layout-8f761849 wp-block-columns-is-layout-flex\">\n<div class=\"wp-block-column is-layout-flow wp-block-column-is-layout-flow\"><div class=\"wp-block-image\">\n<figure class=\"aligncenter size-full\"><img decoding=\"async\" data-src=\"https:\/\/cnavbel2.upv.edu.es\/wordpress\/wp-content\/uploads\/2025\/07\/7-200x300-1.jpg\" alt=\"\" class=\"wp-image-29 lazyload\" src=\"data:image\/svg+xml;base64,PHN2ZyB3aWR0aD0iMSIgaGVpZ2h0PSIxIiB4bWxucz0iaHR0cDovL3d3dy53My5vcmcvMjAwMC9zdmciPjwvc3ZnPg==\" \/><\/figure>\n<\/div><\/div>\n\n\n\n<div class=\"wp-block-column is-layout-flow wp-block-column-is-layout-flow\"><div class=\"wp-block-image\">\n<figure class=\"aligncenter size-full\"><img decoding=\"async\" data-src=\"https:\/\/cnavbel2.upv.edu.es\/wordpress\/wp-content\/uploads\/2025\/07\/2014-215x300-1.png\" alt=\"\" class=\"wp-image-28 lazyload\" src=\"data:image\/svg+xml;base64,PHN2ZyB3aWR0aD0iMSIgaGVpZ2h0PSIxIiB4bWxucz0iaHR0cDovL3d3dy53My5vcmcvMjAwMC9zdmciPjwvc3ZnPg==\" \/><\/figure>\n<\/div><\/div>\n\n\n\n<div class=\"wp-block-column is-layout-flow wp-block-column-is-layout-flow\"><div class=\"wp-block-image\">\n<figure class=\"aligncenter size-full\"><img decoding=\"async\" data-src=\"https:\/\/cnavbel2.upv.edu.es\/wordpress\/wp-content\/uploads\/2025\/07\/12-n-212x300-1.png\" alt=\"\" class=\"wp-image-27 lazyload\" src=\"data:image\/svg+xml;base64,PHN2ZyB3aWR0aD0iMSIgaGVpZ2h0PSIxIiB4bWxucz0iaHR0cDovL3d3dy53My5vcmcvMjAwMC9zdmciPjwvc3ZnPg==\" \/><\/figure>\n<\/div><\/div>\n<\/div>\n\n\n\n<div class=\"wp-block-columns is-layout-flex wp-container-core-columns-is-layout-8f761849 wp-block-columns-is-layout-flex\">\n<div class=\"wp-block-column is-layout-flow wp-block-column-is-layout-flow\">\n<div style=\"height:20px\" aria-hidden=\"true\" class=\"wp-block-spacer\"><\/div>\n\n\n\n<h2 class=\"wp-block-heading has-text-align-center\" style=\"font-size:18px;text-transform:uppercase\"><strong>Nuevos Colores, antiguos dise\u00f1os<\/strong><\/h2>\n\n\n\n<p class=\"has-text-align-center wp-block-paragraph\"><em><em><em><em>JUNTA MUNICIPAL DE EXPOSICI\u00d3N. VALENCIA N\u00ba comisarios: 3<\/em><\/em><\/em><\/em><\/p>\n<\/div>\n\n\n\n<div class=\"wp-block-column is-layout-flow wp-block-column-is-layout-flow\">\n<div style=\"height:20px\" aria-hidden=\"true\" class=\"wp-block-spacer\"><\/div>\n\n\n\n<h2 class=\"wp-block-heading has-text-align-center\" style=\"font-size:18px;text-transform:uppercase\"><strong><a href=\"https:\/\/www.youtube.com\/watch?v=FL8Tv2gkvoI\" data-type=\"link\" data-id=\"https:\/\/www.youtube.com\/watch?v=FL8Tv2gkvoI\">Intervenciones Crom\u00e1ticas en el Centro Hist\u00f3rico de Valencia<\/a><\/strong><\/h2>\n\n\n\n<p class=\"has-text-align-center wp-block-paragraph\"><em><em><em>CENTRO DE ARTESAN\u00cdA DE LA COMUNIDAD VALENCIANA (CACV) N\u00ba comisarios: 3<\/em><\/em><\/em><\/p>\n<\/div>\n\n\n\n<div class=\"wp-block-column is-layout-flow wp-block-column-is-layout-flow\">\n<div style=\"height:20px\" aria-hidden=\"true\" class=\"wp-block-spacer\"><\/div>\n\n\n\n<h2 class=\"wp-block-heading has-text-align-center\" style=\"font-size:18px;text-transform:uppercase\"><strong>Transforma con el color<\/strong><\/h2>\n\n\n\n<p class=\"has-text-align-center wp-block-paragraph\"><em><em><em><em>SALA D&#8217; EXPOSICIONS EL MICALET. CIUTAT VELLA. AJUNTAMENT DE VAL\u00c8NCIA &gt; N\u00ba comisarios: 2<\/em><\/em><\/em><\/em><\/p>\n<\/div>\n<\/div>\n\n\n\n<div class=\"wp-block-columns is-layout-flex wp-container-core-columns-is-layout-8f761849 wp-block-columns-is-layout-flex\">\n<div class=\"wp-block-column is-layout-flow wp-block-column-is-layout-flow\"><div class=\"wp-block-image\">\n<figure class=\"aligncenter size-full\"><img decoding=\"async\" data-src=\"https:\/\/cnavbel2.upv.edu.es\/wordpress\/wp-content\/uploads\/2025\/07\/14-1-212x300-1.jpg\" alt=\"\" class=\"wp-image-26 lazyload\" src=\"data:image\/svg+xml;base64,PHN2ZyB3aWR0aD0iMSIgaGVpZ2h0PSIxIiB4bWxucz0iaHR0cDovL3d3dy53My5vcmcvMjAwMC9zdmciPjwvc3ZnPg==\" \/><\/figure>\n<\/div><\/div>\n\n\n\n<div class=\"wp-block-column is-layout-flow wp-block-column-is-layout-flow\"><div class=\"wp-block-image\">\n<figure class=\"aligncenter size-full\"><img decoding=\"async\" data-src=\"https:\/\/cnavbel2.upv.edu.es\/wordpress\/wp-content\/uploads\/2025\/07\/16-212x300-1.png\" alt=\"\" class=\"wp-image-25 lazyload\" src=\"data:image\/svg+xml;base64,PHN2ZyB3aWR0aD0iMSIgaGVpZ2h0PSIxIiB4bWxucz0iaHR0cDovL3d3dy53My5vcmcvMjAwMC9zdmciPjwvc3ZnPg==\" \/><\/figure>\n<\/div><\/div>\n\n\n\n<div class=\"wp-block-column is-layout-flow wp-block-column-is-layout-flow\"><div class=\"wp-block-image\">\n<figure class=\"aligncenter size-full\"><img decoding=\"async\" data-src=\"https:\/\/cnavbel2.upv.edu.es\/wordpress\/wp-content\/uploads\/2025\/07\/2009-212x300-1.jpg\" alt=\"\" class=\"wp-image-24 lazyload\" src=\"data:image\/svg+xml;base64,PHN2ZyB3aWR0aD0iMSIgaGVpZ2h0PSIxIiB4bWxucz0iaHR0cDovL3d3dy53My5vcmcvMjAwMC9zdmciPjwvc3ZnPg==\" \/><\/figure>\n<\/div><\/div>\n<\/div>\n\n\n\n<div class=\"wp-block-columns is-layout-flex wp-container-core-columns-is-layout-8f761849 wp-block-columns-is-layout-flex\">\n<div class=\"wp-block-column is-layout-flow wp-block-column-is-layout-flow\">\n<div style=\"height:20px\" aria-hidden=\"true\" class=\"wp-block-spacer\"><\/div>\n\n\n\n<h2 class=\"wp-block-heading has-text-align-center\" style=\"font-size:18px;text-transform:uppercase\"><strong><a href=\"https:\/\/grupocolor.webs.upv.es\/pdfs\/Cat%C3%A1logo_Pon%20color.pdf\" data-type=\"link\" data-id=\"https:\/\/grupocolor.webs.upv.es\/pdfs\/Cat%C3%A1logo_Pon%20color.pdf\">\u00a1Pon color a tu silla&#8230; y recorre Valencia!<\/a><\/strong><\/h2>\n\n\n\n<p class=\"has-text-align-center wp-block-paragraph\"><em><em><em><em>SALA D&#8217; EXPOSICIONS EL MICALET. CIUTAT VELLA. AJUNTAMENT DE VAL\u00c8NCIA N\u00ba comisarios: 1<\/em><\/em><\/em><\/em><\/p>\n<\/div>\n\n\n\n<div class=\"wp-block-column is-layout-flow wp-block-column-is-layout-flow\">\n<div style=\"height:20px\" aria-hidden=\"true\" class=\"wp-block-spacer\"><\/div>\n\n\n\n<h2 class=\"wp-block-heading has-text-align-center\" style=\"font-size:18px;text-transform:uppercase\"><strong>Reinventando colores para lugares<\/strong><\/h2>\n\n\n\n<p class=\"has-text-align-center wp-block-paragraph\"><em><em><em>JUNTA MUNICIPAL DE EXPOSICI\u00d3N. VALENCIA.br&gt; N\u00ba comisarios: 1<\/em><\/em><\/em><\/p>\n<\/div>\n\n\n\n<div class=\"wp-block-column is-layout-flow wp-block-column-is-layout-flow\">\n<div style=\"height:20px\" aria-hidden=\"true\" class=\"wp-block-spacer\"><\/div>\n\n\n\n<h2 class=\"wp-block-heading has-text-align-center\" style=\"font-size:18px;text-transform:uppercase\"><strong>Color en el Dise\u00f1o de Productos de uso colectivo<\/strong><\/h2>\n\n\n\n<p class=\"has-text-align-center wp-block-paragraph\"><em><em><em><em>I SEMINARIO INTERNACIONAL: COR ARQUITECTURA E DESIGN. Universidade Lisboa. N\u00ba comisarios: 1<\/em><\/em><\/em><\/em><\/p>\n<\/div>\n<\/div>\n\n\n\n<div class=\"wp-block-columns is-layout-flex wp-container-core-columns-is-layout-8f761849 wp-block-columns-is-layout-flex\">\n<div class=\"wp-block-column is-layout-flow wp-block-column-is-layout-flow\"><div class=\"wp-block-image\">\n<figure class=\"aligncenter size-full\"><img decoding=\"async\" data-src=\"https:\/\/cnavbel2.upv.edu.es\/wordpress\/wp-content\/uploads\/2025\/07\/2011-214x300-1.jpg\" alt=\"\" class=\"wp-image-23 lazyload\" src=\"data:image\/svg+xml;base64,PHN2ZyB3aWR0aD0iMSIgaGVpZ2h0PSIxIiB4bWxucz0iaHR0cDovL3d3dy53My5vcmcvMjAwMC9zdmciPjwvc3ZnPg==\" \/><\/figure>\n<\/div><\/div>\n\n\n\n<div class=\"wp-block-column is-layout-flow wp-block-column-is-layout-flow\"><div class=\"wp-block-image\">\n<figure class=\"aligncenter size-full\"><img decoding=\"async\" data-src=\"https:\/\/cnavbel2.upv.edu.es\/wordpress\/wp-content\/uploads\/2025\/07\/2015-1-212x300-1.jpg\" alt=\"\" class=\"wp-image-20 lazyload\" src=\"data:image\/svg+xml;base64,PHN2ZyB3aWR0aD0iMSIgaGVpZ2h0PSIxIiB4bWxucz0iaHR0cDovL3d3dy53My5vcmcvMjAwMC9zdmciPjwvc3ZnPg==\" \/><\/figure>\n<\/div><\/div>\n\n\n\n<div class=\"wp-block-column is-layout-flow wp-block-column-is-layout-flow\"><div class=\"wp-block-image\">\n<figure class=\"aligncenter size-full\"><img decoding=\"async\" data-src=\"https:\/\/cnavbel2.upv.edu.es\/wordpress\/wp-content\/uploads\/2025\/07\/2013-212x300-1.jpg\" alt=\"\" class=\"wp-image-22 lazyload\" src=\"data:image\/svg+xml;base64,PHN2ZyB3aWR0aD0iMSIgaGVpZ2h0PSIxIiB4bWxucz0iaHR0cDovL3d3dy53My5vcmcvMjAwMC9zdmciPjwvc3ZnPg==\" \/><\/figure>\n<\/div><\/div>\n<\/div>\n\n\n\n<div class=\"wp-block-columns is-layout-flex wp-container-core-columns-is-layout-8f761849 wp-block-columns-is-layout-flex\">\n<div class=\"wp-block-column is-layout-flow wp-block-column-is-layout-flow\">\n<div style=\"height:20px\" aria-hidden=\"true\" class=\"wp-block-spacer\"><\/div>\n\n\n\n<h2 class=\"wp-block-heading has-text-align-center\" style=\"font-size:18px;text-transform:uppercase\"><strong>Dise\u00f1o de escaparates en peque\u00f1os comercios en el Barrio de Ruzafa. Valencia<\/strong><\/h2>\n\n\n\n<p class=\"has-text-align-center wp-block-paragraph\"><em><em><em><em>Sala de exposiciones ETSID N\u00ba comisarios: 1<\/em><\/em><\/em><\/em><\/p>\n<\/div>\n\n\n\n<div class=\"wp-block-column is-layout-flow wp-block-column-is-layout-flow\">\n<div style=\"height:20px\" aria-hidden=\"true\" class=\"wp-block-spacer\"><\/div>\n\n\n\n<h2 class=\"wp-block-heading has-text-align-center\" style=\"font-size:18px;text-transform:uppercase\"><strong><a href=\"https:\/\/www.youtube.com\/watch?v=egZZy6kKA1w\" data-type=\"link\" data-id=\"https:\/\/www.youtube.com\/watch?v=egZZy6kKA1w\">II Intervenci\u00f3n crom\u00e1tica para el comercio del Centro Hist\u00f3rico. Mercado en verde. Valencia<\/a><\/strong><\/h2>\n\n\n\n<p class=\"has-text-align-center wp-block-paragraph\"><em><em><em>Del 08\/06\/2015 al 15\/06\/2015 PLAZA DE DOCTOR COLLADO. VALENCIA N\u00ba comisarios: 3<\/em><\/em><\/em><\/p>\n<\/div>\n\n\n\n<div class=\"wp-block-column is-layout-flow wp-block-column-is-layout-flow\">\n<div style=\"height:20px\" aria-hidden=\"true\" class=\"wp-block-spacer\"><\/div>\n\n\n\n<h2 class=\"wp-block-heading has-text-align-center\" style=\"font-size:18px;text-transform:uppercase\"><strong>Intervenciones crom\u00e1ticas en los escaparates de Benimaclet. Valencia<\/strong><\/h2>\n\n\n\n<p class=\"has-text-align-center wp-block-paragraph\"><em><em><em><em>JUNTA MUNICIPAL DE EXPOSICI\u00d3N BENIMACLET. VALENCIA N\u00ba comisarios: 1<\/em><\/em><\/em><\/em><\/p>\n<\/div>\n<\/div>\n\n\n\n<div class=\"wp-block-columns is-layout-flex wp-container-core-columns-is-layout-8f761849 wp-block-columns-is-layout-flex\">\n<div class=\"wp-block-column is-layout-flow wp-block-column-is-layout-flow\"><div class=\"wp-block-image\">\n<figure class=\"aligncenter size-full\"><img decoding=\"async\" data-src=\"https:\/\/cnavbel2.upv.edu.es\/wordpress\/wp-content\/uploads\/2025\/07\/2015-VERDE-1-212x300-1.jpg\" alt=\"\" class=\"wp-image-21 lazyload\" src=\"data:image\/svg+xml;base64,PHN2ZyB3aWR0aD0iMSIgaGVpZ2h0PSIxIiB4bWxucz0iaHR0cDovL3d3dy53My5vcmcvMjAwMC9zdmciPjwvc3ZnPg==\" \/><\/figure>\n<\/div><\/div>\n\n\n\n<div class=\"wp-block-column is-layout-flow wp-block-column-is-layout-flow\"><\/div>\n\n\n\n<div class=\"wp-block-column is-layout-flow wp-block-column-is-layout-flow\"><\/div>\n<\/div>\n\n\n\n<div class=\"wp-block-columns is-layout-flex wp-container-core-columns-is-layout-8f761849 wp-block-columns-is-layout-flex\">\n<div class=\"wp-block-column is-layout-flow wp-block-column-is-layout-flow\">\n<div style=\"height:20px\" aria-hidden=\"true\" class=\"wp-block-spacer\"><\/div>\n\n\n\n<h2 class=\"wp-block-heading has-text-align-center\" style=\"font-size:18px;text-transform:uppercase\"><strong>II Intervenci\u00f3n crom\u00e1tica para el comercio del Centro Hist\u00f3rico. Mercado en verde. Valencia<\/strong><\/h2>\n\n\n\n<p class=\"has-text-align-center wp-block-paragraph\"><em><em><em>Del 11\/06\/2013 al 17\/06\/2013 PLAZA DE DOCTOR COLLADO. VALENCIA N\u00ba comisarios: 3<\/em><\/em><\/em><\/p>\n<\/div>\n\n\n\n<div class=\"wp-block-column is-layout-flow wp-block-column-is-layout-flow\">\n<div style=\"height:20px\" aria-hidden=\"true\" class=\"wp-block-spacer\"><\/div>\n<\/div>\n\n\n\n<div class=\"wp-block-column is-layout-flow wp-block-column-is-layout-flow\">\n<div style=\"height:20px\" aria-hidden=\"true\" class=\"wp-block-spacer\"><\/div>\n<\/div>\n<\/div>\n","protected":false},"excerpt":{"rendered":"<p>Concurso y Exposici\u00f3n \u00bbDesign the concept. Ceramic designs. X edition\u00bb Realizaci\u00f3n del 14 al 30 de enero de 2025. Lugar: sala Hall de la ETSIADI (edificio 7B, campus de Vera UPV). VI Concurso de Ideas TAU Cer\u00e1mica: Virtual TAU \u201cFeel and Mix\u201d 2025 Escuela T\u00e9cnica Superior de Arquitectura &#8211; UPV. VALENCIA V Concurso de Ideas [&hellip;]<\/p>\n","protected":false},"author":1,"featured_media":0,"parent":0,"menu_order":0,"comment_status":"closed","ping_status":"closed","template":"","meta":{"_monsterinsights_skip_tracking":false,"footnotes":""},"class_list":["post-2867","page","type-page","status-publish","hentry"],"aioseo_notices":[],"aioseo_head":"\n\t\t<!-- All in One SEO 5.0.1.1 - aioseo.com -->\n\t<meta name=\"description\" content=\"Concurso y Exposici\u00f3n &#039;&#039;Design the concept. Ceramic designs. X edition&#039;&#039; Realizaci\u00f3n del 14 al 30 de enero de 2025. Lugar: sala Hall de la ETSIADI (edificio 7B, campus de Vera UPV). VI Concurso de Ideas TAU Cer\u00e1mica: Virtual TAU \u201cFeel and Mix\u201d 2025 Escuela T\u00e9cnica Superior de Arquitectura - UPV. VALENCIA V Concurso de Ideas\" \/>\n\t<meta name=\"robots\" content=\"max-image-preview:large\" \/>\n\t<link rel=\"canonical\" href=\"https:\/\/grupocolor.webs.upv.es\/?page_id=2867\" \/>\n\t<meta name=\"generator\" content=\"All in One SEO (AIOSEO) 5.0.1.1\" \/>\n\t\t<meta property=\"og:locale\" content=\"es_ES\" \/>\n\t\t<meta property=\"og:site_name\" content=\"Grupo Color -\" \/>\n\t\t<meta property=\"og:type\" content=\"article\" \/>\n\t\t<meta property=\"og:title\" content=\"Exposiciones y concursos - Grupo Color\" \/>\n\t\t<meta property=\"og:description\" content=\"Concurso y Exposici\u00f3n &#039;&#039;Design the concept. Ceramic designs. X edition&#039;&#039; Realizaci\u00f3n del 14 al 30 de enero de 2025. Lugar: sala Hall de la ETSIADI (edificio 7B, campus de Vera UPV). VI Concurso de Ideas TAU Cer\u00e1mica: Virtual TAU \u201cFeel and Mix\u201d 2025 Escuela T\u00e9cnica Superior de Arquitectura - UPV. VALENCIA V Concurso de Ideas\" \/>\n\t\t<meta property=\"og:url\" content=\"https:\/\/grupocolor.webs.upv.es\/?page_id=2867\" \/>\n\t\t<meta property=\"article:published_time\" content=\"2020-01-29T14:30:02+00:00\" \/>\n\t\t<meta property=\"article:modified_time\" content=\"2025-07-08T04:27:48+00:00\" \/>\n\t\t<meta name=\"twitter:card\" content=\"summary_large_image\" \/>\n\t\t<meta name=\"twitter:title\" content=\"Exposiciones y concursos - Grupo Color\" \/>\n\t\t<meta name=\"twitter:description\" content=\"Concurso y Exposici\u00f3n &#039;&#039;Design the concept. Ceramic designs. X edition&#039;&#039; Realizaci\u00f3n del 14 al 30 de enero de 2025. Lugar: sala Hall de la ETSIADI (edificio 7B, campus de Vera UPV). VI Concurso de Ideas TAU Cer\u00e1mica: Virtual TAU \u201cFeel and Mix\u201d 2025 Escuela T\u00e9cnica Superior de Arquitectura - UPV. VALENCIA V Concurso de Ideas\" \/>\n\t\t<script type=\"application\/ld+json\" class=\"aioseo-schema\">\n\t\t\t{\"@context\":\"https:\\\/\\\/schema.org\",\"@graph\":[{\"@type\":\"BreadcrumbList\",\"@id\":\"https:\\\/\\\/grupocolor.webs.upv.es\\\/?page_id=2867#breadcrumblist\",\"itemListElement\":[{\"@type\":\"ListItem\",\"@id\":\"https:\\\/\\\/grupocolor.webs.upv.es#listItem\",\"position\":1,\"name\":\"Home\",\"item\":\"https:\\\/\\\/grupocolor.webs.upv.es\",\"nextItem\":{\"@type\":\"ListItem\",\"@id\":\"https:\\\/\\\/grupocolor.webs.upv.es\\\/?page_id=2867#listItem\",\"name\":\"Exposiciones y concursos\"}},{\"@type\":\"ListItem\",\"@id\":\"https:\\\/\\\/grupocolor.webs.upv.es\\\/?page_id=2867#listItem\",\"position\":2,\"name\":\"Exposiciones y concursos\",\"previousItem\":{\"@type\":\"ListItem\",\"@id\":\"https:\\\/\\\/grupocolor.webs.upv.es#listItem\",\"name\":\"Home\"}}]},{\"@type\":\"Organization\",\"@id\":\"https:\\\/\\\/grupocolor.webs.upv.es\\\/#organization\",\"name\":\"Grupo Color\",\"url\":\"https:\\\/\\\/grupocolor.webs.upv.es\\\/\"},{\"@type\":\"WebPage\",\"@id\":\"https:\\\/\\\/grupocolor.webs.upv.es\\\/?page_id=2867#webpage\",\"url\":\"https:\\\/\\\/grupocolor.webs.upv.es\\\/?page_id=2867\",\"name\":\"Exposiciones y concursos - Grupo Color\",\"description\":\"Concurso y Exposici\\u00f3n ''Design the concept. Ceramic designs. X edition'' Realizaci\\u00f3n del 14 al 30 de enero de 2025. Lugar: sala Hall de la ETSIADI (edificio 7B, campus de Vera UPV). VI Concurso de Ideas TAU Cer\\u00e1mica: Virtual TAU \\u201cFeel and Mix\\u201d 2025 Escuela T\\u00e9cnica Superior de Arquitectura - UPV. VALENCIA V Concurso de Ideas\",\"inLanguage\":\"es-ES\",\"isPartOf\":{\"@id\":\"https:\\\/\\\/grupocolor.webs.upv.es\\\/#website\"},\"breadcrumb\":{\"@id\":\"https:\\\/\\\/grupocolor.webs.upv.es\\\/?page_id=2867#breadcrumblist\"},\"datePublished\":\"2020-01-29T14:30:02+00:00\",\"dateModified\":\"2025-07-08T04:27:48+00:00\"},{\"@type\":\"WebSite\",\"@id\":\"https:\\\/\\\/grupocolor.webs.upv.es\\\/#website\",\"url\":\"https:\\\/\\\/grupocolor.webs.upv.es\\\/\",\"name\":\"Grupo Color\",\"inLanguage\":\"es-ES\",\"publisher\":{\"@id\":\"https:\\\/\\\/grupocolor.webs.upv.es\\\/#organization\"}}]}\n\t\t<\/script>\n\t\t<!-- All in One SEO -->\n\n","aioseo_head_json":{"title":"Exposiciones y concursos - Grupo Color","description":"Concurso y Exposici\u00f3n ''Design the concept. Ceramic designs. X edition'' Realizaci\u00f3n del 14 al 30 de enero de 2025. Lugar: sala Hall de la ETSIADI (edificio 7B, campus de Vera UPV). VI Concurso de Ideas TAU Cer\u00e1mica: Virtual TAU \u201cFeel and Mix\u201d 2025 Escuela T\u00e9cnica Superior de Arquitectura - UPV. VALENCIA V Concurso de Ideas","canonical_url":"https:\/\/grupocolor.webs.upv.es\/?page_id=2867","robots":"max-image-preview:large","keywords":"","webmasterTools":{"miscellaneous":""},"schema":{"@context":"https:\/\/schema.org","@graph":[{"@type":"BreadcrumbList","@id":"https:\/\/grupocolor.webs.upv.es\/?page_id=2867#breadcrumblist","itemListElement":[{"@type":"ListItem","@id":"https:\/\/grupocolor.webs.upv.es#listItem","position":1,"name":"Home","item":"https:\/\/grupocolor.webs.upv.es","nextItem":{"@type":"ListItem","@id":"https:\/\/grupocolor.webs.upv.es\/?page_id=2867#listItem","name":"Exposiciones y concursos"}},{"@type":"ListItem","@id":"https:\/\/grupocolor.webs.upv.es\/?page_id=2867#listItem","position":2,"name":"Exposiciones y concursos","previousItem":{"@type":"ListItem","@id":"https:\/\/grupocolor.webs.upv.es#listItem","name":"Home"}}]},{"@type":"Organization","@id":"https:\/\/grupocolor.webs.upv.es\/#organization","name":"Grupo Color","url":"https:\/\/grupocolor.webs.upv.es\/"},{"@type":"WebPage","@id":"https:\/\/grupocolor.webs.upv.es\/?page_id=2867#webpage","url":"https:\/\/grupocolor.webs.upv.es\/?page_id=2867","name":"Exposiciones y concursos - Grupo Color","description":"Concurso y Exposici\u00f3n ''Design the concept. Ceramic designs. X edition'' Realizaci\u00f3n del 14 al 30 de enero de 2025. Lugar: sala Hall de la ETSIADI (edificio 7B, campus de Vera UPV). VI Concurso de Ideas TAU Cer\u00e1mica: Virtual TAU \u201cFeel and Mix\u201d 2025 Escuela T\u00e9cnica Superior de Arquitectura - UPV. VALENCIA V Concurso de Ideas","inLanguage":"es-ES","isPartOf":{"@id":"https:\/\/grupocolor.webs.upv.es\/#website"},"breadcrumb":{"@id":"https:\/\/grupocolor.webs.upv.es\/?page_id=2867#breadcrumblist"},"datePublished":"2020-01-29T14:30:02+00:00","dateModified":"2025-07-08T04:27:48+00:00"},{"@type":"WebSite","@id":"https:\/\/grupocolor.webs.upv.es\/#website","url":"https:\/\/grupocolor.webs.upv.es\/","name":"Grupo Color","inLanguage":"es-ES","publisher":{"@id":"https:\/\/grupocolor.webs.upv.es\/#organization"}}]},"og:locale":"es_ES","og:site_name":"Grupo Color -","og:type":"article","og:title":"Exposiciones y concursos - Grupo Color","og:description":"Concurso y Exposici\u00f3n ''Design the concept. Ceramic designs. X edition'' Realizaci\u00f3n del 14 al 30 de enero de 2025. Lugar: sala Hall de la ETSIADI (edificio 7B, campus de Vera UPV). VI Concurso de Ideas TAU Cer\u00e1mica: Virtual TAU \u201cFeel and Mix\u201d 2025 Escuela T\u00e9cnica Superior de Arquitectura - UPV. VALENCIA V Concurso de Ideas","og:url":"https:\/\/grupocolor.webs.upv.es\/?page_id=2867","article:published_time":"2020-01-29T14:30:02+00:00","article:modified_time":"2025-07-08T04:27:48+00:00","twitter:card":"summary_large_image","twitter:title":"Exposiciones y concursos - Grupo Color","twitter:description":"Concurso y Exposici\u00f3n ''Design the concept. Ceramic designs. X edition'' Realizaci\u00f3n del 14 al 30 de enero de 2025. Lugar: sala Hall de la ETSIADI (edificio 7B, campus de Vera UPV). VI Concurso de Ideas TAU Cer\u00e1mica: Virtual TAU \u201cFeel and Mix\u201d 2025 Escuela T\u00e9cnica Superior de Arquitectura - UPV. VALENCIA V Concurso de Ideas"},"aioseo_meta_data":{"post_id":"2867","title":null,"description":null,"keywords":null,"keyphrases":{"focus":{"keyphrase":"","score":0,"analysis":{"keyphraseInTitle":{"score":0,"maxScore":9,"error":1}}},"additional":[]},"primary_term":null,"canonical_url":null,"og_title":null,"og_description":null,"og_object_type":"default","og_image_type":"default","og_image_url":null,"og_image_width":null,"og_image_height":null,"og_image_custom_url":null,"og_image_custom_fields":null,"og_video":"","og_custom_url":null,"og_article_section":null,"og_article_tags":null,"twitter_use_og":false,"twitter_card":"default","twitter_image_type":"default","twitter_image_url":null,"twitter_image_custom_url":null,"twitter_image_custom_fields":null,"twitter_title":null,"twitter_description":null,"schema":{"blockGraphs":[],"customGraphs":[],"default":{"data":{"Article":[],"Course":[],"Dataset":[],"FAQPage":[],"Movie":[],"Person":[],"Product":[],"ProductReview":[],"Car":[],"Recipe":[],"Service":[],"SoftwareApplication":[],"WebPage":[]},"graphName":"WebPage","isEnabled":true},"graphs":[],"defaultGraph":"","defaultPostTypeGraph":""},"schema_type":"default","schema_type_options":null,"pillar_content":false,"robots_default":true,"robots_noindex":false,"robots_noarchive":false,"robots_nosnippet":false,"robots_nofollow":false,"robots_noimageindex":false,"robots_noodp":false,"robots_notranslate":false,"robots_max_snippet":"-1","robots_max_videopreview":"-1","robots_max_imagepreview":"large","priority":null,"frequency":"default","local_seo":null,"breadcrumb_settings":null,"limit_modified_date":false,"ai":{"faqs":[],"keyPoints":[],"titles":[],"descriptions":[],"socialPosts":{"email":[],"linkedin":[],"twitter":[],"facebook":[],"instagram":[]}},"created":"2022-09-30 16:10:38","updated":"2025-07-08 04:35:02","seo_analyzer_scan_date":null,"focus_keyword":null,"additional_keywords":null,"truseo_locale":null},"aioseo_breadcrumb":"<div class=\"aioseo-breadcrumbs\"><span class=\"aioseo-breadcrumb\">\n\t\t\t<a href=\"https:\/\/grupocolor.webs.upv.es\" title=\"Home\">Home<\/a>\n\t\t<\/span><span class=\"aioseo-breadcrumb-separator\">&raquo;<\/span><span class=\"aioseo-breadcrumb\">\n\t\t\tExposiciones y concursos\n\t\t<\/span><\/div>","aioseo_breadcrumb_json":[{"label":"Home","link":"https:\/\/grupocolor.webs.upv.es"},{"label":"Exposiciones y concursos","link":"https:\/\/grupocolor.webs.upv.es\/?page_id=2867"}],"_links":{"self":[{"href":"https:\/\/grupocolor.webs.upv.es\/index.php?rest_route=\/wp\/v2\/pages\/2867","targetHints":{"allow":["GET"]}}],"collection":[{"href":"https:\/\/grupocolor.webs.upv.es\/index.php?rest_route=\/wp\/v2\/pages"}],"about":[{"href":"https:\/\/grupocolor.webs.upv.es\/index.php?rest_route=\/wp\/v2\/types\/page"}],"author":[{"embeddable":true,"href":"https:\/\/grupocolor.webs.upv.es\/index.php?rest_route=\/wp\/v2\/users\/1"}],"replies":[{"embeddable":true,"href":"https:\/\/grupocolor.webs.upv.es\/index.php?rest_route=%2Fwp%2Fv2%2Fcomments&post=2867"}],"version-history":[{"count":5,"href":"https:\/\/grupocolor.webs.upv.es\/index.php?rest_route=\/wp\/v2\/pages\/2867\/revisions"}],"predecessor-version":[{"id":5007,"href":"https:\/\/grupocolor.webs.upv.es\/index.php?rest_route=\/wp\/v2\/pages\/2867\/revisions\/5007"}],"wp:attachment":[{"href":"https:\/\/grupocolor.webs.upv.es\/index.php?rest_route=%2Fwp%2Fv2%2Fmedia&parent=2867"}],"curies":[{"name":"wp","href":"https:\/\/api.w.org\/{rel}","templated":true}]}}