{"id":2908,"date":"2020-01-29T15:54:16","date_gmt":"2020-01-29T15:54:16","guid":{"rendered":"https:\/\/grupocolor.webs.upv.es\/?page_id=2908"},"modified":"2025-06-03T00:17:22","modified_gmt":"2025-06-03T00:17:22","slug":"tesis","status":"publish","type":"page","link":"https:\/\/grupocolor.webs.upv.es\/?page_id=2908","title":{"rendered":"Tesis"},"content":{"rendered":"\n<p class=\"wp-block-paragraph\"><em>Manuel Calleja Molina<\/em><\/p>\n\n\n\n<h3 class=\"wp-block-heading\" style=\"text-transform:uppercase\"><a href=\"https:\/\/riunet.upv.es\/handle\/10251\/153381%20\"><strong>Arquitectura Modular en el Espacio: Espai Verd, un H\u00e1bitat Sostenible<\/strong><\/a><\/h3>\n\n\n\n<p class=\"wp-block-paragraph\">Universitat Polit\u00e8cnica de Val\u00e8ncia, ETSA. 2020&nbsp;<\/p>\n\n\n\n<p class=\"wp-block-paragraph\">Directores: Domingo Calabuig, D\u00e9bora y Serra Lluch, Juan&nbsp;<\/p>\n\n\n\n<div style=\"height:50px\" aria-hidden=\"true\" class=\"wp-block-spacer\"><\/div>\n\n\n\n<p class=\"wp-block-paragraph\"><em>Anna Delcampo Carda<\/em><\/p>\n\n\n\n<h3 class=\"wp-block-heading\" style=\"text-transform:uppercase\"><a href=\"https:\/\/riunet.upv.es\/handle\/10251\/138558\"><strong>La arquitectura residencial para personas mayores y los espacios crom\u00e1ticos para el bienestar<\/strong><\/a><\/h3>\n\n\n\n<p class=\"wp-block-paragraph\">Universitat Polit\u00e8cnica de Val\u00e8ncia, ETSAV, 2019 (Finalizada en el a\u00f1o 2020)<\/p>\n\n\n\n<p class=\"wp-block-paragraph\">Directora: Ana Torres Barchino<\/p>\n\n\n\n<div style=\"height:50px\" aria-hidden=\"true\" class=\"wp-block-spacer\"><\/div>\n\n\n\n<p class=\"wp-block-paragraph\"><em>Ignacio Cabodevilla-Artieda<\/em><\/p>\n\n\n\n<h3 class=\"wp-block-heading\" style=\"text-transform:uppercase\"><a href=\"https:\/\/riunet.upv.es\/handle\/10251\/118655\"><strong>An\u00e1lisis comparativo de la arquitectura g\u00f3tica en los reinos de Arag\u00f3n y N\u00e1poles (S.XIII-XV)<\/strong><\/a><\/h3>\n\n\n\n<p class=\"wp-block-paragraph\">Universitat Polit\u00e8cnica de Val\u00e8ncia, ETSAV, 2019.<\/p>\n\n\n\n<p class=\"wp-block-paragraph\">Directora: Garc\u00eda Codo\u00f1er, \u00c1ngela<\/p>\n\n\n\n<p class=\"wp-block-paragraph\">Premio Extraordinario de tesis doctoral UPV. Menci\u00f3n Europea.<\/p>\n\n\n\n<div style=\"height:50px\" aria-hidden=\"true\" class=\"wp-block-spacer\"><\/div>\n\n\n\n<p class=\"wp-block-paragraph\"><em>Mat\u00edas Gisbert Viv\u00f3<\/em><\/p>\n\n\n\n<h3 class=\"wp-block-heading\" style=\"text-transform:uppercase\"><a href=\"https:\/\/riunet.upv.es\/bitstream\/handle\/10251\/114822\/Tesis%20Definitiva.pdf?sequence=1&amp;isAllowed=y\"><strong>Las estaciones de ferrocarril de v\u00eda estrecha en Valencia en la \u00e9poca de su construcci\u00f3n<\/strong><\/a><\/h3>\n\n\n\n<p class=\"wp-block-paragraph\">Universitat Polit\u00e8cnica de Val\u00e8ncia, ETSAV. 2018<\/p>\n\n\n\n<p class=\"wp-block-paragraph\">Director: Llopis Verd\u00fa, Jorge<\/p>\n\n\n\n<div style=\"height:50px\" aria-hidden=\"true\" class=\"wp-block-spacer\"><\/div>\n\n\n\n<p class=\"wp-block-paragraph\"><em>Irene de la Torre Forn\u00e9s<\/em><\/p>\n\n\n\n<h3 class=\"wp-block-heading\" style=\"text-transform:uppercase\"><a href=\"https:\/\/riunet.upv.es\/handle\/10251\/90539\"><strong>La Cer\u00e1mica Arquitect\u00f3nica en la obra de Oscar Niemeyer: Color, Morfolog\u00eda e Intenciones<\/strong><\/a><\/h3>\n\n\n\n<p class=\"wp-block-paragraph\">Universitat Polit\u00e8cnica de Val\u00e8ncia, ETSAV, 2017<\/p>\n\n\n\n<p class=\"wp-block-paragraph\">Directora: Ana Torres Barchino; Angela Garcia<\/p>\n\n\n\n<div style=\"height:50px\" aria-hidden=\"true\" class=\"wp-block-spacer\"><\/div>\n\n\n\n<p class=\"wp-block-paragraph\"><em>Rafael E. Mar\u00edn Tolosa<\/em><\/p>\n\n\n\n<h3 class=\"wp-block-heading\" style=\"text-transform:uppercase\"><a href=\"https:\/\/riunet.upv.es\/bitstream\/handle\/10251\/90516\/Mar%c3%adn%20-%20El%20Sanatorio%20de%20San%20Francisco%20de%20Borja%20de%20Fontilles%20%28Siglo%20XX%29.%20Influencia%20en%20el%20contexto....pdf?sequence=1&amp;isAllowed=y\"><strong>La Colonia Sanitaria de Fontilles: Sanatorio de San Francisco de Borja (Siglo XX). Influencia en el contexto de la g\u00e9nesis del lazareto sanitario. Aplicaci\u00f3n de t\u00e9cnicas avanzadas para su caracterizaci\u00f3n estructural y estado de conservaci\u00f3n<\/strong><\/a><\/h3>\n\n\n\n<p class=\"wp-block-paragraph\">Universitat Polit\u00e8cnica de Val\u00e8ncia, ETSAV. 2017<\/p>\n\n\n\n<p class=\"wp-block-paragraph\">Directores: Llopis Ver\u00fa, Jorge; Hidalgo Delgado, Francisco.<\/p>\n\n\n\n<div style=\"height:50px\" aria-hidden=\"true\" class=\"wp-block-spacer\"><\/div>\n\n\n\n<p class=\"wp-block-paragraph\"><em>Francisco Javier Cortina Maruenda<\/em><\/p>\n\n\n\n<h3 class=\"wp-block-heading\" style=\"text-transform:uppercase\"><a href=\"https:\/\/riunet.upv.es\/bitstream\/handle\/10251\/62865\/Indice%20Javier%20Cortina.pdf?sequence=2&amp;isAllowed=y\"><strong>Fotograf\u00eda y Arquitectura del Movimiento Moderno en Valencia. 1925-1965. Casos paradigm\u00e1ticos<\/strong><\/a><\/h3>\n\n\n\n<p class=\"wp-block-paragraph\">Universitat Polit\u00e8cnica de Val\u00e8ncia, ETSAV. 2016<\/p>\n\n\n\n<p class=\"wp-block-paragraph\">Directores: Garc\u00eda Codo\u00f1er, \u00c1ngela; Serra Lluch, Juan<\/p>\n\n\n\n<div style=\"height:50px\" aria-hidden=\"true\" class=\"wp-block-spacer\"><\/div>\n\n\n\n<p class=\"wp-block-paragraph\"><em>Sancho Mir, Miguel<\/em><\/p>\n\n\n\n<h3 class=\"wp-block-heading\" style=\"text-transform:uppercase\"><a href=\"https:\/\/riunet.upv.es\/bitstream\/handle\/10251\/62328\/SANCHO%20-%20TRANSFORMACIONES%20URBANAS%20EN%20LA%20CIUDAD%20DE%20TERUEL%3a%20RECONSTRUCCI%c3%93N%20Y%20AN%c3%81LISIS%20GR%c3%81FICO.pdf?sequence=1&amp;isAllowed=y\"><strong>Reconstrucci\u00f3n y an\u00e1lisis gr\u00e1fico del espacio urbano en la ciudad de Teruel<\/strong><\/a><\/h3>\n\n\n\n<p class=\"wp-block-paragraph\">Universitat Polit\u00e8cnica de Val\u00e8ncia, ETSAV. 2016<\/p>\n\n\n\n<p class=\"wp-block-paragraph\">Directores: Llopis Ver\u00fa, Jorge; Agust\u00edn Hern\u00e1ndez, Luis.<\/p>\n\n\n\n<div style=\"height:50px\" aria-hidden=\"true\" class=\"wp-block-spacer\"><\/div>\n\n\n\n<p class=\"wp-block-paragraph\"><em>M\u00aa Angeles \u00c1lvarez Gonz\u00e1lez<\/em><\/p>\n\n\n\n<h3 class=\"wp-block-heading\" style=\"text-transform:uppercase\"><a href=\"https:\/\/riunet.upv.es\/bitstream\/handle\/10251\/62175\/%c3%81lvarez%20-%20ESTUDIO%20DE%20LA%20APLICACI%c3%93N%20DEL%20COLOR%20EN%20SIETE%20VILLAS%20DE%20ADOLF%20LOOS.pdf?sequence=1&amp;isAllowed=y\"><strong>Estudio De La Aplicaci\u00f3n Del Color En Siete Villas De Adolf Loos<\/strong><\/a><\/h3>\n\n\n\n<p class=\"wp-block-paragraph\">Universitat Polit\u00e8cnica de Val\u00e8ncia, ETSAV. 2016<\/p>\n\n\n\n<p class=\"wp-block-paragraph\">Directores: Garc\u00eda Codo\u00f1er, \u00c1ngela; Serra Lluch, Juan<\/p>\n\n\n\n<div style=\"height:50px\" aria-hidden=\"true\" class=\"wp-block-spacer\"><\/div>\n\n\n\n<p class=\"wp-block-paragraph\"><em>Sintas Mart\u00ednez, Antonio<\/em><\/p>\n\n\n\n<h3 class=\"wp-block-heading\" style=\"text-transform:uppercase\"><a href=\"https:\/\/riunet.upv.es\/bitstream\/handle\/10251\/60154\/Sintas%20-%20El%20trazado%20de%20los%20teatros%20romanos%20de%20Hispania%3a%20An%c3%a1lisis%20gr%c3%a1fico..pdf?sequence=1&amp;isAllowed=y\"><strong>La arquitectura teatral del Imperio Romano en Hispania. An\u00e1lisis gr\u00e1fico<\/strong><\/a><\/h3>\n\n\n\n<p class=\"wp-block-paragraph\">Universitat Polit\u00e8cnica de Val\u00e8ncia, ETSAV. 2016<\/p>\n\n\n\n<p class=\"wp-block-paragraph\">Director: Llopis Verd\u00fa, Jorge<\/p>\n\n\n\n<div style=\"height:50px\" aria-hidden=\"true\" class=\"wp-block-spacer\"><\/div>\n\n\n\n<p class=\"wp-block-paragraph\"><em>Gilabert Sanz, Salvador<\/em><\/p>\n\n\n\n<h3 class=\"wp-block-heading\" style=\"text-transform:uppercase\"><a href=\"https:\/\/riunet.upv.es\/handle\/10251\/52696\"><strong>Enric Miralles. El Dibujo De La Imaginaci\u00f3n<\/strong><\/a><\/h3>\n\n\n\n<p class=\"wp-block-paragraph\">Universitat Polit\u00e8cnica de Val\u00e8ncia, ETSAV, 2015<\/p>\n\n\n\n<p class=\"wp-block-paragraph\">Directora: Ana Torres Barchino; Angela Garcia<\/p>\n\n\n\n<div style=\"height:50px\" aria-hidden=\"true\" class=\"wp-block-spacer\"><\/div>\n\n\n\n<p class=\"wp-block-paragraph\"><em>Molina Siles, Pedro J,<\/em><\/p>\n\n\n\n<h3 class=\"wp-block-heading\" style=\"text-transform:uppercase\"><a href=\"https:\/\/riunet.upv.es\/handle\/10251\/48455\"><strong>La Frontera Diluida. Arquitecturas Ef\u00edmeras en el cine. De Europa a Hollywood<\/strong><\/a><\/h3>\n\n\n\n<p class=\"wp-block-paragraph\">Universitat Polit\u00e8cnica de Val\u00e8ncia, ETSAV, 2014<\/p>\n\n\n\n<p class=\"wp-block-paragraph\">Directora: Ana Torres Barchino; \u00c1ngela Gar\u00eda<\/p>\n\n\n\n<div style=\"height:50px\" aria-hidden=\"true\" class=\"wp-block-spacer\"><\/div>\n\n\n\n<p class=\"wp-block-paragraph\"><em>Jimenez Alca\u00f1iz, Ces\u00e1reo<\/em><\/p>\n\n\n\n<h3 class=\"wp-block-heading\" style=\"text-transform:uppercase\"><a href=\"https:\/\/riunet.upv.es\/handle\/10251\/37014\"><strong>An\u00e1lisis de las metodolog\u00edas para la recuperaci\u00f3n patrimonial de entornos urbanos protegidos. Propuesta metodol\u00f3gica: desde los valores hist\u00f3ricos a los nuevos modelos energ\u00e9ticos. Russafa desde el siglo XIX<\/strong><\/a><\/h3>\n\n\n\n<p class=\"wp-block-paragraph\">Universitat Polit\u00e8cnica de Val\u00e8ncia, ETSAV, 2014<\/p>\n\n\n\n<p class=\"wp-block-paragraph\">Directora: \u00c1ngela Garc\u00eda; Ana Torres Barchino<\/p>\n\n\n\n<div style=\"height:50px\" aria-hidden=\"true\" class=\"wp-block-spacer\"><\/div>\n\n\n\n<p class=\"wp-block-paragraph\"><em>Lillo Giner, Santiago<\/em><\/p>\n\n\n\n<h3 class=\"wp-block-heading\" style=\"text-transform:uppercase\"><a href=\"https:\/\/riunet.upv.es\/bitstream\/handle\/10251\/16961\/tesisUPV3891.pdf?sequence=6&amp;isAllowed=y\"><strong>La Ciudadela de Valencia. Desarrollo y evoluci\u00f3n<\/strong><\/a><\/h3>\n\n\n\n<p class=\"wp-block-paragraph\">Universitat Polit\u00e8cnica de Val\u00e8ncia, 2012.<\/p>\n\n\n\n<p class=\"wp-block-paragraph\">Director: Llopis Verd\u00fa, Jorge<\/p>\n\n\n\n<div style=\"height:50px\" aria-hidden=\"true\" class=\"wp-block-spacer\"><\/div>\n\n\n\n<p class=\"wp-block-paragraph\"><em>Gim\u00e9nez Ribera, Manuel<\/em><\/p>\n\n\n\n<h3 class=\"wp-block-heading\" style=\"text-transform:uppercase\"><a href=\"https:\/\/riunet.upv.es\/bitstream\/handle\/10251\/8478\/tesisUPV3323.pdf?sequence=11&amp;isAllowed=y\"><strong>Luis Albert. Racionalismo en la ciudad de Valencia. 1927-1936<\/strong><\/a><\/h3>\n\n\n\n<p class=\"wp-block-paragraph\">Universitat Polit\u00e8cnica de Val\u00e8ncia, ETSAV, 2010.<\/p>\n\n\n\n<p class=\"wp-block-paragraph\">Director: Llopis Verd\u00fa, Jorge.<\/p>\n\n\n\n<div style=\"height:50px\" aria-hidden=\"true\" class=\"wp-block-spacer\"><\/div>\n\n\n\n<p class=\"wp-block-paragraph\"><em>Juan Serra Lluch<\/em><\/p>\n\n\n\n<h3 class=\"wp-block-heading\" style=\"text-transform:uppercase\"><a href=\"https:\/\/juaserl1.blogs.upv.es\/\"><strong>La versatilidad del color en la composici\u00f3n de la arquitectura contempor\u00e1nea europea: contexto art\u00edstico, estrategias pl\u00e1sticas e intenciones<\/strong><\/a><\/h3>\n\n\n\n<p class=\"wp-block-paragraph\">Universitat Polit\u00e8cnica de Val\u00e8ncia, ETSAV, 2010.<\/p>\n\n\n\n<p class=\"wp-block-paragraph\">Directora: Garc\u00eda Codo\u00f1er, \u00c1ngela<\/p>\n\n\n\n<p class=\"wp-block-paragraph\">Premio Extraordinario de tesis doctoral UPV. Menci\u00f3n Europea.<\/p>\n\n\n\n<div style=\"height:50px\" aria-hidden=\"true\" class=\"wp-block-spacer\"><\/div>\n\n\n\n<p class=\"wp-block-paragraph\"><em>Jorge Llopis Verd\u00fa<\/em><\/p>\n\n\n\n<h3 class=\"wp-block-heading\" style=\"text-transform:uppercase\"><strong>An\u00e1lisis de los \u00f3rdenes cl\u00e1sicos en la arquitectura renacentista valenciana. El Colegio de Corpus Christi de Valencia<\/strong><\/h3>\n\n\n\n<p class=\"wp-block-paragraph\">Universitat Polit\u00e8cnica de Val\u00e8ncia, ETSAV, 1997.<\/p>\n\n\n\n<p class=\"wp-block-paragraph\">Directora: Garc\u00eda Codo\u00f1er, \u00c1ngela<\/p>\n\n\n\n<div style=\"height:100px\" aria-hidden=\"true\" class=\"wp-block-spacer\"><\/div>\n","protected":false},"excerpt":{"rendered":"<p>Manuel Calleja Molina Arquitectura Modular en el Espacio: Espai Verd, un H\u00e1bitat Sostenible Universitat Polit\u00e8cnica de Val\u00e8ncia, ETSA. 2020&nbsp; Directores: Domingo Calabuig, D\u00e9bora y Serra Lluch, Juan&nbsp; Anna Delcampo Carda La arquitectura residencial para personas mayores y los espacios crom\u00e1ticos para el bienestar Universitat Polit\u00e8cnica de Val\u00e8ncia, ETSAV, 2019 (Finalizada en el a\u00f1o 2020) Directora: [&hellip;]<\/p>\n","protected":false},"author":1,"featured_media":0,"parent":0,"menu_order":0,"comment_status":"closed","ping_status":"closed","template":"","meta":{"_monsterinsights_skip_tracking":false,"footnotes":""},"class_list":["post-2908","page","type-page","status-publish","hentry"],"aioseo_notices":[],"aioseo_head":"\n\t\t<!-- All in One SEO 5.0.1.1 - aioseo.com -->\n\t<meta name=\"description\" content=\"Manuel Calleja Molina Arquitectura Modular en el Espacio: Espai Verd, un H\u00e1bitat Sostenible Universitat Polit\u00e8cnica de Val\u00e8ncia, ETSA. 2020 Directores: Domingo Calabuig, D\u00e9bora y Serra Lluch, Juan Anna Delcampo Carda La arquitectura residencial para personas mayores y los espacios crom\u00e1ticos para el bienestar Universitat Polit\u00e8cnica de Val\u00e8ncia, ETSAV, 2019 (Finalizada en el a\u00f1o 2020) Directora:\" \/>\n\t<meta name=\"robots\" content=\"max-image-preview:large\" \/>\n\t<link rel=\"canonical\" href=\"https:\/\/grupocolor.webs.upv.es\/?page_id=2908\" \/>\n\t<meta name=\"generator\" content=\"All in One SEO (AIOSEO) 5.0.1.1\" \/>\n\t\t<meta property=\"og:locale\" content=\"es_ES\" \/>\n\t\t<meta property=\"og:site_name\" content=\"Grupo Color -\" \/>\n\t\t<meta property=\"og:type\" content=\"article\" \/>\n\t\t<meta property=\"og:title\" content=\"Tesis - Grupo Color\" \/>\n\t\t<meta property=\"og:description\" content=\"Manuel Calleja Molina Arquitectura Modular en el Espacio: Espai Verd, un H\u00e1bitat Sostenible Universitat Polit\u00e8cnica de Val\u00e8ncia, ETSA. 2020 Directores: Domingo Calabuig, D\u00e9bora y Serra Lluch, Juan Anna Delcampo Carda La arquitectura residencial para personas mayores y los espacios crom\u00e1ticos para el bienestar Universitat Polit\u00e8cnica de Val\u00e8ncia, ETSAV, 2019 (Finalizada en el a\u00f1o 2020) Directora:\" \/>\n\t\t<meta property=\"og:url\" content=\"https:\/\/grupocolor.webs.upv.es\/?page_id=2908\" \/>\n\t\t<meta property=\"article:published_time\" content=\"2020-01-29T15:54:16+00:00\" \/>\n\t\t<meta property=\"article:modified_time\" content=\"2025-06-03T00:17:22+00:00\" \/>\n\t\t<meta name=\"twitter:card\" content=\"summary_large_image\" \/>\n\t\t<meta name=\"twitter:title\" content=\"Tesis - Grupo Color\" \/>\n\t\t<meta name=\"twitter:description\" content=\"Manuel Calleja Molina Arquitectura Modular en el Espacio: Espai Verd, un H\u00e1bitat Sostenible Universitat Polit\u00e8cnica de Val\u00e8ncia, ETSA. 2020 Directores: Domingo Calabuig, D\u00e9bora y Serra Lluch, Juan Anna Delcampo Carda La arquitectura residencial para personas mayores y los espacios crom\u00e1ticos para el bienestar Universitat Polit\u00e8cnica de Val\u00e8ncia, ETSAV, 2019 (Finalizada en el a\u00f1o 2020) Directora:\" \/>\n\t\t<script type=\"application\/ld+json\" class=\"aioseo-schema\">\n\t\t\t{\"@context\":\"https:\\\/\\\/schema.org\",\"@graph\":[{\"@type\":\"BreadcrumbList\",\"@id\":\"https:\\\/\\\/grupocolor.webs.upv.es\\\/?page_id=2908#breadcrumblist\",\"itemListElement\":[{\"@type\":\"ListItem\",\"@id\":\"https:\\\/\\\/grupocolor.webs.upv.es#listItem\",\"position\":1,\"name\":\"Home\",\"item\":\"https:\\\/\\\/grupocolor.webs.upv.es\",\"nextItem\":{\"@type\":\"ListItem\",\"@id\":\"https:\\\/\\\/grupocolor.webs.upv.es\\\/?page_id=2908#listItem\",\"name\":\"Tesis\"}},{\"@type\":\"ListItem\",\"@id\":\"https:\\\/\\\/grupocolor.webs.upv.es\\\/?page_id=2908#listItem\",\"position\":2,\"name\":\"Tesis\",\"previousItem\":{\"@type\":\"ListItem\",\"@id\":\"https:\\\/\\\/grupocolor.webs.upv.es#listItem\",\"name\":\"Home\"}}]},{\"@type\":\"Organization\",\"@id\":\"https:\\\/\\\/grupocolor.webs.upv.es\\\/#organization\",\"name\":\"Grupo Color\",\"url\":\"https:\\\/\\\/grupocolor.webs.upv.es\\\/\"},{\"@type\":\"WebPage\",\"@id\":\"https:\\\/\\\/grupocolor.webs.upv.es\\\/?page_id=2908#webpage\",\"url\":\"https:\\\/\\\/grupocolor.webs.upv.es\\\/?page_id=2908\",\"name\":\"Tesis - Grupo Color\",\"description\":\"Manuel Calleja Molina Arquitectura Modular en el Espacio: Espai Verd, un H\\u00e1bitat Sostenible Universitat Polit\\u00e8cnica de Val\\u00e8ncia, ETSA. 2020 Directores: Domingo Calabuig, D\\u00e9bora y Serra Lluch, Juan Anna Delcampo Carda La arquitectura residencial para personas mayores y los espacios crom\\u00e1ticos para el bienestar Universitat Polit\\u00e8cnica de Val\\u00e8ncia, ETSAV, 2019 (Finalizada en el a\\u00f1o 2020) Directora:\",\"inLanguage\":\"es-ES\",\"isPartOf\":{\"@id\":\"https:\\\/\\\/grupocolor.webs.upv.es\\\/#website\"},\"breadcrumb\":{\"@id\":\"https:\\\/\\\/grupocolor.webs.upv.es\\\/?page_id=2908#breadcrumblist\"},\"datePublished\":\"2020-01-29T15:54:16+00:00\",\"dateModified\":\"2025-06-03T00:17:22+00:00\"},{\"@type\":\"WebSite\",\"@id\":\"https:\\\/\\\/grupocolor.webs.upv.es\\\/#website\",\"url\":\"https:\\\/\\\/grupocolor.webs.upv.es\\\/\",\"name\":\"Grupo Color\",\"inLanguage\":\"es-ES\",\"publisher\":{\"@id\":\"https:\\\/\\\/grupocolor.webs.upv.es\\\/#organization\"}}]}\n\t\t<\/script>\n\t\t<!-- All in One SEO -->\n\n","aioseo_head_json":{"title":"Tesis - Grupo Color","description":"Manuel Calleja Molina Arquitectura Modular en el Espacio: Espai Verd, un H\u00e1bitat Sostenible Universitat Polit\u00e8cnica de Val\u00e8ncia, ETSA. 2020 Directores: Domingo Calabuig, D\u00e9bora y Serra Lluch, Juan Anna Delcampo Carda La arquitectura residencial para personas mayores y los espacios crom\u00e1ticos para el bienestar Universitat Polit\u00e8cnica de Val\u00e8ncia, ETSAV, 2019 (Finalizada en el a\u00f1o 2020) Directora:","canonical_url":"https:\/\/grupocolor.webs.upv.es\/?page_id=2908","robots":"max-image-preview:large","keywords":"","webmasterTools":{"miscellaneous":""},"schema":{"@context":"https:\/\/schema.org","@graph":[{"@type":"BreadcrumbList","@id":"https:\/\/grupocolor.webs.upv.es\/?page_id=2908#breadcrumblist","itemListElement":[{"@type":"ListItem","@id":"https:\/\/grupocolor.webs.upv.es#listItem","position":1,"name":"Home","item":"https:\/\/grupocolor.webs.upv.es","nextItem":{"@type":"ListItem","@id":"https:\/\/grupocolor.webs.upv.es\/?page_id=2908#listItem","name":"Tesis"}},{"@type":"ListItem","@id":"https:\/\/grupocolor.webs.upv.es\/?page_id=2908#listItem","position":2,"name":"Tesis","previousItem":{"@type":"ListItem","@id":"https:\/\/grupocolor.webs.upv.es#listItem","name":"Home"}}]},{"@type":"Organization","@id":"https:\/\/grupocolor.webs.upv.es\/#organization","name":"Grupo Color","url":"https:\/\/grupocolor.webs.upv.es\/"},{"@type":"WebPage","@id":"https:\/\/grupocolor.webs.upv.es\/?page_id=2908#webpage","url":"https:\/\/grupocolor.webs.upv.es\/?page_id=2908","name":"Tesis - Grupo Color","description":"Manuel Calleja Molina Arquitectura Modular en el Espacio: Espai Verd, un H\u00e1bitat Sostenible Universitat Polit\u00e8cnica de Val\u00e8ncia, ETSA. 2020 Directores: Domingo Calabuig, D\u00e9bora y Serra Lluch, Juan Anna Delcampo Carda La arquitectura residencial para personas mayores y los espacios crom\u00e1ticos para el bienestar Universitat Polit\u00e8cnica de Val\u00e8ncia, ETSAV, 2019 (Finalizada en el a\u00f1o 2020) Directora:","inLanguage":"es-ES","isPartOf":{"@id":"https:\/\/grupocolor.webs.upv.es\/#website"},"breadcrumb":{"@id":"https:\/\/grupocolor.webs.upv.es\/?page_id=2908#breadcrumblist"},"datePublished":"2020-01-29T15:54:16+00:00","dateModified":"2025-06-03T00:17:22+00:00"},{"@type":"WebSite","@id":"https:\/\/grupocolor.webs.upv.es\/#website","url":"https:\/\/grupocolor.webs.upv.es\/","name":"Grupo Color","inLanguage":"es-ES","publisher":{"@id":"https:\/\/grupocolor.webs.upv.es\/#organization"}}]},"og:locale":"es_ES","og:site_name":"Grupo Color -","og:type":"article","og:title":"Tesis - Grupo Color","og:description":"Manuel Calleja Molina Arquitectura Modular en el Espacio: Espai Verd, un H\u00e1bitat Sostenible Universitat Polit\u00e8cnica de Val\u00e8ncia, ETSA. 2020 Directores: Domingo Calabuig, D\u00e9bora y Serra Lluch, Juan Anna Delcampo Carda La arquitectura residencial para personas mayores y los espacios crom\u00e1ticos para el bienestar Universitat Polit\u00e8cnica de Val\u00e8ncia, ETSAV, 2019 (Finalizada en el a\u00f1o 2020) Directora:","og:url":"https:\/\/grupocolor.webs.upv.es\/?page_id=2908","article:published_time":"2020-01-29T15:54:16+00:00","article:modified_time":"2025-06-03T00:17:22+00:00","twitter:card":"summary_large_image","twitter:title":"Tesis - Grupo Color","twitter:description":"Manuel Calleja Molina Arquitectura Modular en el Espacio: Espai Verd, un H\u00e1bitat Sostenible Universitat Polit\u00e8cnica de Val\u00e8ncia, ETSA. 2020 Directores: Domingo Calabuig, D\u00e9bora y Serra Lluch, Juan Anna Delcampo Carda La arquitectura residencial para personas mayores y los espacios crom\u00e1ticos para el bienestar Universitat Polit\u00e8cnica de Val\u00e8ncia, ETSAV, 2019 (Finalizada en el a\u00f1o 2020) Directora:"},"aioseo_meta_data":{"post_id":"2908","title":null,"description":null,"keywords":null,"keyphrases":{"focus":{"keyphrase":"","score":0,"analysis":{"keyphraseInTitle":{"score":0,"maxScore":9,"error":1}}},"additional":[]},"primary_term":null,"canonical_url":null,"og_title":null,"og_description":null,"og_object_type":"default","og_image_type":"default","og_image_url":null,"og_image_width":null,"og_image_height":null,"og_image_custom_url":null,"og_image_custom_fields":null,"og_video":"","og_custom_url":null,"og_article_section":null,"og_article_tags":null,"twitter_use_og":false,"twitter_card":"default","twitter_image_type":"default","twitter_image_url":null,"twitter_image_custom_url":null,"twitter_image_custom_fields":null,"twitter_title":null,"twitter_description":null,"schema":{"blockGraphs":[],"customGraphs":[],"default":{"data":{"Article":[],"Course":[],"Dataset":[],"FAQPage":[],"Movie":[],"Person":[],"Product":[],"ProductReview":[],"Car":[],"Recipe":[],"Service":[],"SoftwareApplication":[],"WebPage":[]},"graphName":"WebPage","isEnabled":true},"graphs":[],"defaultGraph":"","defaultPostTypeGraph":""},"schema_type":"default","schema_type_options":null,"pillar_content":false,"robots_default":true,"robots_noindex":false,"robots_noarchive":false,"robots_nosnippet":false,"robots_nofollow":false,"robots_noimageindex":false,"robots_noodp":false,"robots_notranslate":false,"robots_max_snippet":"-1","robots_max_videopreview":"-1","robots_max_imagepreview":"large","priority":null,"frequency":"default","local_seo":null,"breadcrumb_settings":null,"limit_modified_date":false,"ai":null,"created":"2022-09-30 16:11:44","updated":"2025-06-05 08:44:12","seo_analyzer_scan_date":null,"focus_keyword":null,"additional_keywords":null,"truseo_locale":null},"aioseo_breadcrumb":"<div class=\"aioseo-breadcrumbs\"><span class=\"aioseo-breadcrumb\">\n\t\t\t<a href=\"https:\/\/grupocolor.webs.upv.es\" title=\"Home\">Home<\/a>\n\t\t<\/span><span class=\"aioseo-breadcrumb-separator\">&raquo;<\/span><span class=\"aioseo-breadcrumb\">\n\t\t\tTesis\n\t\t<\/span><\/div>","aioseo_breadcrumb_json":[{"label":"Home","link":"https:\/\/grupocolor.webs.upv.es"},{"label":"Tesis","link":"https:\/\/grupocolor.webs.upv.es\/?page_id=2908"}],"_links":{"self":[{"href":"https:\/\/grupocolor.webs.upv.es\/index.php?rest_route=\/wp\/v2\/pages\/2908","targetHints":{"allow":["GET"]}}],"collection":[{"href":"https:\/\/grupocolor.webs.upv.es\/index.php?rest_route=\/wp\/v2\/pages"}],"about":[{"href":"https:\/\/grupocolor.webs.upv.es\/index.php?rest_route=\/wp\/v2\/types\/page"}],"author":[{"embeddable":true,"href":"https:\/\/grupocolor.webs.upv.es\/index.php?rest_route=\/wp\/v2\/users\/1"}],"replies":[{"embeddable":true,"href":"https:\/\/grupocolor.webs.upv.es\/index.php?rest_route=%2Fwp%2Fv2%2Fcomments&post=2908"}],"version-history":[{"count":5,"href":"https:\/\/grupocolor.webs.upv.es\/index.php?rest_route=\/wp\/v2\/pages\/2908\/revisions"}],"predecessor-version":[{"id":4691,"href":"https:\/\/grupocolor.webs.upv.es\/index.php?rest_route=\/wp\/v2\/pages\/2908\/revisions\/4691"}],"wp:attachment":[{"href":"https:\/\/grupocolor.webs.upv.es\/index.php?rest_route=%2Fwp%2Fv2%2Fmedia&parent=2908"}],"curies":[{"name":"wp","href":"https:\/\/api.w.org\/{rel}","templated":true}]}}