{"id":2953,"date":"2020-01-30T12:44:38","date_gmt":"2020-01-30T12:44:38","guid":{"rendered":"https:\/\/grupocolor.webs.upv.es\/?page_id=2953"},"modified":"2026-05-17T10:43:59","modified_gmt":"2026-05-17T10:43:59","slug":"articulos","status":"publish","type":"page","link":"https:\/\/grupocolor.webs.upv.es\/?page_id=2953","title":{"rendered":"Art\u00edculos"},"content":{"rendered":"\n<h3 class=\"wp-block-heading\">2025<\/h3>\n\n\n\n<p class=\"wp-block-paragraph\"><em>Vargas Febres, Carlos Guillermo; Serra, Juan; Torres Barchino, Ana Mar\u00eda; Gudiel Rodriguez, Edwin Roberto.<\/em><\/p>\n\n\n\n<h3 class=\"wp-block-heading\"><a href=\"https:\/\/www.mdpi.com\/2673-7108\/5\/3\/44\"><strong>ALTERNATIVES TO LIME PLASTER: EVALUATION OF PAINTS WITH INORGANIC PIGMENTS FOR THE CONSERVATION OF HERITAGE BUILDINGS IN PERU<\/strong><\/a><\/h3>\n\n\n\n<p class=\"wp-block-paragraph\">Construction Materials n\u00ba3(5): 2025: 1 &#8211; 16. 10.3390\/constrmater5030044<\/p>\n\n\n\n<div style=\"height:20px\" aria-hidden=\"true\" class=\"wp-block-spacer\"><\/div>\n\n\n\n<p class=\"wp-block-paragraph\"><em>Vargas-Febres, Carlos Guillermo; Torres Barchino, Ana Mar\u00eda; Serra, Juan; Gudiel, Edwin Roberto. <\/em><\/p>\n\n\n\n<h3 class=\"wp-block-heading\"><a href=\"https:\/\/www.mdpi.com\/2673-8945\/5\/2\/35\"><strong>EVALUATION OF THE PHYSICAL AND MECHANICAL PROPERTIES OF HANDMADE PAINTS WITH INORGANIC PIGMENTS FROM CUSCO ACCORDING TO AMERICAN SOCIETY FOR TESTING AND MATERIALS STANDARDS FOR ARCHITECTURAL APPLICATIONS<\/strong><\/a><\/h3>\n\n\n\n<p class=\"wp-block-paragraph\">Architecture n\u00ba2(5): 2025: 1 &#8211; 17. 10.3390\/architecture5020035<\/p>\n\n\n\n<div style=\"height:20px\" aria-hidden=\"true\" class=\"wp-block-spacer\"><\/div>\n\n\n\n<p class=\"wp-block-paragraph\"><em><em>Vargas Febres, Carlos Guillermo; Serra, Juan; Torres Barchino, Ana Mar\u00eda; Villagarc\u00eda Zereceda, Angela Ver\u00f3nica; Gonzales Martinez, Carmen Daniela; Villena Ccasani, Olga Aylin<\/em><\/em><\/p>\n\n\n\n<h3 class=\"wp-block-heading\"><strong><a href=\"https:\/\/doi.org\/10.3390\/arts14030059\" title=\"SPECTROPHOTOMETRY OF CHROMATIC VARIABILITY IN THE ROCK PAINTINGS OF TECSECOCHA, CCORCA, CUSCO.\"><a href=\"https:\/\/www.mdpi.com\/2571-9408\/8\/9\/366\">ICONOGRAPHY IN THE MURAL PAINTINGS OF THE SANTA CATALINA CONVENT AS A SYMBOLIC ELEMENT IN CUSCO&#8217;S VICEROYAL ARCHITECTURE.<\/a><\/a><\/strong><\/h3>\n\n\n\n<p class=\"wp-block-paragraph\">Heritage n\u00ba9 (8): 2025: 1 &#8211; 35. 10.3390\/heritage8090366<\/p>\n\n\n\n<div style=\"height:20px\" aria-hidden=\"true\" class=\"wp-block-spacer\"><\/div>\n\n\n\n<p class=\"wp-block-paragraph\"><em>Vargas Febres, C.G.; Torres Barchino, A.; Serra, J.; Gudiel Rodr\u00edguez, E.R.; Salazar Pilares, E.F.<\/em><\/p>\n\n\n\n<h3 class=\"wp-block-heading\"><strong><a href=\"https:\/\/doi.org\/10.3390\/arts14030059\" title=\"SPECTROPHOTOMETRY OF CHROMATIC VARIABILITY IN THE ROCK PAINTINGS OF TECSECOCHA, CCORCA, CUSCO.\">SPECTROPHOTOMETRY OF CHROMATIC VARIABILITY IN THE ROCK PAINTINGS OF TECSECOCHA, CCORCA, CUSCO.<\/a><\/strong><\/h3>\n\n\n\n<p class=\"wp-block-paragraph\">Arts\u202f2025,\u202f14, 59.<\/p>\n\n\n\n<div style=\"height:20px\" aria-hidden=\"true\" class=\"wp-block-spacer\"><\/div>\n\n\n\n<p class=\"wp-block-paragraph\"><em>De la Torre Forn\u00e9s, Irene.<\/em><\/p>\n\n\n\n<h3 class=\"wp-block-heading\"><strong><a href=\"https:\/\/doi.org\/10.4995\/ega.2025.23373\" title=\"PENSAMIENTO Y ARQUITECTURA DE FRANCISCO MORA BERENGUER A TRAV\u00c9S DE SU OBRA GR\u00c1FICA\">PENSAMIENTO Y ARQUITECTURA DE FRANCISCO MORA BERENGUER A TRAV\u00c9S DE SU OBRA GR\u00c1FICA<\/a><\/strong><\/h3>\n\n\n\n<p class=\"wp-block-paragraph\">EGA Expresi\u00f3n Grafica Arquitect\u00f3nica<strong>. <\/strong>Vol. 30 N\u00fam. 53.<\/p>\n\n\n\n<hr class=\"wp-block-separator has-alpha-channel-opacity\"\/>\n\n\n\n<div style=\"height:20px\" aria-hidden=\"true\" class=\"wp-block-spacer\"><\/div>\n\n\n\n<h3 class=\"wp-block-heading\">2024<\/h3>\n\n\n\n<div style=\"height:20px\" aria-hidden=\"true\" class=\"wp-block-spacer\"><\/div>\n\n\n\n<div style=\"height:0px\" aria-hidden=\"true\" class=\"wp-block-spacer\"><\/div>\n\n\n\n<div style=\"height:0px\" aria-hidden=\"true\" class=\"wp-block-spacer\"><\/div>\n\n\n\n<p class=\"wp-block-paragraph\">Llopis Verd\u00fa, Jorge; Guti\u00e9rrez-P\u00e9rez, Nicol\u00e1s; Cabodevilla-Artieda, Ignacio<\/p>\n\n\n\n<h3 class=\"wp-block-heading\"><a href=\"https:\/\/doi.org\/10.4995\/var.2024.21148\" target=\"_blank\" rel=\"noreferrer noopener\"><strong>VIRTUAL RECONSTRUCTION OF THE DISAPPEARED VALENCIA OIL MARKET (SPAIN)<\/strong><\/a><\/h3>\n\n\n\n<p class=\"wp-block-paragraph\"><em>Virtual Archaeology Review<\/em>&nbsp;(ISSN 1989-9947), vol 15, n\u00ba 31, pp. 86-103, 2024.<\/p>\n\n\n\n<div style=\"height:20px\" aria-hidden=\"true\" class=\"wp-block-spacer\"><\/div>\n\n\n\n<p class=\"wp-block-paragraph\"><em>Baviera Ll\u00f3pez, Eduardo; Llopis Verd\u00fa, Jorge; Cabodevilla-Artieda, Ignacio<\/em><\/p>\n\n\n\n<h3 class=\"wp-block-heading\" style=\"text-transform:uppercase\"><a href=\"https:\/\/disegnarecon.univaq.it\/ojs\/index.php\/disegnarecon\/article\/view\/1180\" target=\"_blank\" rel=\"noreferrer noopener\"><strong>Virtual Anastilosis of a Baroque Dome Disassembled Two Decades Ago: The Case of the Presbytery of Valencia Cathedral<\/strong><\/a><\/h3>\n\n\n\n<p class=\"wp-block-paragraph\"><em>DisegnareCon<\/em>&nbsp;(ISSN 1828-5961), vol 17, n\u00ba 32, pp. 14.1-14.9, 2024.<\/p>\n\n\n\n<div style=\"height:20px\" aria-hidden=\"true\" class=\"wp-block-spacer\"><\/div>\n\n\n\n<p class=\"wp-block-paragraph\"><em>Torres Barchino, Ana; Cabodevilla-Artieda, Ignacio<\/em><\/p>\n\n\n\n<h3 class=\"wp-block-heading\" style=\"text-transform:uppercase\"><a href=\"https:\/\/polipapers.upv.es\/index.php\/EGA\/article\/view\/21417\" target=\"_blank\" rel=\"noreferrer noopener\"><strong>Casto Fern\u00e1ndez-Shaw e Iturralde (1896-1978) y la aventura del dibujo fant\u00e1stico<\/strong><\/a><\/h3>\n\n\n\n<p class=\"wp-block-paragraph\"><em>Ega Expresi\u00f3n Gr\u00e1fica Arquitect\u00f3nica<\/em>&nbsp;(ISSN 2254-6103), vol 29, n\u00ba 51, pp. 296-322, 2024.<\/p>\n\n\n\n<div style=\"height:20px\" aria-hidden=\"true\" class=\"wp-block-spacer\"><\/div>\n\n\n\n<p class=\"wp-block-paragraph\"><em>Bosch Roig, Luis; de la Torre Forn\u00e9s, Irene; Eslava Blasco, Ra\u00fal&nbsp;<\/em><\/p>\n\n\n\n<h3 class=\"wp-block-heading\"><strong><a href=\"https:\/\/hdl.handle.net\/10550\/107993\" title=\"EL CASTILLO DE ADEMUZ: PASADO, PRESENTE Y FUTURO. PROPUESTAS DE RECUPERACI\u00d3N Y PUESTA EN VALOR DEL BIEN A PARTIR DE SU AN\u00c1LISIS GR\u00c1FICO E HIST\u00d3RICO\">EL CASTILLO DE ADEMUZ: PASADO, PRESENTE Y FUTURO. PROPUESTAS DE RECUPERACI\u00d3N Y PUESTA EN VALOR DEL BIEN A PARTIR DE SU AN\u00c1LISIS GR\u00c1FICO E HIST\u00d3RICO<\/a><\/strong><\/h3>\n\n\n\n<p class=\"wp-block-paragraph\"><em>Archivo de Arte Valenciano<\/em> (ISSN 211-5808), n\u00ba 105, pp. 9-24, 2024.&nbsp;<\/p>\n\n\n\n<div style=\"height:20px\" aria-hidden=\"true\" class=\"wp-block-spacer\"><\/div>\n\n\n\n<div style=\"height:20px\" aria-hidden=\"true\" class=\"wp-block-spacer\"><\/div>\n\n\n\n<hr class=\"wp-block-separator has-alpha-channel-opacity\"\/>\n\n\n\n<div style=\"height:20px\" aria-hidden=\"true\" class=\"wp-block-spacer\"><\/div>\n\n\n\n<h3 class=\"wp-block-heading\">2023<\/h3>\n\n\n\n<div style=\"height:20px\" aria-hidden=\"true\" class=\"wp-block-spacer\"><\/div>\n\n\n\n<p class=\"wp-block-paragraph\"><em>Serra, Juan; Cabodevilla-Artieda, Ignacio; Torres Barchino, Ana; Llopis Verd\u00fa, Jorge<\/em><\/p>\n\n\n\n<h3 class=\"wp-block-heading\" style=\"text-transform:uppercase\"><a href=\"https:\/\/onlinelibrary.wiley.com\/doi\/epdf\/10.1002\/col.22856\" target=\"_blank\" rel=\"noreferrer noopener\"><strong>Color induction in the restoration of architecture in historic city centers<\/strong><\/a><\/h3>\n\n\n\n<p class=\"wp-block-paragraph\"><em>Color Research &amp; Application<\/em>&nbsp;(ISSN 0361-2317), vol 48(5), pp. 497-512, 2023.<\/p>\n\n\n\n<div style=\"height:20px\" aria-hidden=\"true\" class=\"wp-block-spacer\"><\/div>\n\n\n\n<p class=\"wp-block-paragraph\"><em>Cabodevilla-Artieda, Ignacio; de la Torre Forn\u00e9s, Irene; Baviera Ll\u00f3pez, Eduardo<\/em><\/p>\n\n\n\n<h3 class=\"wp-block-heading\" style=\"text-transform:uppercase\"><a href=\"https:\/\/polipapers.upv.es\/index.php\/EGA\/article\/view\/21417\" target=\"_blank\" rel=\"noreferrer noopener\"><strong>Tiburzio Spannocchi al servicio de Felipe II. Descripci\u00f3n de las marinas de todo el reino de Sicilia<\/strong><\/a><\/h3>\n\n\n\n<p class=\"wp-block-paragraph\"><em>Ega Expresi\u00f3n Gr\u00e1fica Arquitect\u00f3nica<\/em>&nbsp;(ISSN 2254-6103), vol 28, n\u00ba 49, pp. 90-103, 2023.<\/p>\n\n\n\n<div style=\"height:20px\" aria-hidden=\"true\" class=\"wp-block-spacer\"><\/div>\n\n\n\n<p class=\"wp-block-paragraph\"><em>de la Torre Forn\u00e9s, Irene; Valero Ramos, Elisa; Cabodevilla-Artieda, Ignacio<\/em><\/p>\n\n\n\n<h3 class=\"wp-block-heading\" style=\"text-transform:uppercase\"><a href=\"https:\/\/polipapers.upv.es\/index.php\/VLC\/article\/view\/18973\" target=\"_blank\" rel=\"noreferrer noopener\"><strong>Color and artistic expression through architectural ceramics in the last stage of Oscar Niemeyer\u2019s work<\/strong><\/a><\/h3>\n\n\n\n<p class=\"wp-block-paragraph\"><em>VLC arquitectura<\/em>&nbsp;(ISSN 2341-2747), vol 10, n\u00ba 1, pp. 109-130, 2023.<\/p>\n\n\n\n<div style=\"height:20px\" aria-hidden=\"true\" class=\"wp-block-spacer\"><\/div>\n\n\n\n<p class=\"wp-block-paragraph\"><em>Baviera Ll\u00f3pez, Eduardo; Llopis Verd\u00fa, Jorge; Cabodevilla-Artieda, Ignacio<\/em><\/p>\n\n\n\n<h3 class=\"wp-block-heading\" style=\"text-transform:uppercase\"><a href=\"https:\/\/doi.org\/10.20365\/disegnarecon.30.2023.16\" target=\"_blank\" rel=\"noreferrer noopener\"><strong>Modeling singular neoclassical spaces in a procedural way<\/strong><\/a><\/h3>\n\n\n\n<p class=\"wp-block-paragraph\"><em>DisegnareCon<\/em>&nbsp;(ISSN 1828-5961), vol 16, n\u00ba 30, pp. DW.1-DW.10, 2023.<\/p>\n\n\n\n<div style=\"height:20px\" aria-hidden=\"true\" class=\"wp-block-spacer\"><\/div>\n\n\n\n<p class=\"wp-block-paragraph\"><em>De la Torre Forn\u00e9s, Irene; Cortina Maruenda, Javier; Marcos Gonz\u00e1lez, David&nbsp;<\/em><\/p>\n\n\n\n<h3 class=\"wp-block-heading\"><strong><a href=\"https:\/\/doi.org\/10.20365\/disegnarecon.30.2023.26\" title=\"KNOWING THE ARCHITECTURAL HERITAGE THRIUGH GRAPHIC SURVEY: THE CASTLE OF ADEMUZ.\">KNOWING THE ARCHITECTURAL HERITAGE THROUGH GRAPHIC SURVEY: THE CASTLE OF ADEMUZ.<\/a><\/strong><\/h3>\n\n\n\n<p class=\"wp-block-paragraph\"><em>DisegnareCon<\/em> (ISSN 1828 5961), vol. , n\u00ba 16, N\u00ba30, pp. 12.1, 12.18, 2023<\/p>\n\n\n\n<div style=\"height:20px\" aria-hidden=\"true\" class=\"wp-block-spacer\"><\/div>\n\n\n\n<p class=\"wp-block-paragraph\"><em>De la Torre Forn\u00e9s, Irene&nbsp;<\/em><\/p>\n\n\n\n<h3 class=\"wp-block-heading\"><a href=\"https:\/\/doi.org\/10.4995\/ega.2023.20392\" title=\"CONVERSANDO CON... ANGELA GARCIA DE PAREDES\"><strong>CONVERSANDO CON&#8230; ANGELA GARCIA DE PAREDES<\/strong><\/a><\/h3>\n\n\n\n<p class=\"wp-block-paragraph\"><em>EGA Revista de expresi\u00f3n gr\u00e1fica arquitect\u00f3nica<\/em> (ISSN 1133-6137), vol.28 (49), pp. 11-25, 2022.<\/p>\n\n\n\n<div style=\"height:20px\" aria-hidden=\"true\" class=\"wp-block-spacer\"><\/div>\n\n\n\n<p class=\"wp-block-paragraph\"><em>Irene de la Torre Forn\u00e9s, Elisa Valero Ramos, Ignacio Cabodevilla Artieda&nbsp;<\/em><\/p>\n\n\n\n<h3 class=\"wp-block-heading\"><strong><a href=\"https:\/\/doi.org\/10.4995\/vlc.2023.18973\" title=\"COLOR Y EXPRESI\u00d3N ART\u00cdSTICA A TRAV\u00c9S DE LA CER\u00c1MICA ARQUITECT\u00d3NICA EN LA \u00daLTIMA ETAPA DE LA OBRA DE OSCAR NIEMEYER\">COLOR Y EXPRESI\u00d3N ART\u00cdSTICA A TRAV\u00c9S DE LA CER\u00c1MICA ARQUITECT\u00d3NICA EN LA \u00daLTIMA ETAPA DE LA OBRA DE OSCAR NIEMEYER<\/a><\/strong><\/h3>\n\n\n\n<p class=\"wp-block-paragraph\">VLC arquitectura volume 10 issue 1. PP. 109-130.&nbsp;&nbsp;ISSN: 2341-3050.<\/p>\n\n\n\n<div style=\"height:20px\" aria-hidden=\"true\" class=\"wp-block-spacer\"><\/div>\n\n\n\n<p class=\"wp-block-paragraph\">Garc\u00eda-S\u00e1nchez, Ana Mar\u00eda; Torres Barchino, Ana Mar\u00eda.<\/p>\n\n\n\n<h3 class=\"wp-block-heading\"><strong><a href=\"https:\/\/doi.org\/10.1080%2F26892618.2023.2225182\" title=\"THE INFLUENCE OF THE BUILT ENVIROMENT ON THE QUALITY OF URBAN OLDER ADULTS AGING IN PLACE: A SCOPING REVIEW.\">THE INFLUENCE OF THE BUILT ENVIROMENT ON THE QUALITY OF URBAN OLDER ADULTS AGING IN PLACE: A SCOPING REVIEW.<\/a><\/strong><\/h3>\n\n\n\n<p class=\"wp-block-paragraph\">Journal of Aging and Environment (Online). ISSN 2689-2626.<\/p>\n\n\n\n<div style=\"height:20px\" aria-hidden=\"true\" class=\"wp-block-spacer\"><\/div>\n\n\n\n<hr class=\"wp-block-separator has-alpha-channel-opacity\"\/>\n\n\n\n<div style=\"height:20px\" aria-hidden=\"true\" class=\"wp-block-spacer\"><\/div>\n\n\n\n<h3 class=\"wp-block-heading\">2022<\/h3>\n\n\n\n<div style=\"height:20px\" aria-hidden=\"true\" class=\"wp-block-spacer\"><\/div>\n\n\n\n<p class=\"wp-block-paragraph\"><em>Serra, Juan; Gouaich, Yacine; Manav, Banu<\/em><\/p>\n\n\n\n<h3 class=\"wp-block-heading\" style=\"text-transform:uppercase\"><a href=\"https:\/\/onlinelibrary.wiley.com\/doi\/epdf\/10.1002\/col.22698\" target=\"_blank\" rel=\"noreferrer noopener\"><strong>Preference for accent and background colors in interior architecture in terms of similarity\/contrast of natural color system attributes.<\/strong><\/a><\/h3>\n\n\n\n<p class=\"wp-block-paragraph\"><em>Color Research &amp; Application<\/em>&nbsp;(ISSN 0361-2317), vol 47( 1), pp. 135\u2013 151, 2022.<\/p>\n\n\n\n<div style=\"height:20px\" aria-hidden=\"true\" class=\"wp-block-spacer\"><\/div>\n\n\n\n<p class=\"wp-block-paragraph\"><em>Llopis, Jorge; De la Torre, Irene; Serra, Juan Serra; Torres, Ana&nbsp;<\/em><\/p>\n\n\n\n<h3 class=\"wp-block-heading\"><strong><a href=\"https:\/\/www.gangemieditore.com\/dettaglio\/disegnare-idee-immagini-n\/9350\/29\" title=\"SERLIAN SERIAL CERAMICS IN THE SPANISH RENAISSANCE: THE CONSTRUCTION OF A NEW SPATIALTY \">SERLIAN SERIAL CERAMICS IN THE SPANISH RENAISSANCE: THE CONSTRUCTION OF A NEW SPATIALTY <\/a><\/strong><\/h3>\n\n\n\n<p class=\"wp-block-paragraph\"><em>Disegnare Idee Immagini<\/em> (ISBN 977112392400921002), vol 63, pp. 38-49, 2021.<\/p>\n\n\n\n<div style=\"height:20px\" aria-hidden=\"true\" class=\"wp-block-spacer\"><\/div>\n\n\n\n<p class=\"wp-block-paragraph\"><em>Llopis, J.; Torres, A.; Serra, J. y Piquer J. C.&nbsp;&nbsp;<\/em><\/p>\n\n\n\n<h3 class=\"wp-block-heading\"><strong><a href=\"https:\/\/gladius.revistas.csic.es\/index.php\/gladius\/article\/view\/357\" title=\"INGENIEROS Y FORTIFICACIONER EN LA FLORIDA ESPA\u00d1OLA. EL PRESIDIO DE SAN AGUST\u00cdN: 1565-1821\">INGENIEROS Y FORTIFICACIONER EN LA FLORIDA ESPA\u00d1OLA. EL PRESIDIO DE SAN AGUST\u00cdN: 1565-1821<\/a><\/strong><\/h3>\n\n\n\n<p class=\"wp-block-paragraph\"><em>Gladius<\/em>, (<em>ISSN<\/em> 0436-029X), n\u00ba42: 123-143<\/p>\n\n\n\n<div style=\"height:20px\" aria-hidden=\"true\" class=\"wp-block-spacer\"><\/div>\n\n\n\n<p class=\"wp-block-paragraph\"><em>Llopis, J.&nbsp;&nbsp;<\/em><\/p>\n\n\n\n<h3 class=\"wp-block-heading\"><strong><a href=\"https:\/\/doi.org\/10.4995\/ega.2022.17177\" title=\"ESTRATOS DE PENSAMIENTO. LOS DIBUJOS DE JOSEP MAR\u00cdA JUJOL\">ESTRATOS DE PENSAMIENTO. LOS DIBUJOS DE JOSEP MAR\u00cdA JUJOL<\/a><\/strong><\/h3>\n\n\n\n<p class=\"wp-block-paragraph\"><em>EGA Revista de expresi\u00f3n gr\u00e1fica arquitect\u00f3nica<\/em> (ISSN 1133-6137), vol.27 (44), pp. 11-25, 2022.<\/p>\n\n\n\n<div style=\"height:20px\" aria-hidden=\"true\" class=\"wp-block-spacer\"><\/div>\n\n\n\n<p class=\"wp-block-paragraph\"><em>De la Torre Forn\u00e9s, Irene; Serra Lluch, Juan&nbsp;<\/em><\/p>\n\n\n\n<h3 class=\"wp-block-heading\"><strong><a href=\"https:\/\/doi.org\/10.4995\/ega.2022.17177\" title=\"CONVERSANDO CON... DOMINIQUE COULON\">CONVERSANDO CON&#8230; DOMINIQUE COULON<\/a><\/strong><\/h3>\n\n\n\n<p class=\"wp-block-paragraph\"><em>EGA Revista de expresi\u00f3n gr\u00e1fica arquitect\u00f3nica<\/em> (ISSN 1133-6137), vol.27 (44), pp. 11-25, 2022.<\/p>\n\n\n\n<div style=\"height:20px\" aria-hidden=\"true\" class=\"wp-block-spacer\"><\/div>\n\n\n\n<p class=\"wp-block-paragraph\"><em>Cortina Maruenda, Francisco Javier; Serra Lluch, Juan; Torres Barchino, Ana; Llopis Verd\u00fa, Jorge&nbsp;<\/em><\/p>\n\n\n\n<h3 class=\"wp-block-heading\"><a href=\"doi:10.23738\/CCSJ.140205\" title=\"DIGITAL APPLICATIONS TO TRAIN COLOR ORDERING IN THE THREE DIMENSIONS FOR ARCHITECTS AND DESIGNERS\"><strong>DIGITAL APPLICATIONS TO TRAIN COLOR ORDERING IN THE THREE DIMENSIONS FOR ARCHITECTS AND DESIGNERS<\/strong><\/a><\/h3>\n\n\n\n<p class=\"wp-block-paragraph\"><em>Cultura e Scienza del Colore &#8211; Color Culture and Science<\/em>, (ISSN 2384- 9568), vol. 14 (02), pp. 38\u201344, 2022<\/p>\n\n\n\n<div style=\"height:20px\" aria-hidden=\"true\" class=\"wp-block-spacer\"><\/div>\n\n\n\n<p class=\"wp-block-paragraph\"><em>Gilabert Sanz, Salvador; Serra, Juan; Luis Gim\u00e9nez Mateu&nbsp;<\/em><\/p>\n\n\n\n<h3 class=\"wp-block-heading\"><a href=\"https:\/\/doi.org\/10.4995\/ega.2022.18730\" title=\"EL DIBUJO DE UN MIRALLES QUE EXPERIMENTA Y CREA\"><strong>EL DIBUJO DE UN MIRALLES QUE EXPERIMENTA Y CREA<\/strong><\/a><\/h3>\n\n\n\n<p class=\"wp-block-paragraph\">EGA. Revista de expresi\u00f3n gr\u00e1fica arquitect\u00f3nica (ISSN 1133-6137), vol. 27 (46), pp. 264-283, 2022.<\/p>\n\n\n\n<div style=\"height:20px\" aria-hidden=\"true\" class=\"wp-block-spacer\"><\/div>\n\n\n\n<p class=\"wp-block-paragraph\"><em>Cabanes, M.; Cortina, F.; Gilabert, S.&nbsp;&nbsp;<\/em><\/p>\n\n\n\n<h3 class=\"wp-block-heading\"><strong><a href=\"http:\/\/dx.doi.org\/10.4995\/ega.2022.18046\" title=\"DESDIBUJANDO LOS L\u00cdMITES O EL RETRATRO DE DORIAN GRAY\">DESDIBUJANDO LOS L\u00cdMITES O EL RETRATRO DE DORIAN GRAY<\/a><\/strong><\/h3>\n\n\n\n<p class=\"wp-block-paragraph\">EGA: Expresi\u00f3n gr\u00e1fica arquitect\u00f3nica\u00bb, ISSN2254-6103,&nbsp; 15 Julio 2022, vol. 27, n\u00fam. 45, p. 244-255.&nbsp;&nbsp;<\/p>\n\n\n\n<div style=\"height:20px\" aria-hidden=\"true\" class=\"wp-block-spacer\"><\/div>\n\n\n\n<p class=\"wp-block-paragraph\"><em>Space Popular, Alberto Burgos, Javier Cortina&nbsp;<\/em><\/p>\n\n\n\n<h3 class=\"wp-block-heading\"><strong>BLACK VAULT HOUSE, VALENCE (ES) DES PIERRES \u00c9TONNAMMENT L\u00c9G\u00c8RES<\/strong><\/h3>\n\n\n\n<p class=\"wp-block-paragraph\">steeldoc 02\/22, juin 2022&nbsp; ISS N 1662-2359 pp. 4-8&nbsp;&nbsp;<\/p>\n\n\n\n<div style=\"height:20px\" aria-hidden=\"true\" class=\"wp-block-spacer\"><\/div>\n\n\n\n<hr class=\"wp-block-separator has-alpha-channel-opacity\"\/>\n\n\n\n<div style=\"height:20px\" aria-hidden=\"true\" class=\"wp-block-spacer\"><\/div>\n\n\n\n<h3 class=\"wp-block-heading\">2021<\/h3>\n\n\n\n<div style=\"height:20px\" aria-hidden=\"true\" class=\"wp-block-spacer\"><\/div>\n\n\n\n<p class=\"wp-block-paragraph\"><em>Maestre, C.; Torres, A.;&nbsp;<\/em><\/p>\n\n\n\n<h3 class=\"wp-block-heading\"><a href=\"https:\/\/doi.org\/10.30827\/sobre.v7i.15373\" title=\"KLAUS, DI\u00c1LOGO ENTRE ARQUITECTURA Y C\u00d3MIC. UNA HERRAMIENTA CREATIVA COMO M\u00c9TODO DOCENTE\"><strong>KLAUS, DI\u00c1LOGO ENTRE ARQUITECTURA Y C\u00d3MIC. UNA HERRAMIENTA CREATIVA COMO M\u00c9TODO DOCENTE<\/strong><\/a><\/h3>\n\n\n\n<p class=\"wp-block-paragraph\">SOBRE. (ISSN 2387-1733 ISSN-e 2444-3484)&nbsp;Vol. 7 (2021), Campo, P\u00e1ginas 184-197&nbsp;<\/p>\n\n\n\n<p class=\"wp-block-paragraph\"><em>Serra, Juan; I\u00f1arra Abad, Susana; Torres Barchino, Ana Mar\u00eda; Llopis Verd\u00fa, Jorge<\/em><\/p>\n\n\n\n<div style=\"height:20px\" aria-hidden=\"true\" class=\"wp-block-spacer\"><\/div>\n\n\n\n<p class=\"wp-block-paragraph\">Llopis, J.<\/p>\n\n\n\n<h3 class=\"wp-block-heading\"><a href=\"https:\/\/polipapers.upv.es\/index.php\/EGA\/article\/view\/16647\" title=\"LA IMAGEN COMO MANIFISTO. A.C., LA REVISTA DEL G.A.T.E.P.A.C.\"><strong>LA IMAGEN COMO MANIFISTO. A.C., LA REVISTA DEL G.A.T.E.P.A.C.<\/strong><\/a><\/h3>\n\n\n\n<p class=\"wp-block-paragraph\"><em>EGA, Revista de Expresi\u00f3n Gr\u00e1fica Arquitect\u00f3nica <\/em>(ISSN: 1133-6137),<em>.<\/em> Valencia,<em> <\/em>n\u00ba43, pp.270-289<\/p>\n\n\n\n<div style=\"height:20px\" aria-hidden=\"true\" class=\"wp-block-spacer\"><\/div>\n\n\n\n<h3 class=\"wp-block-heading\" style=\"text-transform:uppercase\"><a href=\"https:\/\/doi.org\/10.1016\/j.culher.2021.09.005\" target=\"_blank\" rel=\"noreferrer noopener\"><strong>Analysis of facade solutions as an alternative to demolition for architectures with visual impact in historical urban scenes<\/strong><\/a><\/h3>\n\n\n\n<p class=\"wp-block-paragraph\"><em>Journal of Cultural Heritage<\/em>&nbsp;(ISSN&nbsp; 1296-2074), vol. 55, pp. 84-92, 2021.<\/p>\n\n\n\n<div style=\"height:20px\" aria-hidden=\"true\" class=\"wp-block-spacer\"><\/div>\n\n\n\n<p class=\"wp-block-paragraph\"><em>Serra, Juan; Manav, Banu; Gouiach, Yacine<\/em><\/p>\n\n\n\n<h3 class=\"wp-block-heading\" style=\"text-transform:uppercase\"><a href=\"https:\/\/doi.org\/10.1016\/j.foar.2021.03.002\" target=\"_blank\" rel=\"noreferrer noopener\"><strong>Assessing architectural color preference after Le Corbusier&#8217;s 1931 Salubra keyboards: A cross cultural analysis.<\/strong><\/a><\/h3>\n\n\n\n<p class=\"wp-block-paragraph\"><em>Frontiers of Architectural Research&nbsp;<\/em>(ISSN 2095-2635), vol. 10 (3), pp. 502-515, 2021.<\/p>\n\n\n\n<div style=\"height:20px\" aria-hidden=\"true\" class=\"wp-block-spacer\"><\/div>\n\n\n\n<p class=\"wp-block-paragraph\"><em>Llinares Mill\u00e1n, Mar\u00eda Del Carmen; Higuera-Trujillo, Juan Luis; Serra, Juan<\/em><\/p>\n\n\n\n<h3 class=\"wp-block-heading\" style=\"text-transform:uppercase\"><a href=\"https:\/\/doi.org\/10.1016\/j.buildenv.2021.107726\" target=\"_blank\" rel=\"noreferrer noopener\"><strong>Cold and warm coloured classrooms. Effects on students attention and memory measured through psychological and neurophysiological responses<\/strong><\/a><\/h3>\n\n\n\n<p class=\"wp-block-paragraph\"><em>Building and Environment&nbsp;<\/em>(ISSN 0360-1323), vol. 196, pp 107726, 2021.<\/p>\n\n\n\n<div style=\"height:20px\" aria-hidden=\"true\" class=\"wp-block-spacer\"><\/div>\n\n\n\n<p class=\"wp-block-paragraph\"><em>Torres Barchino, Ana; Cabezos Bernal, Pedro M.; Delcampo Carda, Anna; Baviera Ll\u00f3pez, Eduardo<\/em><\/p>\n\n\n\n<h3 class=\"wp-block-heading\" style=\"text-transform:uppercase\"><a href=\"https:\/\/doi.org\/10.4995\/ega.2021.14856\" target=\"_blank\" rel=\"noreferrer noopener\"><strong>Sistema de visualizaci\u00f3n panor\u00e1mica de espacios habitables. Un proyecto de interacci\u00f3n crom\u00e1tica entre la persona mayor y el espacio arquitect\u00f3nico<\/strong><\/a><\/h3>\n\n\n\n<p class=\"wp-block-paragraph\"><em>EGA Expresi\u00f3n Gr\u00e1fica Arquitect\u00f3nica&nbsp;<\/em>(ISSN 2254-6103)<em>,&nbsp;<\/em>vol 26, n\u00ba42<\/p>\n\n\n\n<div style=\"height:20px\" aria-hidden=\"true\" class=\"wp-block-spacer\"><\/div>\n\n\n\n<p class=\"wp-block-paragraph\"><em>Sender Conter, Marina; Torres Barchino, Ana&nbsp;<\/em><\/p>\n\n\n\n<h3 class=\"wp-block-heading\"><strong><a href=\"https:\/\/doi.org\/10.4995\/ega.2021.13662\" title=\"CONVERSANDO CON... SOL MADRIDEJOS\">CONVERSANDO CON&#8230; SOL MADRIDEJOS<\/a><\/strong><\/h3>\n\n\n\n<p class=\"wp-block-paragraph\">EGA Revista de expresi\u00f3n gr\u00e1fica arquitect\u00f3nica (ISSN 1133-6137), vol. 26 (41), pp. 18-31, 2021.<\/p>\n\n\n\n<div style=\"height:20px\" aria-hidden=\"true\" class=\"wp-block-spacer\"><\/div>\n\n\n\n<p class=\"wp-block-paragraph\"><em>Llopis Verd\u00fa, Jorge; Torre Forn\u00e9s, Irene de la; Serra Lluch, Juan de Ribera; Torres Barchino, Ana Mar\u00eda&nbsp;<\/em><\/p>\n\n\n\n<h3 class=\"wp-block-heading\"><strong><a href=\"https:\/\/riunet.upv.es\/handle\/10251\/199206\" title=\"LA CERAMICA DI INSPIRAZIONE SERLIANA PRODOTTA IN SEIE NEL RINACIMIENTO SPAGNOLO: LA DEFINIZIONE DI UNA NUIVA CONCEZIONE SPAZIALE.\">LA CERAMICA DI INSPIRAZIONE SERLIANA PRODOTTA IN SEIE NEL RINACIMIENTO SPAGNOLO: LA DEFINIZIONE DI UNA NUIVA CONCEZIONE SPAZIALE.<\/a><\/strong><\/h3>\n\n\n\n<p class=\"wp-block-paragraph\"><em>Disegnare. Idee immgini <\/em>(ISSN 1123-9247), vol 32 (63), pp. 38-49, 2021.<\/p>\n\n\n\n<div style=\"height:20px\" aria-hidden=\"true\" class=\"wp-block-spacer\"><\/div>\n\n\n\n<hr class=\"wp-block-separator has-alpha-channel-opacity\"\/>\n\n\n\n<div style=\"height:20px\" aria-hidden=\"true\" class=\"wp-block-spacer\"><\/div>\n\n\n\n<h3 class=\"wp-block-heading\">2020<\/h3>\n\n\n\n<div style=\"height:20px\" aria-hidden=\"true\" class=\"wp-block-spacer\"><\/div>\n\n\n\n<p class=\"wp-block-paragraph\"><em>Garc\u00eda S\u00e1nchez, Ana; Torres Barchino, Ana<\/em><\/p>\n\n\n\n<h3 class=\"wp-block-heading\" style=\"text-transform:uppercase\"><a href=\"https:\/\/doi.org\/10.4995\/ega.2020.12947\" target=\"_blank\" rel=\"noreferrer noopener\"><strong>El proyecto de Halsey Street (Brooklyn, NY): documentaci\u00f3n y materializaci\u00f3n<\/strong><\/a><\/h3>\n\n\n\n<p class=\"wp-block-paragraph\"><em>EGA Expresi\u00f3n Gr\u00e1fica Arquitect\u00f3nica<\/em>&nbsp;(ISSN 2254-6103), vol 25, n\u00ba39, &nbsp;p. 156-169, 2020.<\/p>\n\n\n\n<div style=\"height:20px\" aria-hidden=\"true\" class=\"wp-block-spacer\"><\/div>\n\n\n\n<p class=\"wp-block-paragraph\"><em>Torres, Ana; Serra, Juan; Llopis, Jorge; Delcampo, Anna<\/em><\/p>\n\n\n\n<h3 class=\"wp-block-heading\" style=\"text-transform:uppercase\"><a href=\"https:\/\/doi.org\/10.1016\/j.foar.2020.06.002\" target=\"_blank\" rel=\"noreferrer noopener\"><strong>Color preference cool versus warm in nursing homes depends on the expected activity for interior spaces<\/strong><\/a><\/h3>\n\n\n\n<p class=\"wp-block-paragraph\"><em>Frontiers of Architectural Research&nbsp;<\/em>(ISSN 2095-2635), vol. 9 (4), pp. 739-750, 2020<\/p>\n\n\n\n<div style=\"height:20px\" aria-hidden=\"true\" class=\"wp-block-spacer\"><\/div>\n\n\n\n<p class=\"wp-block-paragraph\"><em>Llopis Verd\u00fa, Jorge; Piquer Cases, Juan Carlos; Serra Lluch, Juan<\/em><\/p>\n\n\n\n<h3 class=\"wp-block-heading\" style=\"text-transform:uppercase\"><a href=\"https:\/\/doi.org\/10.4995\/ega.2020.13953\" target=\"_blank\" rel=\"noreferrer noopener\"><strong>Plan de la ciudad de San Agust\u00edn de la Florida y sus contornos, situada en la altura septentrional de 29 grados y 50 minutos\u201d de Antonio de Arredondo de 1737. Una ciudad ideal en La Florida Espa\u00f1ola en el siglo XVIII<\/strong><\/a><\/h3>\n\n\n\n<p class=\"wp-block-paragraph\"><em>EGA Expresi\u00f3n Gr\u00e1fica Arquitect\u00f3nica&nbsp;<\/em>(ISSN 2254-6103), vol. 25, n. 39, p. 182-195, 2020.<\/p>\n\n\n\n<div style=\"height:20px\" aria-hidden=\"true\" class=\"wp-block-spacer\"><\/div>\n\n\n\n<p class=\"wp-block-paragraph\"><em>Serra Lluch, Juan; Llinares Mill\u00e1n, Mar\u00eda Del Carmen; I\u00f1arra Abad, Susana; Torres Barchino, Ana Mar\u00eda; Llopis Verd\u00fa, Jorge<\/em><\/p>\n\n\n\n<h3 class=\"wp-block-heading\" style=\"text-transform:uppercase\"><a href=\"https:\/\/doi.org\/10.1016\/j.eiar.2019.106353\" target=\"_blank\" rel=\"noreferrer noopener\"><strong>Improvement of the integration of visually impacting architectures in historical urban scene, an application of semantic differencial method<\/strong><\/a><\/h3>\n\n\n\n<p class=\"wp-block-paragraph\"><em>Environmental Impact Assessment Review&nbsp;<\/em>(ISSN 0195-9255), vol. 81, 2020.<\/p>\n\n\n\n<div style=\"height:20px\" aria-hidden=\"true\" class=\"wp-block-spacer\"><\/div>\n\n\n\n<p class=\"wp-block-paragraph\"><em>Torres Barchino, Ana; Serra Lluch, Juan; Llopis Verd\u00fa, Jorge; Torre Forn\u00e9s, Irene; Hidalgo Mora, Javier<\/em><\/p>\n\n\n\n<h3 class=\"wp-block-heading\" style=\"text-transform:uppercase\"><a href=\"http:\/\/hdl.handle.net\/10251\/156574\" target=\"_blank\" rel=\"noreferrer noopener\"><strong>Restauraci\u00f3n de los colores exteriores del Palacete Burgos de Valencia.<\/strong><\/a><\/h3>\n\n\n\n<p class=\"wp-block-paragraph\"><em>Arch\u00e9 (Online),<\/em>&nbsp;n\u00ba 15, p. 217-226, 2020<\/p>\n\n\n\n<div style=\"height:20px\" aria-hidden=\"true\" class=\"wp-block-spacer\"><\/div>\n\n\n\n<p class=\"wp-block-paragraph\"><em>Torres Barchino, Ana; Serra Lluch, Juan; Llopis Verd\u00fa, Jorge<\/em><\/p>\n\n\n\n<h3 class=\"wp-block-heading\" style=\"text-transform:uppercase\"><a href=\"http:\/\/hdl.handle.net\/10251\/156575\" target=\"_blank\" rel=\"noreferrer noopener\"><strong>Volver a ver el color original del Sindicat Arrosser de Alfafar<\/strong><\/a><\/h3>\n\n\n\n<p class=\"wp-block-paragraph\">&nbsp;Arch\u00e9 (Online), n\u00ba 15, p. 207-215, 2020<\/p>\n\n\n\n<div style=\"height:20px\" aria-hidden=\"true\" class=\"wp-block-spacer\"><\/div>\n\n\n\n<p class=\"wp-block-paragraph\"><em>De la Torre Forn\u00e9s, Irene&nbsp;<\/em>&nbsp;<\/p>\n\n\n\n<h3 class=\"wp-block-heading\"><strong><a href=\"https:\/\/doi.org\/10.4995\/ega.2020.12094\" title=\"LA CER\u00c1MICA ARQUITECT\u00d3NICA EN LA ETAPA DE OSCAR NIEMEYER\">LA CER\u00c1MICA ARQUITECT\u00d3NICA EN LA ETAPA DE OSCAR NIEMEYER<\/a><\/strong><\/h3>\n\n\n\n<p class=\"wp-block-paragraph\"><em>EGA Expresi\u00f3n Gr\u00e1fica Arquitect\u00f3nica <\/em>(ISSN 2254-6103), vol. 25, n. 38, p. 206-215, 2020.&nbsp;<\/p>\n\n\n\n<div style=\"height:20px\" aria-hidden=\"true\" class=\"wp-block-spacer\"><\/div>\n\n\n\n<hr class=\"wp-block-separator has-alpha-channel-opacity\"\/>\n\n\n\n<div style=\"height:20px\" aria-hidden=\"true\" class=\"wp-block-spacer\"><\/div>\n\n\n\n<h3 class=\"wp-block-heading\">2019<\/h3>\n\n\n\n<div style=\"height:20px\" aria-hidden=\"true\" class=\"wp-block-spacer\"><\/div>\n\n\n\n<p class=\"wp-block-paragraph\"><em>Mateo Mart\u00ednez, Bego\u00f1a; Serrano Ortiz, Jose Francisco; Planells Palop, Carlos ; Laparra Hernandez, Jose; Mart\u00ednez G\u00f3mez, Laura; Bermejo Bosch, Ignacio; Llopis Verd\u00fa, Jorge; Serra Lluch, Juan<\/em><\/p>\n\n\n\n<h3 class=\"wp-block-heading\" style=\"text-transform:uppercase\"><a href=\"https:\/\/www.ibv.org\/publicaciones\/revista-de-biomecanica\/revista-de-biomecanica-66-2018\/%20\" target=\"_blank\" rel=\"noreferrer noopener\"><strong>Mejorar el bienestar de los seniors a trav\u00e9s de t\u00e9cnicas de respuesta fisiol\u00f3gica y registro de la mirada.<\/strong><\/a><\/h3>\n\n\n\n<p class=\"wp-block-paragraph\">Revista de Biomec\u00e1nica (Online), n\u00ba 66, pp. 80-87, 2019.<\/p>\n\n\n\n<div style=\"height:20px\" aria-hidden=\"true\" class=\"wp-block-spacer\"><\/div>\n\n\n\n<p class=\"wp-block-paragraph\"><em>Llopis Verd\u00fa, Jorge; Serra Lluch, Juan; Torres Barchino, Ana<\/em><\/p>\n\n\n\n<h3 class=\"wp-block-heading\" style=\"text-transform:uppercase\"><a href=\"https:\/\/doi.org\/10.20365\/disegnarecon.22.2019.12%20\" target=\"_blank\" rel=\"noreferrer noopener\"><strong>Digital diagrams and urban and territorial cartography. Contemporary schematic depictions of immateriality.<\/strong><\/a><\/h3>\n\n\n\n<p class=\"wp-block-paragraph\">DisegnareCon (ISSN 1828 5961), vol. 22, n\u00ba 12, pp. 12.1, 12.18, 2019<\/p>\n\n\n\n<div style=\"height:20px\" aria-hidden=\"true\" class=\"wp-block-spacer\"><\/div>\n\n\n\n<p class=\"wp-block-paragraph\"><em>Delcampo\u2010Carda, Anna; Torres\u2010Barchino, Ana; Serra\u2010Lluch, Juan<\/em><\/p>\n\n\n\n<h3 class=\"wp-block-heading\" style=\"text-transform:uppercase\"><a href=\"https:\/\/onlinelibrary.wiley.com\/doi\/abs\/10.1002\/col.22358\" target=\"_blank\" rel=\"noreferrer noopener\"><strong>Chromatic interior environments for the elderly: A literature review<\/strong><\/a><\/h3>\n\n\n\n<p class=\"wp-block-paragraph\">Color Research &amp; Application (ISSN 0361-2317), vol.44 (3), pp. 381-395, 2019.<\/p>\n\n\n\n<div style=\"height:20px\" aria-hidden=\"true\" class=\"wp-block-spacer\"><\/div>\n\n\n\n<p class=\"wp-block-paragraph\"><em>Juan L\u00f3pez-Tarruella Maldonado; Llinares Mill\u00e1n, Mar\u00eda Del Carmen; Serra Lluch, Juan; I\u00f1arra Abad, Susana; Helle Wijk<\/em><\/p>\n\n\n\n<h3 class=\"wp-block-heading\" style=\"text-transform:uppercase\"><a href=\"https:\/\/journals.sagepub.com\/doi\/abs\/10.1177\/1937586718796593\" target=\"_blank\" rel=\"noreferrer noopener\"><strong>Influence of color in a lactation room on users\u2019 affective impressions and preferences<\/strong><\/a><\/h3>\n\n\n\n<p class=\"wp-block-paragraph\">HERD Health Environments Research &amp; Design Journal (ISSN 1937-5867), vol. 12(5),pp. 55-70, 2019 Apr. JCR SSCI, IF 2017: 1.387 (Q3)<\/p>\n\n\n\n<div style=\"height:20px\" aria-hidden=\"true\" class=\"wp-block-spacer\"><\/div>\n\n\n\n<p class=\"wp-block-paragraph\"><em>Cabodevilla-Artieda, Ignacio<\/em><\/p>\n\n\n\n<h3 class=\"wp-block-heading\" style=\"text-transform:uppercase\"><a href=\"http:\/\/disegnarecon.univaq.it\/ojs\/index.php\/disegnarecon\/article\/view\/540\" target=\"_blank\" rel=\"noreferrer noopener\"><strong>The drawings of Tiburzio Spannocchi for the fortifications of the Pyrenees. Analysis and design.<\/strong><\/a><\/h3>\n\n\n\n<p class=\"wp-block-paragraph\">DisegnareCon&nbsp;(ISSN&nbsp;1828 5961), vol. 22,&nbsp;n\u00ba&nbsp;12, pp. 5.1, 5.23, 2019<\/p>\n\n\n\n<div style=\"height:20px\" aria-hidden=\"true\" class=\"wp-block-spacer\"><\/div>\n\n\n\n<hr class=\"wp-block-separator has-alpha-channel-opacity\"\/>\n\n\n\n<div style=\"height:20px\" aria-hidden=\"true\" class=\"wp-block-spacer\"><\/div>\n\n\n\n<h3 class=\"wp-block-heading\">2018<\/h3>\n\n\n\n<div style=\"height:20px\" aria-hidden=\"true\" class=\"wp-block-spacer\"><\/div>\n\n\n\n<p class=\"wp-block-paragraph\"><em>Yacine Gouiach; Abdelkader Mebrouki; Racha Ghariri; Abdelkhaliq Mebarki; Akila Belabbas; Banu Manav; Serra Lluch, Juan; Llopis Verd\u00fa, Jorge; Torres Barchino, Ana Mar\u00eda.<\/em><\/p>\n\n\n\n<h3 class=\"wp-block-heading\" style=\"text-transform:uppercase\"><a href=\"https:\/\/onlinelibrary.wiley.com\/doi\/abs\/10.1002\/col.22225\" target=\"_blank\" rel=\"noreferrer noopener\"><strong>A novel method for assessing the chromatic integration of architecture in the Ksourian landscape of M&#8217;zab Valley, Algeria<\/strong><\/a><\/h3>\n\n\n\n<p class=\"wp-block-paragraph\">Color Research &amp; Application (ISSN 0361-2317), vol.43 (5), pp. 760-778, 2018. JCR SSCI, IF 2017: 1.023 (Q3)<\/p>\n\n\n\n<div style=\"height:20px\" aria-hidden=\"true\" class=\"wp-block-spacer\"><\/div>\n\n\n\n<p class=\"wp-block-paragraph\"><em>Llopis Verd\u00fa, Jorge<\/em><\/p>\n\n\n\n<h3 class=\"wp-block-heading\" style=\"text-transform:uppercase\"><a href=\"https:\/\/polipapers.upv.es\/index.php\/EGA\/article\/view\/10860\/10715\" target=\"_blank\" rel=\"noreferrer noopener\"><strong>Entre representaci\u00f3n y simulaci\u00f3n. Un cambio de paradigma en el dibujo arquitect\u00f3nico contempor\u00e1neo<\/strong><\/a><\/h3>\n\n\n\n<p class=\"wp-block-paragraph\">EGA Revista de expresi\u00f3n gr\u00e1fica arquitect\u00f3nica (ISSN 1133-6137), vol. 23 (34), pp. 180-193.<\/p>\n\n\n\n<div style=\"height:20px\" aria-hidden=\"true\" class=\"wp-block-spacer\"><\/div>\n\n\n\n<p class=\"wp-block-paragraph\"><em>Llopis Verd\u00fa, Jorge<\/em><\/p>\n\n\n\n<h3 class=\"wp-block-heading\" style=\"text-transform:uppercase\"><a href=\"http:\/\/xn--el%20paradigma%20fotogrfico%20del%20dibujo%20arquitectnico%20digital-5qf50k\/\" target=\"_blank\" rel=\"noreferrer noopener\"><strong>El paradigma fotogr\u00e1fico del dibujo arquitect\u00f3nico digital<\/strong><\/a><\/h3>\n\n\n\n<p class=\"wp-block-paragraph\">Arte Individuo y Sociedad (DOI: 10.1002\/col.22225), vol. 30 (3), pp.557-573, 2018<\/p>\n\n\n\n<div style=\"height:20px\" aria-hidden=\"true\" class=\"wp-block-spacer\"><\/div>\n\n\n\n<p class=\"wp-block-paragraph\"><em>Cabodevilla-Artieda, Ignacio<\/em><\/p>\n\n\n\n<h3 class=\"wp-block-heading\" style=\"text-transform:uppercase\"><a href=\"https:\/\/doi.org\/10.4995\/ega.2018.10393%20\" target=\"_blank\" rel=\"noreferrer noopener\"><strong>La arquitectura defensiva de la Corona de Arag\u00f3n en los siglos XIV y XV. Entre la ballesta y la p\u00f3lvora<\/strong><\/a><\/h3>\n\n\n\n<p class=\"wp-block-paragraph\">EGA Revista de expresi\u00f3n gr\u00e1fica arquitect\u00f3nica&nbsp;(ISSN 1133-6137), vol. 23 (33), pp. 104-117<\/p>\n\n\n\n<div style=\"height:20px\" aria-hidden=\"true\" class=\"wp-block-spacer\"><\/div>\n\n\n\n<hr class=\"wp-block-separator has-alpha-channel-opacity\"\/>\n\n\n\n<div style=\"height:20px\" aria-hidden=\"true\" class=\"wp-block-spacer\"><\/div>\n\n\n\n<h3 class=\"wp-block-heading\">2017<\/h3>\n\n\n\n<div style=\"height:20px\" aria-hidden=\"true\" class=\"wp-block-spacer\"><\/div>\n\n\n\n<p class=\"wp-block-paragraph\"><em>Sancho, M.; Agust\u00edn, L.; Llopis<\/em><\/p>\n\n\n\n<h3 class=\"wp-block-heading\" style=\"text-transform:uppercase\"><a href=\"https:\/\/upcommons.upc.edu\/bitstream\/handle\/2117\/109643\/4801-3006-1-PB.pdf?sequence=1&amp;isAllowed=y\" target=\"_blank\" rel=\"noreferrer noopener\"><strong>Hacia una nueva concepci\u00f3n del espacio p\u00fablico en el Teruel de la Edad Moderna: desde el S.XVI hasta el inicio del S.XIX<\/strong><\/a><\/h3>\n\n\n\n<p class=\"wp-block-paragraph\">ACE, Arquitectura, Ciudad y Entorno&nbsp;(Barcelona:&nbsp;Universitat&nbsp;Polit\u00e8cnica&nbsp;de Catalunya) en prensa.<\/p>\n\n\n\n<div style=\"height:20px\" aria-hidden=\"true\" class=\"wp-block-spacer\"><\/div>\n\n\n\n<p class=\"wp-block-paragraph\"><em>G\u00f3mez Alonso, Carlos; \u00c1lvarez Isidro, Eva; Torres Barchino, Ana<\/em><\/p>\n\n\n\n<h3 class=\"wp-block-heading\" style=\"text-transform:uppercase\"><a href=\"https:\/\/polipapers.upv.es\/index.php\/EGA\/article\/view\/8861\/8862%20\" target=\"_blank\" rel=\"noreferrer noopener\"><strong>Conversando con&#8230;Momoyo Kaijima.<\/strong><\/a><\/h3>\n\n\n\n<p class=\"wp-block-paragraph\">EGA Revista de expresi\u00f3n gr\u00e1fica arquitect\u00f3nica&nbsp;(ISSN 1133-6137), vol.22 (33),&nbsp;pp. 12-33, 2017.&nbsp;Arts&nbsp;&amp; Hum. Cit. In.<\/p>\n\n\n\n<div style=\"height:20px\" aria-hidden=\"true\" class=\"wp-block-spacer\"><\/div>\n\n\n\n<hr class=\"wp-block-separator has-alpha-channel-opacity\"\/>\n\n\n\n<div style=\"height:20px\" aria-hidden=\"true\" class=\"wp-block-spacer\"><\/div>\n\n\n\n<h3 class=\"wp-block-heading\">2016<\/h3>\n\n\n\n<div style=\"height:20px\" aria-hidden=\"true\" class=\"wp-block-spacer\"><\/div>\n\n\n\n<p class=\"wp-block-paragraph\"><em>Serra Lluch, Juan; Llopis Verd\u00fa, Jorge; Torres Barchino, Ana Mar\u00eda; Gim\u00e9nez Ribera, Manuel<\/em><\/p>\n\n\n\n<h3 class=\"wp-block-heading\" style=\"text-transform:uppercase\"><a href=\"https:\/\/onlinelibrary.wiley.com\/doi\/10.1002\/col.21940%20\" target=\"_blank\" rel=\"noreferrer noopener\"><strong>Color combination criteria in Le Corbusier&#8217;s Purist architecture based on Salubra claviers from 1931<\/strong><\/a><\/h3>\n\n\n\n<p class=\"wp-block-paragraph\">Color Research &amp; Application&nbsp;(ISSN 0361-2317), vol.41, pp. 85-100, 2016. JCR SSCI, IF 2017: 1.023 (Q3)<\/p>\n\n\n\n<div style=\"height:20px\" aria-hidden=\"true\" class=\"wp-block-spacer\"><\/div>\n\n\n\n<p class=\"wp-block-paragraph\"><em>Serra Lluch, Juan; Torres Barchino, Ana Mar\u00eda; Llopis Verd\u00fa, Jorge; Villaplana Guill\u00e9n, Ram\u00f3n Vicente.<\/em><\/p>\n\n\n\n<h3 class=\"wp-block-heading\" style=\"text-transform:uppercase\"><a href=\"https:\/\/polipapers.upv.es\/index.php\/EGA\/article\/view\/4749%20\" target=\"_blank\" rel=\"noreferrer noopener\"><strong>Unos graffiti in\u00e9ditos en las torres de Quart de Valencia<\/strong><\/a><\/h3>\n\n\n\n<p class=\"wp-block-paragraph\">EGA Revista de expresi\u00f3n gr\u00e1fica arquitect\u00f3nica&nbsp;(ISSN 1133-6137), vol.21 (27),&nbsp;pp. 188-197, 2016.&nbsp;Arts &amp; Hum. Cit. In., 2\u00ba&nbsp;tercil&nbsp;del SJR<\/p>\n\n\n\n<div style=\"height:20px\" aria-hidden=\"true\" class=\"wp-block-spacer\"><\/div>\n\n\n\n<p class=\"wp-block-paragraph\"><em>Gilabert Sanz, Salvador; Cabodevilla-Artieda, Ignacio<\/em><\/p>\n\n\n\n<h3 class=\"wp-block-heading\" style=\"text-transform:uppercase\"><a href=\"https:\/\/doi.org\/10.4995\/ega.2016.6306%20\" target=\"_blank\" rel=\"noreferrer noopener\"><strong>Conversando con&#8230; Jean Nouvel<\/strong><\/a><\/h3>\n\n\n\n<p class=\"wp-block-paragraph\">EGA Revista de expresi\u00f3n gr\u00e1fica arquitect\u00f3nica&nbsp;(ISSN 1133-6137), vol.21 (28),&nbsp;pp. 16-29<\/p>\n\n\n\n<div style=\"height:20px\" aria-hidden=\"true\" class=\"wp-block-spacer\"><\/div>\n\n\n\n<hr class=\"wp-block-separator has-alpha-channel-opacity\"\/>\n\n\n\n<div style=\"height:20px\" aria-hidden=\"true\" class=\"wp-block-spacer\"><\/div>\n\n\n\n<h3 class=\"wp-block-heading\">2015<\/h3>\n\n\n\n<div style=\"height:20px\" aria-hidden=\"true\" class=\"wp-block-spacer\"><\/div>\n\n\n\n<p class=\"wp-block-paragraph\"><em>Llopis Verd\u00fa, Jorge; Torres Barchino, Ana Mar\u00eda; Serra Lluch, Juan; Garc\u00eda Codo\u00f1er, \u00c1ngela<\/em><\/p>\n\n\n\n<h3 class=\"wp-block-heading\" style=\"text-transform:uppercase\"><a href=\"https:\/\/www.sciencedirect.com\/science\/article\/pii\/S1296207415000187%20\" target=\"_blank\" rel=\"noreferrer noopener\"><strong>The preservation of the chromatic image of historical cities as a cultural value. The old city of Valencia (Spain)<\/strong><\/a><\/h3>\n\n\n\n<p class=\"wp-block-paragraph\">Journal of Cultural Heritage&nbsp;(ISSN 1296-2074), vol.16 (5), pp. 611-622, 2015. JCR SSCI, IF 2017: 1.706 (Q3<\/p>\n\n\n\n<div style=\"height:20px\" aria-hidden=\"true\" class=\"wp-block-spacer\"><\/div>\n\n\n\n<p class=\"wp-block-paragraph\"><em>Serra, J., Torres, A., Llopis, J., Gim\u00e9nez, M., Garc\u00eda, A.<\/em><\/p>\n\n\n\n<h3 class=\"wp-block-heading\" style=\"text-transform:uppercase\"><a href=\"https:\/\/www.sciencedirect.com\/science\/article\/pii\/S1877042815026415%20%20%20%20\" target=\"_blank\" rel=\"noreferrer noopener\"><strong>Forget what you have learned: spontaneous drawing for the genesis of architecture<\/strong><\/a><\/h3>\n\n\n\n<p class=\"wp-block-paragraph\">Procedia-Social and Behavioral Sciences&nbsp;(ISSN: 1877-0428), vol.&nbsp;191,&nbsp;pp.&nbsp;1128-1134, 2015.&nbsp;<\/p>\n\n\n\n<div style=\"height:20px\" aria-hidden=\"true\" class=\"wp-block-spacer\"><\/div>\n\n\n\n<p class=\"wp-block-paragraph\"><em>Torres Barchino, Ana; Serra Lluch, Juan; Llopis Verd\u00fa, Jorge; Garc\u00eda Codo\u00f1er, \u00c1ngela; Cabodevilla-Artieda, Ignacio.<\/em><\/p>\n\n\n\n<h3 class=\"wp-block-heading\" style=\"text-transform:uppercase\"><a href=\"https:\/\/www.sciencedirect.com\/science\/article\/pii\/S1877042815028931?via%3Dihub%20%20%20%20\" target=\"_blank\" rel=\"noreferrer noopener\"><strong>The need and experience of drawing with ingeniuty. An analysis of the graphic practice in architectural education<\/strong><\/a><\/h3>\n\n\n\n<p class=\"wp-block-paragraph\">Procedia-Social and Behavioral Sciences&nbsp;(ISSN: 1877-0428), vol. 191,&nbsp;pp.&nbsp;2505-2514, 2015.&nbsp;<\/p>\n\n\n\n<div style=\"height:20px\" aria-hidden=\"true\" class=\"wp-block-spacer\"><\/div>\n\n\n\n<p class=\"wp-block-paragraph\"><em>Garc\u00eda Codo\u00f1er, \u00c1.; Braz De Oliveira, I.; Torres Barchino, AM.; Serra Lluch, J.; Llopis Verd\u00fa, J.; De la Torre Forn\u00e9s, I.<\/em><\/p>\n\n\n\n<h3 class=\"wp-block-heading\" style=\"text-transform:uppercase\"><a href=\"https:\/\/riunet.upv.es\/handle\/10251\/84777%20\" target=\"_blank\" rel=\"noreferrer noopener\"><strong>La recuperaci\u00f3n del color de la Rua Junqueira de Lisboa<\/strong><\/a><\/h3>\n\n\n\n<div style=\"height:20px\" aria-hidden=\"true\" class=\"wp-block-spacer\"><\/div>\n\n\n\n<p class=\"wp-block-paragraph\"><em>Delcampo Carda, A.; Torres Barchino, AM.; Garc\u00eda Codo\u00f1er, \u00c1.<\/em><\/p>\n\n\n\n<h3 class=\"wp-block-heading\" style=\"text-transform:uppercase\"><a href=\"https:\/\/riunet.upv.es\/handle\/10251\/84764%20\" target=\"_blank\" rel=\"noreferrer noopener\"><strong>La conservaci\u00f3n de los conjuntos hist\u00f3ricos mediante la aplicaci\u00f3n de una nueva metodolog\u00eda de diagnosis: el ejemplo del centro hist\u00f3rico de Calp<\/strong><\/a><\/h3>\n\n\n\n<p class=\"wp-block-paragraph\">ARCH\u00c9. Revista del Instituto Universitario de Restauraci\u00f3n del Patrimonio de la&nbsp;Universidad Polit\u00e9cnica de Valencia.&nbsp;(ISSN 1887-3960), vol.&nbsp;10, pp. 281-290, 2015.&nbsp;<\/p>\n\n\n\n<div style=\"height:20px\" aria-hidden=\"true\" class=\"wp-block-spacer\"><\/div>\n\n\n\n<p class=\"wp-block-paragraph\"><em>Mar\u00edn Tolosa, RE.; Mart\u00ednez Piqueras, JF.; Hidalgo Delgado, F.; Llopis Verd\u00fa, J.; Baviera Ll\u00f3pez, EM.<\/em><\/p>\n\n\n\n<h3 class=\"wp-block-heading\" style=\"text-transform:uppercase\"><a href=\"https:\/\/riunet.upv.es\/handle\/10251\/85192%20\" target=\"_blank\" rel=\"noreferrer noopener\"><strong>El edificio de enfermer\u00eda de mujeres del complejo sanitario de San Francisco de Borja de Fontilles. An\u00e1lisis constructivo y patol\u00f3gico<\/strong><\/a><\/h3>\n\n\n\n<p class=\"wp-block-paragraph\">ARCH\u00c9. Revista del Instituto Universitario de Restauraci\u00f3n del Patrimonio de la&nbsp;Universidad Polit\u00e9cnica de Valencia.&nbsp;(ISSN 1887-3960), vol.&nbsp;10, pp. 441-450, 2015.<\/p>\n\n\n\n<div style=\"height:20px\" aria-hidden=\"true\" class=\"wp-block-spacer\"><\/div>\n\n\n\n<hr class=\"wp-block-separator has-alpha-channel-opacity\"\/>\n\n\n\n<div style=\"height:20px\" aria-hidden=\"true\" class=\"wp-block-spacer\"><\/div>\n\n\n\n<h3 class=\"wp-block-heading\">2014<\/h3>\n\n\n\n<div style=\"height:20px\" aria-hidden=\"true\" class=\"wp-block-spacer\"><\/div>\n\n\n\n<p class=\"wp-block-paragraph\"><em>Serra Lluch, Juan; Garc\u00eda Codo\u00f1er, \u00c1ngela<\/em><\/p>\n\n\n\n<h3 class=\"wp-block-heading\" style=\"text-transform:uppercase\"><a href=\"https:\/\/onlinelibrary.wiley.com\/doi\/10.1002\/col.21814\" target=\"_blank\" rel=\"noreferrer noopener\"><strong>Color composition in postmodern western architecture<\/strong><\/a><\/h3>\n\n\n\n<div style=\"height:20px\" aria-hidden=\"true\" class=\"wp-block-spacer\"><\/div>\n\n\n\n<p class=\"wp-block-paragraph\"><em>Llopis, Jorge<\/em><\/p>\n\n\n\n<h3 class=\"wp-block-heading\" style=\"text-transform:uppercase\"><a href=\"https:\/\/polipapers.upv.es\/index.php\/EGA\/article\/view\/2178%20%20%20%20\" target=\"_blank\" rel=\"noreferrer noopener\"><strong>Los dibujos arquitect\u00f3nicos de V\u00edctor Hugo: Entre la realidad y la enso\u00f1aci\u00f3n<\/strong><\/a><\/h3>\n\n\n\n<p class=\"wp-block-paragraph\">EGA. Revista de Expresi\u00f3n Gr\u00e1fica Arquitect\u00f3nica&nbsp;(ISSN 1133-6137),&nbsp;vol.&nbsp;23, pp.&nbsp;54-61, 2014.<\/p>\n\n\n\n<div style=\"height:20px\" aria-hidden=\"true\" class=\"wp-block-spacer\"><\/div>\n\n\n\n<p class=\"wp-block-paragraph\"><em>Molina-Siles, Pedro; Torres Barchino, Ana<\/em><\/p>\n\n\n\n<h3 class=\"wp-block-heading\" style=\"text-transform:uppercase\"><a href=\"https:\/\/polipapers.upv.es\/index.php\/EGA\/article\/view\/3085\/3411%20\" target=\"_blank\" rel=\"noreferrer noopener\"><strong>Conversando con&#8230; Rafael Moneo<\/strong><\/a><\/h3>\n\n\n\n<p class=\"wp-block-paragraph\">EGA. Revista de Expresi\u00f3n Gr\u00e1fica Arquitect\u00f3nica&nbsp;(ISSN 1133-6137),&nbsp;vol.&nbsp;23, pp.&nbsp;36\u201349, 2014.<\/p>\n\n\n\n<div style=\"height:20px\" aria-hidden=\"true\" class=\"wp-block-spacer\"><\/div>\n\n\n\n<p class=\"wp-block-paragraph\"><em>Molina-Siles, Pedro; Garc\u00eda Codo\u00f1er, \u00c1ngela; Torres Barchino, Ana<\/em><\/p>\n\n\n\n<h3 class=\"wp-block-heading\" style=\"text-transform:uppercase\"><a href=\"http:\/\/www.revistaatalante.com\/index.php?journal=atalante&amp;page=article&amp;op=view&amp;path%5B%5D=176&amp;path%5B%5D=143%20\" target=\"_blank\" rel=\"noreferrer noopener\"><strong>La frontera diluida. Arquitecturas ef\u00edmeras en el medio cinematogr\u00e1fico<\/strong><\/a><\/h3>\n\n\n\n<div style=\"height:20px\" aria-hidden=\"true\" class=\"wp-block-spacer\"><\/div>\n\n\n\n<hr class=\"wp-block-separator has-alpha-channel-opacity\"\/>\n\n\n\n<div style=\"height:20px\" aria-hidden=\"true\" class=\"wp-block-spacer\"><\/div>\n\n\n\n<h3 class=\"wp-block-heading\">2013<\/h3>\n\n\n\n<div style=\"height:20px\" aria-hidden=\"true\" class=\"wp-block-spacer\"><\/div>\n\n\n\n<p class=\"wp-block-paragraph\"><em>Serra Lluch, Juan<\/em><\/p>\n\n\n\n<h3 class=\"wp-block-heading\" style=\"text-transform:uppercase\"><a href=\"https:\/\/onlinelibrary.wiley.com\/doi\/10.1002\/col.21717%20\" target=\"_blank\" rel=\"noreferrer noopener\"><strong>Three color strategies in architectural composition<\/strong><\/a><\/h3>\n\n\n\n<div style=\"height:20px\" aria-hidden=\"true\" class=\"wp-block-spacer\"><\/div>\n\n\n\n<p class=\"wp-block-paragraph\"><em>Serra Lluch, J; Gilabert Sanz, S.; Llopis Verd\u00fa, J.; Torres Barchino, A.; Garcia Codo\u00f1er, A.<\/em><\/p>\n\n\n\n<h3 class=\"wp-block-heading\" style=\"text-transform:uppercase\"><a href=\"http:\/\/jaic.jsitservices.co.uk\/index.php\/JAIC\/article\/view\/132\/108%20\" target=\"_blank\" rel=\"noreferrer noopener\"><strong>The colors of food: last layer in the palimpsest of Santa Caterina Market in Barcelona<\/strong><\/a><\/h3>\n\n\n\n<p class=\"wp-block-paragraph\">JAIC \u2013 Journal of the International&nbsp;Colour&nbsp;Association.&nbsp;(ISSN 1887-3960), vol.&nbsp;10. pp.&nbsp;2-10, 2013<\/p>\n\n\n\n<div style=\"height:20px\" aria-hidden=\"true\" class=\"wp-block-spacer\"><\/div>\n\n\n\n<p class=\"wp-block-paragraph\"><em>Llopis, J., Gim\u00e9nez, M., Barros, H.<\/em><\/p>\n\n\n\n<h3 class=\"wp-block-heading\" style=\"text-transform:uppercase\"><a href=\"http:\/\/revistas.unisinos.br\/index.php\/arquitetura\/article\/viewFile\/arq.2013.92.07\/3890%20\" target=\"_blank\" rel=\"noreferrer noopener\"><strong>El boceto arquitect\u00f3nico en la era digital\/The architectural sketch in the digital era<\/strong><\/a><\/h3>\n\n\n\n<p class=\"wp-block-paragraph\">Arquitecturarevista.&nbsp;Editora&nbsp;Eusinos&nbsp;(ISSN:&nbsp;3591 1122), vol. 9 (2), pp. 143-152, 2013.<\/p>\n\n\n\n<div style=\"height:20px\" aria-hidden=\"true\" class=\"wp-block-spacer\"><\/div>\n\n\n\n<p class=\"wp-block-paragraph\"><em>Llopis, Jorge<\/em><\/p>\n\n\n\n<h3 class=\"wp-block-heading\" style=\"text-transform:uppercase\"><a href=\"https:\/\/books.google.es\/books?id=HBzeAgAAQBAJ&amp;pg=PA72&amp;lpg=PA72&amp;dq=Lavorare+con+le+mani:+il+modello+plastico+e+l%27architettura+digitale\/Working+with+hands:+architectural+models+and+digital+architecture.&amp;source=bl&amp;ots=M_Jd7-9M87&amp;sig=ACfU3U1n4fPl2WWrqXTUsEseHfGdLLY-hA&amp;hl=es&amp;sa=X&amp;ved=2ahUKEwj41I_b0InjAhWzgVwKHUoeBfQQ6AEwAXoECAkQAQ#v=onepage&amp;q=Lavorare%20con%20le%20mani%3A%20il%20modello%20plastico%20e%20l'architettura%20digitale%2FWorking%20with%20hands%3A%20architectural%20models%20and%20digital%20architecture.&amp;f=false\" target=\"_blank\" rel=\"noreferrer noopener\"><strong>Lavorare con le mani: il modello plastico e l&#8217;architettura digitale\/Working with hands: architectural models and digital architecture<\/strong><\/a><\/h3>\n\n\n\n<p class=\"wp-block-paragraph\">Disegnare.&nbsp;Idee, Imagine&nbsp;(ISSN: 1123-9247), vol. 47, pp. 72-81, 2013.<\/p>\n\n\n\n<div style=\"height:20px\" aria-hidden=\"true\" class=\"wp-block-spacer\"><\/div>\n\n\n\n<p class=\"wp-block-paragraph\">Cortina Maruenda, J.; Cabanes Gin\u00e9s, M.; Gilabert Sanz, S.&nbsp;<\/p>\n\n\n\n<h3 class=\"wp-block-heading\"><strong><a href=\"https:\/\/doi.org\/10.4995\/ega.2013.1681\" title=\"ALEJANDRO DE SOTA. GENEALOG\u00cdA DE UN BOCETO\">ALEJANDRO DE SOTA. GENEALOG\u00cdA DE UN BOCETO<\/a><\/strong><\/h3>\n\n\n\n<p class=\"wp-block-paragraph\">EGA: revista de expresi\u00f3n gr\u00e1fica arquitect\u00f3nica, ISSN 1133-6137, ISSN-e 2254-6103, N\u00ba. 22, 2013 p\u00e1gs. 214-223&nbsp;<\/p>\n\n\n\n<hr class=\"wp-block-separator has-alpha-channel-opacity\"\/>\n\n\n\n<div style=\"height:20px\" aria-hidden=\"true\" class=\"wp-block-spacer\"><\/div>\n\n\n\n<h3 class=\"wp-block-heading\">2012<\/h3>\n\n\n\n<div style=\"height:20px\" aria-hidden=\"true\" class=\"wp-block-spacer\"><\/div>\n\n\n\n<p class=\"wp-block-paragraph\"><em>Torres Barchino, A: Serra Lluch, J. Llopis Verd\u00fa, J; Hig\u00f3n Calvet, A: Garc\u00eda Codo\u00f1er, A: Saiz Maule\u00f3n, B.<\/em><\/p>\n\n\n\n<h3 class=\"wp-block-heading\" style=\"text-transform:uppercase\"><a href=\"http:\/\/informesdelaconstruccion.revistas.csic.es\/index.php\/informesdelaconstruccion\/article\/view\/2188\/2497%20\" target=\"_blank\" rel=\"noreferrer noopener\"><strong>An\u00e1lisis del color y el soleamiento en las Torres de Quart de Valencia (Espa\u00f1a)<\/strong><\/a><\/h3>\n\n\n\n<p class=\"wp-block-paragraph\">Informes de la Construcci\u00f3n&nbsp;(ISSN:&nbsp;0020-0883), vol.&nbsp;64 (527),&nbsp;pp. 261-274, 2012.<\/p>\n\n\n\n<div style=\"height:20px\" aria-hidden=\"true\" class=\"wp-block-spacer\"><\/div>\n\n\n\n<p class=\"wp-block-paragraph\"><em>Serra Lluch, J.; Garc\u00eda Codo\u00f1er, A; Torres Barchino, A.; Llopis Verd\u00fa, J.<\/em><\/p>\n\n\n\n<h3 class=\"wp-block-heading\" style=\"text-transform:uppercase\"><a href=\"https:\/\/onlinelibrary.wiley.com\/doi\/10.1002\/col.20657%20\" target=\"_blank\" rel=\"noreferrer noopener\"><strong>Color composition features in modern architecture<\/strong><\/a><\/h3>\n\n\n\n<p class=\"wp-block-paragraph\">Color Research &amp; Applications.&nbsp;(ISSN&nbsp;&nbsp; 0361-2317), vol.&nbsp;37&nbsp;(2), pp.126-133, 2012.&nbsp;<\/p>\n\n\n\n<div style=\"height:20px\" aria-hidden=\"true\" class=\"wp-block-spacer\"><\/div>\n\n\n\n<p class=\"wp-block-paragraph\"><em>Serra Lluch, Juan<\/em><\/p>\n\n\n\n<h3 class=\"wp-block-heading\" style=\"text-transform:uppercase\"><a href=\"https:\/\/onlinelibrary.wiley.com\/doi\/10.1002\/col.21734%20\" target=\"_blank\" rel=\"noreferrer noopener\"><strong>The versatility of color in contemporary architecture<\/strong><\/a><\/h3>\n\n\n\n<p class=\"wp-block-paragraph\">Color Research &amp; Application&nbsp;(ISSN 0361-2317), vol.&nbsp;38 (5),&nbsp;pp.&nbsp;344-355,&nbsp;2012.&nbsp;<\/p>\n\n\n\n<div style=\"height:20px\" aria-hidden=\"true\" class=\"wp-block-spacer\"><\/div>\n\n\n\n<p class=\"wp-block-paragraph\"><em>Lillo, S., Llopis, J.<\/em><\/p>\n\n\n\n<h3 class=\"wp-block-heading\" style=\"text-transform:uppercase\"><a href=\"https:\/\/polipapers.upv.es\/index.php\/EGA\/article\/view\/1405%20%20\" target=\"_blank\" rel=\"noreferrer noopener\"><strong>Pedro de Guevara y la fortificaci\u00f3n de transici\u00f3n. El plano para la reforma de las defensas de Valencia de 1544<\/strong><\/a><\/h3>\n\n\n\n<p class=\"wp-block-paragraph\">EGA. Revista de Expresi\u00f3n Gr\u00e1fica Arquitect\u00f3nica&nbsp;(ISSN 1133-6137), vol. 20, pp. 66-75, 2012<\/p>\n\n\n\n<div style=\"height:20px\" aria-hidden=\"true\" class=\"wp-block-spacer\"><\/div>\n\n\n\n<p class=\"wp-block-paragraph\"><em>De la Torre Forn\u00e9s, Irene; Torres Barchino, Ana; Garc\u00eda Codo\u00f1er, \u00c1ngela<\/em><\/p>\n\n\n\n<h3 class=\"wp-block-heading\" style=\"text-transform:uppercase\"><a href=\"https:\/\/books.google.es\/books?id=qpyECwAAQBAJ&amp;pg=PA12&amp;lpg=PA12&amp;dq=Il+recupero+della+decorazione+architettonica+ad+azulejo+del+Convento+di+Santa+Clara+de+X%C3%A0tiva.+Colore+e+morfolog%C3%ADa.&amp;source=bl&amp;ots=IywH_8hxYS&amp;sig=ACfU3U06nl1d1eZBbuX5lbYuGA7_q26B5g&amp;hl=es&amp;sa=X&amp;ved=2ahUKEwjfqrT2sJ7jAhXSA2MBHVsqCDkQ6AEwAnoECAkQAQ#v=onepage&amp;q=Il%20recupero%20della%20decorazione%20architettonica%20ad%20azulejo%20del%20Convento%20di%20Santa%20Clara%20de%20X%C3%A0tiva.%20Colore%20e%20morfolog%C3%ADa.&amp;f=false%20\" target=\"_blank\" rel=\"noreferrer noopener\"><strong>Il recupero della decorazione architettonica ad azulejo del Convento di Santa Clara de X\u00e0tiva. Colore e morfolog\u00eda<\/strong><\/a><\/h3>\n\n\n\n<p class=\"wp-block-paragraph\"><em>Disegnare.&nbsp;<\/em><em>Idee&nbsp;immagini<\/em>&nbsp;(ISSN 1123-9247), vol.&nbsp;45, pp.&nbsp;12-23,&nbsp;2012. Arts &amp; Hum. Cit. In.<\/p>\n\n\n\n<div style=\"height:20px\" aria-hidden=\"true\" class=\"wp-block-spacer\"><\/div>\n\n\n\n<hr class=\"wp-block-separator has-alpha-channel-opacity\"\/>\n\n\n\n<div style=\"height:20px\" aria-hidden=\"true\" class=\"wp-block-spacer\"><\/div>\n\n\n\n<h3 class=\"wp-block-heading\">2011<\/h3>\n\n\n\n<div style=\"height:20px\" aria-hidden=\"true\" class=\"wp-block-spacer\"><\/div>\n\n\n\n<p class=\"wp-block-paragraph\"><em>LLOPIS, J., TORRES, A.<\/em><\/p>\n\n\n\n<h3 class=\"wp-block-heading\" style=\"text-transform:uppercase\"><a href=\"https:\/\/polipapers.upv.es\/index.php\/EGA\/article\/view\/983\" target=\"_blank\" rel=\"noreferrer noopener\"><strong>Tratad\u00edstica e imagen arquitect\u00f3nica en el siglo XVI en Valencia<\/strong><\/a><\/h3>\n\n\n\n<p class=\"wp-block-paragraph\">EGA. Revista de Expresi\u00f3n Gr\u00e1fica Arquitect\u00f3nica&nbsp;(ISSN&nbsp;&nbsp; 1133-6137), vol. 18, pp. 114-119, 2011.<\/p>\n\n\n\n<div style=\"height:20px\" aria-hidden=\"true\" class=\"wp-block-spacer\"><\/div>\n\n\n\n<p class=\"wp-block-paragraph\"><em>Serra Lluch, Juan<\/em><\/p>\n\n\n\n<h3 class=\"wp-block-heading\" style=\"text-transform:uppercase\"><a href=\"https:\/\/polipapers.upv.es\/index.php\/EGA\/article\/view\/1113\/1185%20\" target=\"_blank\" rel=\"noreferrer noopener\"><strong>Color y espacio, pr\u00e1ctica y teor\u00eda: Reflexiones con Mattias Sauerbruch y Mark Wigley<\/strong><\/a><\/h3>\n\n\n\n<p class=\"wp-block-paragraph\">EGA Revista de expresi\u00f3n gr\u00e1fica arquitect\u00f3nica&nbsp;(ISSN 1133-6137), vol.&nbsp;18, pp. 280-287, 2011.&nbsp;Arts&nbsp;&amp; Hum. Cit. In., 2\u00ba&nbsp;tercil&nbsp;del SJR<\/p>\n\n\n\n<div style=\"height:20px\" aria-hidden=\"true\" class=\"wp-block-spacer\"><\/div>\n\n\n\n<p class=\"wp-block-paragraph\"><em>Llopis Verd\u00fa, J.; Crescenzi, C-; Barros da Rocha, H.; Garc\u00eda Codo\u00f1er, A.; Torres Barchino, A; Serra Lluch, J.; Hig\u00f3n Calvet, J.L.<\/em><\/p>\n\n\n\n<h3 class=\"wp-block-heading\" style=\"text-transform:uppercase\"><a href=\"https:\/\/riunet.upv.es\/handle\/10251\/33050%20\" target=\"_blank\" rel=\"noreferrer noopener\"><strong>La arquitectura excavada en el Mediterr\u00e1neo. El proyecto CHRIMA<\/strong><\/a><\/h3>\n\n\n\n<p class=\"wp-block-paragraph\">ARCH\u00c9. Revista del Instituto Universitario de Restauraci\u00f3n del Patrimonio de la&nbsp;Universidad Polit\u00e9cnica de Valencia.&nbsp;(ISSN 1887-3960), vol.&nbsp;6, pp.75-86, 2011.<\/p>\n\n\n\n<div style=\"height:20px\" aria-hidden=\"true\" class=\"wp-block-spacer\"><\/div>\n\n\n\n<p class=\"wp-block-paragraph\"><em>Mij\u00e1n Monje, R.; Zalbidea Mu\u00f1oz, MA.; Serra Lluch, JDR.<\/em><\/p>\n\n\n\n<h3 class=\"wp-block-heading\" style=\"text-transform:uppercase\"><a href=\"https:\/\/riunet.upv.es\/handle\/10251\/34069\" target=\"_blank\" rel=\"noreferrer noopener\"><strong>Revestimientos continuos tradicionales en el primer ensanche de la ciudad de Valencia<\/strong><\/a><\/h3>\n\n\n\n<p class=\"wp-block-paragraph\">ARCH\u00c9. Revista del Instituto Universitario de Restauraci\u00f3n del Patrimonio de la&nbsp;Universidad Polit\u00e9cnica de Valencia.&nbsp;(ISSN 1887-3960), vol.&nbsp;6, pp. 293-302, 2011.<\/p>\n\n\n\n<div style=\"height:20px\" aria-hidden=\"true\" class=\"wp-block-spacer\"><\/div>\n\n\n\n<hr class=\"wp-block-separator has-alpha-channel-opacity\"\/>\n\n\n\n<div style=\"height:20px\" aria-hidden=\"true\" class=\"wp-block-spacer\"><\/div>\n\n\n\n<h3 class=\"wp-block-heading\">2010<\/h3>\n\n\n\n<div style=\"height:20px\" aria-hidden=\"true\" class=\"wp-block-spacer\"><\/div>\n\n\n\n<p class=\"wp-block-paragraph\"><em>Garc\u00eda Codo\u00f1er, A; Torres Barchino, A; Serra Lluch, J.; Llopis Verd\u00fa, J; Girb\u00e9s P\u00e9rez, J.<\/em><\/p>\n\n\n\n<h3 class=\"wp-block-heading\" style=\"text-transform:uppercase\"><a href=\"https:\/\/riunet.upv.es\/handle\/10251\/31076%20\" target=\"_blank\" rel=\"noreferrer noopener\"><strong>Estudio crom\u00e1tico de las fachadas exteriores del monasterio de Nuestra Se\u00f1ora de los \u00c1ngeles de Valencia<\/strong><\/a><\/h3>\n\n\n\n<p class=\"wp-block-paragraph\">ARCH\u00c9. Revista del Instituto Universitario de Restauraci\u00f3n del Patrimonio de la&nbsp;Universidad Polit\u00e9cnica de Valencia.&nbsp;(ISSN 1887-3960), vol.&nbsp;4-5. pp.&nbsp;237-244, 2010.<\/p>\n\n\n\n<div style=\"height:20px\" aria-hidden=\"true\" class=\"wp-block-spacer\"><\/div>\n\n\n\n<p class=\"wp-block-paragraph\"><em>Soriano Sancho, MP.; Serra Lluch, Juan<\/em><\/p>\n\n\n\n<h3 class=\"wp-block-heading\" style=\"text-transform:uppercase\"><a href=\"https:\/\/riunet.upv.es\/handle\/10251\/30534\" target=\"_blank\" rel=\"noreferrer noopener\"><strong>Las t\u00e9cnicas de arranque de pintura mural para conservar documentaci\u00f3n hist\u00f3rica de un edificio<\/strong><\/a><\/h3>\n\n\n\n<p class=\"wp-block-paragraph\">ARCH\u00c9. Revista del Instituto Universitario de Restauraci\u00f3n del Patrimonio de la&nbsp;Universidad Polit\u00e9cnica de Valencia.&nbsp;(ISSN 1887-3960), vol. 4-5, pp. 81-88, 2010<\/p>\n\n\n\n<div style=\"height:20px\" aria-hidden=\"true\" class=\"wp-block-spacer\"><\/div>\n\n\n\n<p class=\"wp-block-paragraph\"><em>Serra Lluch, Juan<\/em><\/p>\n\n\n\n<h3 class=\"wp-block-heading\" style=\"text-transform:uppercase\"><a href=\"https:\/\/polipapers.upv.es\/index.php\/EGA\/article\/view\/988\/1042\" target=\"_blank\" rel=\"noreferrer noopener\"><strong>Colores que alumbran proyectos. Conversando con William Alsop<\/strong><\/a><\/h3>\n\n\n\n<p class=\"wp-block-paragraph\">EGA Revista de expresi\u00f3n gr\u00e1fica arquitect\u00f3nica&nbsp;(ISSN 1133-6137), vol.&nbsp;15,&nbsp;pp.&nbsp;16-25,&nbsp;2010.&nbsp;Arts &amp; Hum. Cit. In., 2\u00ba&nbsp;tercil&nbsp;del SJR<\/p>\n\n\n\n<div style=\"height:20px\" aria-hidden=\"true\" class=\"wp-block-spacer\"><\/div>\n\n\n\n<p class=\"wp-block-paragraph\"><em>Serra Lluch, Juan<\/em><\/p>\n\n\n\n<h3 class=\"wp-block-heading\" style=\"text-transform:uppercase\"><a href=\"https:\/\/books.google.es\/books?id=UHBJDrBWpAkC&amp;pg=PA60&amp;lpg=PA60&amp;dq=Il+mito+del+colore+bianco+nel+Movimento+Moderno&amp;source=bl&amp;ots=qTls41qapW&amp;sig=ACfU3U3enjB_NItsOIvetSVqxDJ52gGygQ&amp;hl=es&amp;sa=X&amp;ved=2ahUKEwji79fzronjAhVgAmMBHenhB_sQ6AEwCnoECAkQAQ#v=onepage&amp;q=Il%20mito%20del%20colore%20bianco%20nel%20Movimento%20Moderno&amp;f=false%20\" target=\"_blank\" rel=\"noreferrer noopener\"><strong>Il mito del colore bianco nel Movimento Moderno. [The myth of the color white in the Modern Movement]<\/strong><\/a><\/h3>\n\n\n\n<p class=\"wp-block-paragraph\">Disegnare.&nbsp;Idee&nbsp;immagini&nbsp;(ISSN 1123-9247), vol.&nbsp;41,&nbsp;pp.&nbsp;66-77,&nbsp;2010.&nbsp;Arts &amp; Hum. Cit. In.<\/p>\n\n\n\n<div style=\"height:20px\" aria-hidden=\"true\" class=\"wp-block-spacer\"><\/div>\n\n\n\n<p class=\"wp-block-paragraph\"><em>Serra Lluch, Juan<\/em><\/p>\n\n\n\n<h3 class=\"wp-block-heading\" style=\"text-transform:uppercase\"><a href=\"https:\/\/polipapers.upv.es\/index.php\/EGA\/article\/view\/1017\/1078%20\" target=\"_blank\" rel=\"noreferrer noopener\"><strong>La arquitectura contempor\u00e1nea y el color del paisaje: entre el mimetismo y la singularidad<\/strong><\/a><\/h3>\n\n\n\n<p class=\"wp-block-paragraph\">EGA Revista de expresi\u00f3n gr\u00e1fica arquitect\u00f3nica&nbsp;(ISSN 1133-6137), vol.&nbsp;16,&nbsp;pp.&nbsp;106-115,&nbsp;2010.&nbsp;Arts&nbsp;&amp; Hum. Cit. In., 2\u00ba&nbsp;tercil&nbsp;del SJR<\/p>\n\n\n\n<div style=\"height:20px\" aria-hidden=\"true\" class=\"wp-block-spacer\"><\/div>\n\n\n\n<hr class=\"wp-block-separator has-alpha-channel-opacity\"\/>\n\n\n\n<div style=\"height:20px\" aria-hidden=\"true\" class=\"wp-block-spacer\"><\/div>\n\n\n\n<h3 class=\"wp-block-heading\">2009<\/h3>\n\n\n\n<div style=\"height:20px\" aria-hidden=\"true\" class=\"wp-block-spacer\"><\/div>\n\n\n\n<p class=\"wp-block-paragraph\"><em>Garc\u00eda Codo\u00f1er, A; Llopis Verd\u00fa, J.; Torres Barchino, A.; Villaplana Guill\u00e9n, R.;Serra Lluch, J.<\/em><\/p>\n\n\n\n<h3 class=\"wp-block-heading\"><a href=\"https:\/\/onlinelibrary.wiley.com\/doi\/10.1002\/col.20491%20\" target=\"_blank\" rel=\"noreferrer noopener\">Colour as a structural variable of historical urban form<\/a><\/h3>\n\n\n\n<p class=\"wp-block-paragraph\">Color&nbsp;Research &amp; Applications&nbsp;(ISSN&nbsp;&nbsp; 0361-2317), vol 34 (3), pp. 253-265, 2009<\/p>\n\n\n\n<div style=\"height:20px\" aria-hidden=\"true\" class=\"wp-block-spacer\"><\/div>\n\n\n\n<p class=\"wp-block-paragraph\"><em>Serra Lluch, J.; Garc\u00eda Codo\u00f1er, A; Llopis Verd\u00fa, J.<\/em><\/p>\n\n\n\n<h3 class=\"wp-block-heading\"><a href=\"https:\/\/polipapers.upv.es\/index.php\/EGA\/article\/view\/10254\/9985%20\" target=\"_blank\" rel=\"noreferrer noopener\">Aportaciones al colorido de la Modernidad \u201cMade in Italy\u201d: Piero Botonni y la gradaci\u00f3n crom\u00e1tica que nunca fue<\/a><\/h3>\n\n\n\n<p class=\"wp-block-paragraph\">EGA Revista de expresi\u00f3n gr\u00e1fica arquitect\u00f3nica&nbsp;(ISSN 1133-6137), vol.&nbsp;14. pp.&nbsp;180-187, 2009<\/p>\n\n\n\n<div style=\"height:20px\" aria-hidden=\"true\" class=\"wp-block-spacer\"><\/div>\n\n\n\n<p class=\"wp-block-paragraph\"><em>Serra LLuch, J.; Torres Barchino, A.; Llopis Verd\u00fa, J.<\/em><\/p>\n\n\n\n<h3 class=\"wp-block-heading\"><a href=\"https:\/\/www.sfogliami.it\/fl\/100351\/skssi8reequob0ebth36tvt761bbj0cq%20\" target=\"_blank\" rel=\"noreferrer noopener\">Le gradazioni cromatiche come risorsa per la composizione architettonica<\/a><\/h3>\n\n\n\n<p class=\"wp-block-paragraph\">Colore.&nbsp;Quaderni&nbsp;di&nbsp;Cultura&nbsp;e&nbsp;Progetto&nbsp;del&nbsp;Colore.&nbsp;(IDC&nbsp;Colour&nbsp;Centre, Milan (Italia):&nbsp;1-88-89628-22-5), vol.&nbsp;62,&nbsp;pp. 94\u2013105, 2009<\/p>\n\n\n\n<div style=\"height:20px\" aria-hidden=\"true\" class=\"wp-block-spacer\"><\/div>\n\n\n\n<hr class=\"wp-block-separator has-alpha-channel-opacity\"\/>\n\n\n\n<div style=\"height:20px\" aria-hidden=\"true\" class=\"wp-block-spacer\"><\/div>\n\n\n\n<h3 class=\"wp-block-heading\">2008<\/h3>\n\n\n\n<div style=\"height:20px\" aria-hidden=\"true\" class=\"wp-block-spacer\"><\/div>\n\n\n\n<p class=\"wp-block-paragraph\"><em>Llopis, J., Torres, A.<\/em><\/p>\n\n\n\n<h3 class=\"wp-block-heading\" style=\"text-transform:uppercase\"><a href=\"https:\/\/polipapers.upv.es\/index.php\/EGA\/article\/view\/10274\" target=\"_blank\" rel=\"noreferrer noopener\"><strong>Utop\u00eda y ciudad: la imagen de Valencia de Anthonie Van Den Wijngaerde<\/strong><\/a><\/h3>\n\n\n\n<p class=\"wp-block-paragraph\">EGA. Revista de Expresi\u00f3n Gr\u00e1fica Arquitect\u00f3nica&nbsp;(ISSN&nbsp;&nbsp; 1133-6137), vol. 13, pp. 114-119, 2008.<\/p>\n\n\n\n<div style=\"height:20px\" aria-hidden=\"true\" class=\"wp-block-spacer\"><\/div>\n\n\n\n<p class=\"wp-block-paragraph\"><em>Garcia Codo\u00f1er, A; Llopis Verd\u00fa, J.; Torres Barchino, A.; Villaplana Guill\u00e9n, R.; Serra Lluch, J.<\/em><\/p>\n\n\n\n<h3 class=\"wp-block-heading\" style=\"text-transform:uppercase\"><a href=\"https:\/\/riunet.upv.es\/handle\/10251\/31874%20\" target=\"_blank\" rel=\"noreferrer noopener\"><strong>La tradici\u00f3n crom\u00e1tica a recuperar. La recuperaci\u00f3n del color tradicional del centro hist\u00f3rico de Ontinyent<\/strong><\/a><\/h3>\n\n\n\n<p class=\"wp-block-paragraph\">ARCH\u00c9. Revista del Instituto Universitario de Restauraci\u00f3n del Patrimonio de la&nbsp;Universidad Polit\u00e9cnica de Valencia.&nbsp;(ISSN 1887-3960), vol. 3, pp. 327-334, 2008.<\/p>\n\n\n\n<div style=\"height:20px\" aria-hidden=\"true\" class=\"wp-block-spacer\"><\/div>\n\n\n\n<hr class=\"wp-block-separator has-alpha-channel-opacity\"\/>\n\n\n\n<div style=\"height:20px\" aria-hidden=\"true\" class=\"wp-block-spacer\"><\/div>\n\n\n\n<h3 class=\"wp-block-heading\">2007<\/h3>\n\n\n\n<div style=\"height:20px\" aria-hidden=\"true\" class=\"wp-block-spacer\"><\/div>\n\n\n\n<p class=\"wp-block-paragraph\"><em>Garc\u00eda Codo\u00f1er, A; Llopis Verd\u00fa, J.; Torres Barchino, A ; Villaplana Guill\u00e9n, R ; Masia Le\u00f3n J.V ; Saiz Maul\u00e9on, B.<\/em><\/p>\n\n\n\n<h3 class=\"wp-block-heading\" style=\"text-transform:uppercase\"><a href=\"https:\/\/riunet.upv.es\/handle\/10251\/32262%20\" target=\"_blank\" rel=\"noreferrer noopener\"><strong>El Palacio de la Exposici\u00f3n de Valencia. Estudios previos para su rehabilitaci\u00f3n<\/strong><\/a><\/h3>\n\n\n\n<p class=\"wp-block-paragraph\">ARCH\u00c9. Revista del Instituto Universitario de Restauraci\u00f3n del Patrimonio de la&nbsp;Universidad Polit\u00e9cnica de Valencia.&nbsp;(ISSN 1887-3960), vol.&nbsp;2. pp.&nbsp;167-172, 2007<\/p>\n\n\n\n<div style=\"height:20px\" aria-hidden=\"true\" class=\"wp-block-spacer\"><\/div>\n\n\n\n<p class=\"wp-block-paragraph\"><em>Llopis, Jorge<\/em><\/p>\n\n\n\n<h3 class=\"wp-block-heading\" style=\"text-transform:uppercase\"><a href=\"http:\/\/xn--archivoespaoldearte-53b.revistas.csic.es\/index.php\/aea\/article\/view\/32\/32%20\" target=\"_blank\" rel=\"noreferrer noopener\"><strong>El claustro del Colegio de Corpus Christi de Valencia. An\u00e1lisis formal y compositivo<\/strong><\/a><\/h3>\n\n\n\n<p class=\"wp-block-paragraph\">Archivo Espa\u00f1ol de Arte&nbsp;(ISSN- 0004-0428), vol.&nbsp;LXXX (317), pp. 45-65, 2007.<\/p>\n\n\n\n<div style=\"height:20px\" aria-hidden=\"true\" class=\"wp-block-spacer\"><\/div>\n\n\n\n<hr class=\"wp-block-separator has-alpha-channel-opacity\"\/>\n\n\n\n<div style=\"height:20px\" aria-hidden=\"true\" class=\"wp-block-spacer\"><\/div>\n\n\n\n<h3 class=\"wp-block-heading\">2006<\/h3>\n\n\n\n<div style=\"height:20px\" aria-hidden=\"true\" class=\"wp-block-spacer\"><\/div>\n\n\n\n<p class=\"wp-block-paragraph\"><em>Bosch Reig, I.; Herr\u00e1ez Boquera, J.; Navarro Esteve, PJ.; Cort\u00e9s Alcober, MP.; Serra Lluch, Juan.<\/em><\/p>\n\n\n\n<h3 class=\"wp-block-heading\" style=\"text-transform:uppercase\"><a href=\"https:\/\/riunet.upv.es\/handle\/10251\/32896\" target=\"_blank\" rel=\"noreferrer noopener\"><strong>La funci\u00f3n del digitalizador tridimensional (scanner l\u00e1ser 3D) en la producci\u00f3n actual de levantamientos arquitect\u00f3nicos.<\/strong><\/a><\/h3>\n\n\n\n<p class=\"wp-block-paragraph\">ARCH\u00c9. Instituto Universitario de Restauraci\u00f3n del Patrimonio de la&nbsp;Universidad Polit\u00e9cnica de Valencia. (ISSN 1887-3960), vol.&nbsp;1, pp. 335-338, 2006<\/p>\n\n\n\n<div style=\"height:20px\" aria-hidden=\"true\" class=\"wp-block-spacer\"><\/div>\n\n\n\n<p class=\"wp-block-paragraph\"><em>Garc\u00eda Codo\u00f1er, A.; Llopis Verd\u00fa, J.; Torres Barchino A.; Saiz Mauleon, B.<\/em><\/p>\n\n\n\n<h3 class=\"wp-block-heading\" style=\"text-transform:uppercase\"><a href=\"https:\/\/riunet.upv.es\/handle\/10251\/32617%20\" target=\"_blank\" rel=\"noreferrer noopener\"><strong>Color y materia en el centro hist\u00f3rico de Cartagena<\/strong><\/a><\/h3>\n\n\n\n<p class=\"wp-block-paragraph\">ARCH\u00c9. Instituto Universitario de Restauraci\u00f3n del Patrimonio de la&nbsp;Universidad Polit\u00e9cnica de Valencia. (ISSN 1887-3960), vol.&nbsp;1,&nbsp;pp. 317-324, 2006.<\/p>\n\n\n\n<div style=\"height:20px\" aria-hidden=\"true\" class=\"wp-block-spacer\"><\/div>\n\n\n\n<p class=\"wp-block-paragraph\"><em>Saiz Mauleon, B.; Garc\u00eda Codo\u00f1er, A.; Torres Barchino A.; Llopis Verd\u00fa, J.<\/em><\/p>\n\n\n\n<h3 class=\"wp-block-heading\" style=\"text-transform:uppercase\"><a href=\"https:\/\/riunet.upv.es\/handle\/10251\/32879%20\" target=\"_blank\" rel=\"noreferrer noopener\"><strong>La tecnolog\u00eda l\u00e1ser aplicada a la limpieza de obras de arte. Experimentaci\u00f3n y aplicaci\u00f3n<\/strong><\/a><\/h3>\n\n\n\n<p class=\"wp-block-paragraph\">Universitario de Restauraci\u00f3n del Patrimonio de la&nbsp;Universidad Polit\u00e9cnica de Valencia. (ISSN 1887-3960), vol.&nbsp;1,&nbsp;pp.&nbsp;325-328, 2006.<\/p>\n\n\n\n<div style=\"height:20px\" aria-hidden=\"true\" class=\"wp-block-spacer\"><\/div>\n\n\n\n<hr class=\"wp-block-separator has-alpha-channel-opacity\"\/>\n\n\n\n<div style=\"height:20px\" aria-hidden=\"true\" class=\"wp-block-spacer\"><\/div>\n\n\n\n<h3 class=\"wp-block-heading\">2005<\/h3>\n\n\n\n<div style=\"height:20px\" aria-hidden=\"true\" class=\"wp-block-spacer\"><\/div>\n\n\n\n<p class=\"wp-block-paragraph\"><em>Garc\u00eda Codo\u00f1er, A; Torres Barchino,A; Llopis Verd\u00fa, J; Villaplana Guill\u00e9n,R; Saiz Mauleon, B.<\/em><\/p>\n\n\n\n<h3 class=\"wp-block-heading\" style=\"text-transform:uppercase\"><a href=\"https:\/\/polipapers.upv.es\/index.php\/EGA\/article\/view\/10340\/10079%20\" target=\"_blank\" rel=\"noreferrer noopener\"><strong>Recuperaci\u00f3n del patrimonio arquitect\u00f3nico. Entre el binomio de la investigaci\u00f3n y creaci\u00f3n<\/strong><\/a><\/h3>\n\n\n\n<p class=\"wp-block-paragraph\">EGA Revista de expresi\u00f3n gr\u00e1fica arquitect\u00f3nica&nbsp;(ISSN 1133-6137), vol.&nbsp;10,&nbsp;pp.&nbsp;136-139, 2005.<\/p>\n\n\n\n<div style=\"height:20px\" aria-hidden=\"true\" class=\"wp-block-spacer\"><\/div>\n\n\n\n<hr class=\"wp-block-separator has-alpha-channel-opacity\"\/>\n\n\n\n<div style=\"height:20px\" aria-hidden=\"true\" class=\"wp-block-spacer\"><\/div>\n\n\n\n<h3 class=\"wp-block-heading\">2002<\/h3>\n\n\n\n<div style=\"height:20px\" aria-hidden=\"true\" class=\"wp-block-spacer\"><\/div>\n\n\n\n<p class=\"wp-block-paragraph\"><em>Llopis, Jorge<\/em><\/p>\n\n\n\n<h3 class=\"wp-block-heading\" style=\"text-transform:uppercase\"><strong>Gaspar Gregori y la Introducci\u00f3n de la Metodolog\u00eda Proyectual Renacentista en Valencia<\/strong><\/h3>\n\n\n\n<p class=\"wp-block-paragraph\">EGA. Revista de Expresi\u00f3n Gr\u00e1fica Arquitect\u00f3nica&nbsp;(ISSN: 1133-6137), vol. 7, pp. 48-60, 2002.<\/p>\n\n\n\n<div style=\"height:20px\" aria-hidden=\"true\" class=\"wp-block-spacer\"><\/div>\n\n\n\n<hr class=\"wp-block-separator has-alpha-channel-opacity\"\/>\n\n\n\n<div style=\"height:20px\" aria-hidden=\"true\" class=\"wp-block-spacer\"><\/div>\n\n\n\n<h3 class=\"wp-block-heading\">1999<\/h3>\n\n\n\n<div style=\"height:20px\" aria-hidden=\"true\" class=\"wp-block-spacer\"><\/div>\n\n\n\n<p class=\"wp-block-paragraph\"><em>Llopis, Jorge<\/em><\/p>\n\n\n\n<h3 class=\"wp-block-heading\" style=\"text-transform:uppercase\"><strong>Los \u00f3rdenes cl\u00e1sicos y los mecanismos compositivos renacentistas: los claustros valencianos del Colegio del Patriarca y el Monasterio de San Miguel de los Reyes<\/strong><\/h3>\n\n\n\n<p class=\"wp-block-paragraph\"><em>EGA. Revista de Expresi\u00f3n Gr\u00e1fica Arquitect\u00f3nica.<\/em>&nbsp;(ISSN: 1133-6137), vol. 5, pp. 88-94, 1999.<\/p>\n\n\n\n<div style=\"height:20px\" aria-hidden=\"true\" class=\"wp-block-spacer\"><\/div>\n\n\n\n<hr class=\"wp-block-separator has-alpha-channel-opacity\"\/>\n\n\n\n<div style=\"height:20px\" aria-hidden=\"true\" class=\"wp-block-spacer\"><\/div>\n\n\n\n<h3 class=\"wp-block-heading\">1996<\/h3>\n\n\n\n<div style=\"height:20px\" aria-hidden=\"true\" class=\"wp-block-spacer\"><\/div>\n\n\n\n<p class=\"wp-block-paragraph\"><em>Garc\u00eda Codo\u00f1er, A.; Llopis Verd\u00fa, J.; Masi\u00e1 Le\u00f3n, J.V.; Torres Barchino, A.; Villaplana Guill\u00e9n. R.<\/em><\/p>\n\n\n\n<h3 class=\"wp-block-heading\" style=\"text-transform:uppercase\"><strong>Color antiguo, color moderno. Reflexi\u00f3n en torno a un problema cr\u00edtico de la imagen urbana<\/strong><\/h3>\n\n\n\n<div style=\"height:20px\" aria-hidden=\"true\" class=\"wp-block-spacer\"><\/div>\n\n\n\n<hr class=\"wp-block-separator has-alpha-channel-opacity\"\/>\n\n\n\n<div style=\"height:20px\" aria-hidden=\"true\" class=\"wp-block-spacer\"><\/div>\n\n\n\n<h3 class=\"wp-block-heading\">1994<\/h3>\n\n\n\n<div style=\"height:20px\" aria-hidden=\"true\" class=\"wp-block-spacer\"><\/div>\n\n\n\n<p class=\"wp-block-paragraph\"><em>Garc\u00eda Codo\u00f1er, A.; Llopis Verd\u00fa, J.; Masi\u00e1 Le\u00f3n, J.V.; Torres Barchino, A.; Villaplana Guill\u00e9n. R. (1994).<\/em><\/p>\n\n\n\n<h3 class=\"wp-block-heading\" style=\"text-transform:uppercase\"><strong>La recuperaci\u00f3n de los espacios crom\u00e1ticos en la ciudad hist\u00f3rica: el barrio del Carmen de Valencia<\/strong><\/h3>\n\n\n\n<div style=\"height:100px\" aria-hidden=\"true\" class=\"wp-block-spacer\"><\/div>\n","protected":false},"excerpt":{"rendered":"<p>2025 Vargas Febres, Carlos Guillermo; Serra, Juan; Torres Barchino, Ana Mar\u00eda; Gudiel Rodriguez, Edwin Roberto. ALTERNATIVES TO LIME PLASTER: EVALUATION OF PAINTS WITH INORGANIC PIGMENTS FOR THE CONSERVATION OF HERITAGE BUILDINGS IN PERU Construction Materials n\u00ba3(5): 2025: 1 &#8211; 16. 10.3390\/constrmater5030044 Vargas-Febres, Carlos Guillermo; Torres Barchino, Ana Mar\u00eda; Serra, Juan; Gudiel, Edwin Roberto. EVALUATION OF [&hellip;]<\/p>\n","protected":false},"author":1,"featured_media":0,"parent":0,"menu_order":0,"comment_status":"closed","ping_status":"closed","template":"","meta":{"_monsterinsights_skip_tracking":false,"footnotes":""},"class_list":["post-2953","page","type-page","status-publish","hentry"],"aioseo_notices":[],"aioseo_head":"\n\t\t<!-- All in One SEO 5.0.1.1 - aioseo.com -->\n\t<meta name=\"description\" content=\"2025 Vargas Febres, Carlos Guillermo; Serra, Juan; Torres Barchino, Ana Mar\u00eda; Gudiel Rodriguez, Edwin Roberto. ALTERNATIVES TO LIME PLASTER: EVALUATION OF PAINTS WITH INORGANIC PIGMENTS FOR THE CONSERVATION OF HERITAGE BUILDINGS IN PERU Construction Materials n\u00ba3(5): 2025: 1 - 16. 10.3390\/constrmater5030044 Vargas-Febres, Carlos Guillermo; Torres Barchino, Ana Mar\u00eda; Serra, Juan; Gudiel, Edwin Roberto. EVALUATION OF\" \/>\n\t<meta name=\"robots\" content=\"max-image-preview:large\" \/>\n\t<link rel=\"canonical\" href=\"https:\/\/grupocolor.webs.upv.es\/?page_id=2953\" \/>\n\t<meta name=\"generator\" content=\"All in One SEO (AIOSEO) 5.0.1.1\" \/>\n\t\t<meta property=\"og:locale\" content=\"es_ES\" \/>\n\t\t<meta property=\"og:site_name\" content=\"Grupo Color -\" \/>\n\t\t<meta property=\"og:type\" content=\"article\" \/>\n\t\t<meta property=\"og:title\" content=\"Art\u00edculos - Grupo Color\" \/>\n\t\t<meta property=\"og:description\" content=\"2025 Vargas Febres, Carlos Guillermo; Serra, Juan; Torres Barchino, Ana Mar\u00eda; Gudiel Rodriguez, Edwin Roberto. ALTERNATIVES TO LIME PLASTER: EVALUATION OF PAINTS WITH INORGANIC PIGMENTS FOR THE CONSERVATION OF HERITAGE BUILDINGS IN PERU Construction Materials n\u00ba3(5): 2025: 1 - 16. 10.3390\/constrmater5030044 Vargas-Febres, Carlos Guillermo; Torres Barchino, Ana Mar\u00eda; Serra, Juan; Gudiel, Edwin Roberto. EVALUATION OF\" \/>\n\t\t<meta property=\"og:url\" content=\"https:\/\/grupocolor.webs.upv.es\/?page_id=2953\" \/>\n\t\t<meta property=\"article:published_time\" content=\"2020-01-30T12:44:38+00:00\" \/>\n\t\t<meta property=\"article:modified_time\" content=\"2026-05-17T10:43:59+00:00\" \/>\n\t\t<meta name=\"twitter:card\" content=\"summary_large_image\" \/>\n\t\t<meta name=\"twitter:title\" content=\"Art\u00edculos - Grupo Color\" \/>\n\t\t<meta name=\"twitter:description\" content=\"2025 Vargas Febres, Carlos Guillermo; Serra, Juan; Torres Barchino, Ana Mar\u00eda; Gudiel Rodriguez, Edwin Roberto. ALTERNATIVES TO LIME PLASTER: EVALUATION OF PAINTS WITH INORGANIC PIGMENTS FOR THE CONSERVATION OF HERITAGE BUILDINGS IN PERU Construction Materials n\u00ba3(5): 2025: 1 - 16. 10.3390\/constrmater5030044 Vargas-Febres, Carlos Guillermo; Torres Barchino, Ana Mar\u00eda; Serra, Juan; Gudiel, Edwin Roberto. EVALUATION OF\" \/>\n\t\t<script type=\"application\/ld+json\" class=\"aioseo-schema\">\n\t\t\t{\"@context\":\"https:\\\/\\\/schema.org\",\"@graph\":[{\"@type\":\"BreadcrumbList\",\"@id\":\"https:\\\/\\\/grupocolor.webs.upv.es\\\/?page_id=2953#breadcrumblist\",\"itemListElement\":[{\"@type\":\"ListItem\",\"@id\":\"https:\\\/\\\/grupocolor.webs.upv.es#listItem\",\"position\":1,\"name\":\"Home\",\"item\":\"https:\\\/\\\/grupocolor.webs.upv.es\",\"nextItem\":{\"@type\":\"ListItem\",\"@id\":\"https:\\\/\\\/grupocolor.webs.upv.es\\\/?page_id=2953#listItem\",\"name\":\"Art\\u00edculos\"}},{\"@type\":\"ListItem\",\"@id\":\"https:\\\/\\\/grupocolor.webs.upv.es\\\/?page_id=2953#listItem\",\"position\":2,\"name\":\"Art\\u00edculos\",\"previousItem\":{\"@type\":\"ListItem\",\"@id\":\"https:\\\/\\\/grupocolor.webs.upv.es#listItem\",\"name\":\"Home\"}}]},{\"@type\":\"Organization\",\"@id\":\"https:\\\/\\\/grupocolor.webs.upv.es\\\/#organization\",\"name\":\"Grupo Color\",\"url\":\"https:\\\/\\\/grupocolor.webs.upv.es\\\/\"},{\"@type\":\"WebPage\",\"@id\":\"https:\\\/\\\/grupocolor.webs.upv.es\\\/?page_id=2953#webpage\",\"url\":\"https:\\\/\\\/grupocolor.webs.upv.es\\\/?page_id=2953\",\"name\":\"Art\\u00edculos - Grupo Color\",\"description\":\"2025 Vargas Febres, Carlos Guillermo; Serra, Juan; Torres Barchino, Ana Mar\\u00eda; Gudiel Rodriguez, Edwin Roberto. ALTERNATIVES TO LIME PLASTER: EVALUATION OF PAINTS WITH INORGANIC PIGMENTS FOR THE CONSERVATION OF HERITAGE BUILDINGS IN PERU Construction Materials n\\u00ba3(5): 2025: 1 - 16. 10.3390\\\/constrmater5030044 Vargas-Febres, Carlos Guillermo; Torres Barchino, Ana Mar\\u00eda; Serra, Juan; Gudiel, Edwin Roberto. EVALUATION OF\",\"inLanguage\":\"es-ES\",\"isPartOf\":{\"@id\":\"https:\\\/\\\/grupocolor.webs.upv.es\\\/#website\"},\"breadcrumb\":{\"@id\":\"https:\\\/\\\/grupocolor.webs.upv.es\\\/?page_id=2953#breadcrumblist\"},\"datePublished\":\"2020-01-30T12:44:38+00:00\",\"dateModified\":\"2026-05-17T10:43:59+00:00\"},{\"@type\":\"WebSite\",\"@id\":\"https:\\\/\\\/grupocolor.webs.upv.es\\\/#website\",\"url\":\"https:\\\/\\\/grupocolor.webs.upv.es\\\/\",\"name\":\"Grupo Color\",\"inLanguage\":\"es-ES\",\"publisher\":{\"@id\":\"https:\\\/\\\/grupocolor.webs.upv.es\\\/#organization\"}}]}\n\t\t<\/script>\n\t\t<!-- All in One SEO -->\n\n","aioseo_head_json":{"title":"Art\u00edculos - Grupo Color","description":"2025 Vargas Febres, Carlos Guillermo; Serra, Juan; Torres Barchino, Ana Mar\u00eda; Gudiel Rodriguez, Edwin Roberto. ALTERNATIVES TO LIME PLASTER: EVALUATION OF PAINTS WITH INORGANIC PIGMENTS FOR THE CONSERVATION OF HERITAGE BUILDINGS IN PERU Construction Materials n\u00ba3(5): 2025: 1 - 16. 10.3390\/constrmater5030044 Vargas-Febres, Carlos Guillermo; Torres Barchino, Ana Mar\u00eda; Serra, Juan; Gudiel, Edwin Roberto. EVALUATION OF","canonical_url":"https:\/\/grupocolor.webs.upv.es\/?page_id=2953","robots":"max-image-preview:large","keywords":"","webmasterTools":{"miscellaneous":""},"schema":{"@context":"https:\/\/schema.org","@graph":[{"@type":"BreadcrumbList","@id":"https:\/\/grupocolor.webs.upv.es\/?page_id=2953#breadcrumblist","itemListElement":[{"@type":"ListItem","@id":"https:\/\/grupocolor.webs.upv.es#listItem","position":1,"name":"Home","item":"https:\/\/grupocolor.webs.upv.es","nextItem":{"@type":"ListItem","@id":"https:\/\/grupocolor.webs.upv.es\/?page_id=2953#listItem","name":"Art\u00edculos"}},{"@type":"ListItem","@id":"https:\/\/grupocolor.webs.upv.es\/?page_id=2953#listItem","position":2,"name":"Art\u00edculos","previousItem":{"@type":"ListItem","@id":"https:\/\/grupocolor.webs.upv.es#listItem","name":"Home"}}]},{"@type":"Organization","@id":"https:\/\/grupocolor.webs.upv.es\/#organization","name":"Grupo Color","url":"https:\/\/grupocolor.webs.upv.es\/"},{"@type":"WebPage","@id":"https:\/\/grupocolor.webs.upv.es\/?page_id=2953#webpage","url":"https:\/\/grupocolor.webs.upv.es\/?page_id=2953","name":"Art\u00edculos - Grupo Color","description":"2025 Vargas Febres, Carlos Guillermo; Serra, Juan; Torres Barchino, Ana Mar\u00eda; Gudiel Rodriguez, Edwin Roberto. ALTERNATIVES TO LIME PLASTER: EVALUATION OF PAINTS WITH INORGANIC PIGMENTS FOR THE CONSERVATION OF HERITAGE BUILDINGS IN PERU Construction Materials n\u00ba3(5): 2025: 1 - 16. 10.3390\/constrmater5030044 Vargas-Febres, Carlos Guillermo; Torres Barchino, Ana Mar\u00eda; Serra, Juan; Gudiel, Edwin Roberto. EVALUATION OF","inLanguage":"es-ES","isPartOf":{"@id":"https:\/\/grupocolor.webs.upv.es\/#website"},"breadcrumb":{"@id":"https:\/\/grupocolor.webs.upv.es\/?page_id=2953#breadcrumblist"},"datePublished":"2020-01-30T12:44:38+00:00","dateModified":"2026-05-17T10:43:59+00:00"},{"@type":"WebSite","@id":"https:\/\/grupocolor.webs.upv.es\/#website","url":"https:\/\/grupocolor.webs.upv.es\/","name":"Grupo Color","inLanguage":"es-ES","publisher":{"@id":"https:\/\/grupocolor.webs.upv.es\/#organization"}}]},"og:locale":"es_ES","og:site_name":"Grupo Color -","og:type":"article","og:title":"Art\u00edculos - Grupo Color","og:description":"2025 Vargas Febres, Carlos Guillermo; Serra, Juan; Torres Barchino, Ana Mar\u00eda; Gudiel Rodriguez, Edwin Roberto. ALTERNATIVES TO LIME PLASTER: EVALUATION OF PAINTS WITH INORGANIC PIGMENTS FOR THE CONSERVATION OF HERITAGE BUILDINGS IN PERU Construction Materials n\u00ba3(5): 2025: 1 - 16. 10.3390\/constrmater5030044 Vargas-Febres, Carlos Guillermo; Torres Barchino, Ana Mar\u00eda; Serra, Juan; Gudiel, Edwin Roberto. EVALUATION OF","og:url":"https:\/\/grupocolor.webs.upv.es\/?page_id=2953","article:published_time":"2020-01-30T12:44:38+00:00","article:modified_time":"2026-05-17T10:43:59+00:00","twitter:card":"summary_large_image","twitter:title":"Art\u00edculos - Grupo Color","twitter:description":"2025 Vargas Febres, Carlos Guillermo; Serra, Juan; Torres Barchino, Ana Mar\u00eda; Gudiel Rodriguez, Edwin Roberto. ALTERNATIVES TO LIME PLASTER: EVALUATION OF PAINTS WITH INORGANIC PIGMENTS FOR THE CONSERVATION OF HERITAGE BUILDINGS IN PERU Construction Materials n\u00ba3(5): 2025: 1 - 16. 10.3390\/constrmater5030044 Vargas-Febres, Carlos Guillermo; Torres Barchino, Ana Mar\u00eda; Serra, Juan; Gudiel, Edwin Roberto. EVALUATION OF"},"aioseo_meta_data":{"post_id":"2953","title":null,"description":null,"keywords":null,"keyphrases":{"focus":{"keyphrase":"","score":0,"analysis":{"keyphraseInTitle":{"score":0,"maxScore":9,"error":1}}},"additional":[]},"primary_term":null,"canonical_url":null,"og_title":null,"og_description":null,"og_object_type":"default","og_image_type":"default","og_image_url":null,"og_image_width":null,"og_image_height":null,"og_image_custom_url":null,"og_image_custom_fields":null,"og_video":"","og_custom_url":null,"og_article_section":null,"og_article_tags":null,"twitter_use_og":false,"twitter_card":"default","twitter_image_type":"default","twitter_image_url":null,"twitter_image_custom_url":null,"twitter_image_custom_fields":null,"twitter_title":null,"twitter_description":null,"schema":{"blockGraphs":[],"customGraphs":[],"default":{"data":{"Article":[],"Course":[],"Dataset":[],"FAQPage":[],"Movie":[],"Person":[],"Product":[],"ProductReview":[],"Car":[],"Recipe":[],"Service":[],"SoftwareApplication":[],"WebPage":[]},"graphName":"WebPage","isEnabled":true},"graphs":[],"defaultGraph":"","defaultPostTypeGraph":""},"schema_type":"default","schema_type_options":null,"pillar_content":false,"robots_default":true,"robots_noindex":false,"robots_noarchive":false,"robots_nosnippet":false,"robots_nofollow":false,"robots_noimageindex":false,"robots_noodp":false,"robots_notranslate":false,"robots_max_snippet":"-1","robots_max_videopreview":"-1","robots_max_imagepreview":"large","priority":null,"frequency":"default","local_seo":null,"breadcrumb_settings":null,"limit_modified_date":false,"ai":{"faqs":[],"keyPoints":[],"schemas":[],"titles":[],"descriptions":[],"socialPosts":{"email":[],"linkedin":[],"twitter":[],"facebook":[],"instagram":[]}},"created":"2022-09-30 16:11:44","updated":"2026-05-17 11:07:52","seo_analyzer_scan_date":null,"focus_keyword":null,"additional_keywords":null,"truseo_locale":null},"aioseo_breadcrumb":"<div class=\"aioseo-breadcrumbs\"><span class=\"aioseo-breadcrumb\">\n\t\t\t<a href=\"https:\/\/grupocolor.webs.upv.es\" title=\"Home\">Home<\/a>\n\t\t<\/span><span class=\"aioseo-breadcrumb-separator\">&raquo;<\/span><span class=\"aioseo-breadcrumb\">\n\t\t\tArt\u00edculos\n\t\t<\/span><\/div>","aioseo_breadcrumb_json":[{"label":"Home","link":"https:\/\/grupocolor.webs.upv.es"},{"label":"Art\u00edculos","link":"https:\/\/grupocolor.webs.upv.es\/?page_id=2953"}],"_links":{"self":[{"href":"https:\/\/grupocolor.webs.upv.es\/index.php?rest_route=\/wp\/v2\/pages\/2953","targetHints":{"allow":["GET"]}}],"collection":[{"href":"https:\/\/grupocolor.webs.upv.es\/index.php?rest_route=\/wp\/v2\/pages"}],"about":[{"href":"https:\/\/grupocolor.webs.upv.es\/index.php?rest_route=\/wp\/v2\/types\/page"}],"author":[{"embeddable":true,"href":"https:\/\/grupocolor.webs.upv.es\/index.php?rest_route=\/wp\/v2\/users\/1"}],"replies":[{"embeddable":true,"href":"https:\/\/grupocolor.webs.upv.es\/index.php?rest_route=%2Fwp%2Fv2%2Fcomments&post=2953"}],"version-history":[{"count":9,"href":"https:\/\/grupocolor.webs.upv.es\/index.php?rest_route=\/wp\/v2\/pages\/2953\/revisions"}],"predecessor-version":[{"id":5086,"href":"https:\/\/grupocolor.webs.upv.es\/index.php?rest_route=\/wp\/v2\/pages\/2953\/revisions\/5086"}],"wp:attachment":[{"href":"https:\/\/grupocolor.webs.upv.es\/index.php?rest_route=%2Fwp%2Fv2%2Fmedia&parent=2953"}],"curies":[{"name":"wp","href":"https:\/\/api.w.org\/{rel}","templated":true}]}}