{"id":2965,"date":"2020-01-31T11:20:57","date_gmt":"2020-01-31T11:20:57","guid":{"rendered":"https:\/\/grupocolor.webs.upv.es\/?page_id=2965"},"modified":"2026-05-17T11:23:54","modified_gmt":"2026-05-17T11:23:54","slug":"libro","status":"publish","type":"page","link":"https:\/\/grupocolor.webs.upv.es\/?page_id=2965","title":{"rendered":"Libros"},"content":{"rendered":"\n<h3 class=\"wp-block-heading\">2026<\/h3>\n\n\n\n<div style=\"height:20px\" aria-hidden=\"true\" class=\"wp-block-spacer\"><\/div>\n\n\n\n<div class=\"wp-block-columns are-vertically-aligned-top is-layout-flex wp-container-core-columns-is-layout-8f761849 wp-block-columns-is-layout-flex\">\n<div class=\"wp-block-column is-vertically-aligned-top is-layout-flow wp-block-column-is-layout-flow\"><div class=\"wp-block-image\">\n<figure class=\"aligncenter size-full\"><img decoding=\"async\" width=\"2229\" height=\"1284\" data-src=\"https:\/\/grupocolor.webs.upv.es\/wp-content\/uploads\/2026\/05\/2026_Portada-Valencia-a-Trazos.jpg\" alt=\"\" class=\"wp-image-5088 lazyload\" data-srcset=\"https:\/\/grupocolor.webs.upv.es\/wp-content\/uploads\/2026\/05\/2026_Portada-Valencia-a-Trazos.jpg 2229w, https:\/\/grupocolor.webs.upv.es\/wp-content\/uploads\/2026\/05\/2026_Portada-Valencia-a-Trazos-300x173.jpg 300w, https:\/\/grupocolor.webs.upv.es\/wp-content\/uploads\/2026\/05\/2026_Portada-Valencia-a-Trazos-1024x590.jpg 1024w, https:\/\/grupocolor.webs.upv.es\/wp-content\/uploads\/2026\/05\/2026_Portada-Valencia-a-Trazos-768x442.jpg 768w, https:\/\/grupocolor.webs.upv.es\/wp-content\/uploads\/2026\/05\/2026_Portada-Valencia-a-Trazos-1536x885.jpg 1536w, https:\/\/grupocolor.webs.upv.es\/wp-content\/uploads\/2026\/05\/2026_Portada-Valencia-a-Trazos-2048x1180.jpg 2048w\" data-sizes=\"(max-width: 2229px) 100vw, 2229px\" src=\"data:image\/svg+xml;base64,PHN2ZyB3aWR0aD0iMSIgaGVpZ2h0PSIxIiB4bWxucz0iaHR0cDovL3d3dy53My5vcmcvMjAwMC9zdmciPjwvc3ZnPg==\" style=\"--smush-placeholder-width: 2229px; --smush-placeholder-aspect-ratio: 2229\/1284;\" \/><\/figure>\n<\/div>\n\n\n<div style=\"height:20px\" aria-hidden=\"true\" class=\"wp-block-spacer\"><\/div>\n\n\n\n<h2 class=\"wp-block-heading has-text-align-center\" style=\"font-size:18px;text-transform:uppercase\"><strong><a href=\"https:\/\/doi.org\/10.4995\/9788413964201edUPV\" title=\"ANIVERSARIO DE LA CREACI\u00d3N DEL INSTITUTO UNIVERSITARIO DE RESTAURACI\u00d3N DEL PATRIMONIO DE LA UPV\"><strong>Valencia a trazos: expresi\u00f3n poligr\u00e1fica arquitect\u00f3nica<\/strong><\/a><\/strong><\/h2>\n\n\n\n<p class=\"has-text-align-center wp-block-paragraph\"><em>Serra Lluch, Juan y Torres Barchino, Ana (coord.). <\/em><\/p>\n\n\n\n<p class=\"has-text-align-center wp-block-paragraph\">Editorial Universitat Polit\u00e8cnica de Val\u00e8ncia, 2026. pp. 80 (ISBN:&nbsp; 978-84-1396-420-1.2026)<\/p>\n<\/div>\n\n\n\n<div class=\"wp-block-column is-vertically-aligned-top is-layout-flow wp-block-column-is-layout-flow\">\n<figure class=\"wp-block-image size-large\"><img decoding=\"async\" width=\"821\" height=\"1024\" data-src=\"https:\/\/grupocolor.webs.upv.es\/wp-content\/uploads\/2026\/05\/2026_Cromatisme-del-Temps_Portada-1-821x1024.jpg\" alt=\"\" class=\"wp-image-5099 lazyload\" data-srcset=\"https:\/\/grupocolor.webs.upv.es\/wp-content\/uploads\/2026\/05\/2026_Cromatisme-del-Temps_Portada-1-821x1024.jpg 821w, https:\/\/grupocolor.webs.upv.es\/wp-content\/uploads\/2026\/05\/2026_Cromatisme-del-Temps_Portada-1-240x300.jpg 240w, https:\/\/grupocolor.webs.upv.es\/wp-content\/uploads\/2026\/05\/2026_Cromatisme-del-Temps_Portada-1-768x958.jpg 768w, https:\/\/grupocolor.webs.upv.es\/wp-content\/uploads\/2026\/05\/2026_Cromatisme-del-Temps_Portada-1-1231x1536.jpg 1231w, https:\/\/grupocolor.webs.upv.es\/wp-content\/uploads\/2026\/05\/2026_Cromatisme-del-Temps_Portada-1.jpg 1590w\" data-sizes=\"(max-width: 821px) 100vw, 821px\" src=\"data:image\/svg+xml;base64,PHN2ZyB3aWR0aD0iMSIgaGVpZ2h0PSIxIiB4bWxucz0iaHR0cDovL3d3dy53My5vcmcvMjAwMC9zdmciPjwvc3ZnPg==\" style=\"--smush-placeholder-width: 821px; --smush-placeholder-aspect-ratio: 821\/1024;\" \/><\/figure>\n\n\n\n<div style=\"height:20px\" aria-hidden=\"true\" class=\"wp-block-spacer\"><\/div>\n\n\n\n<h2 class=\"wp-block-heading has-text-align-center\" style=\"font-size:18px\"><strong><strong><a href=\"https:\/\/grupocolor.webs.upv.es\/wp-content\/uploads\/2026\/05\/2026_Cromatisme-del-Temps.pdf\" target=\"_blank\" rel=\"noopener\" title=\"\">CROMATISMES DEL TEMPS: ARQUITECTURA PATRIMONIAL DE CASTELL\u00d3<\/a><\/strong><\/strong><\/h2>\n\n\n\n<p class=\"has-text-align-center wp-block-paragraph\"><em>Torres Barchino, A.; Llopis Verd\u00fa, J. (eds). 2026.<\/em><\/p>\n\n\n\n<p class=\"has-text-align-center wp-block-paragraph\">Editorial Colegio Territorial de Arquitectos de Castell\u00f3n, 2026. ISBN: 978-84-09-83563-8<\/p>\n<\/div>\n\n\n\n<div class=\"wp-block-column is-vertically-aligned-top is-layout-flow wp-block-column-is-layout-flow\"><\/div>\n<\/div>\n\n\n\n<div style=\"height:20px\" aria-hidden=\"true\" class=\"wp-block-spacer\"><\/div>\n\n\n\n<h2 class=\"wp-block-heading\">2025<\/h2>\n\n\n\n<div style=\"height:20px\" aria-hidden=\"true\" class=\"wp-block-spacer\"><\/div>\n\n\n\n<div class=\"wp-block-columns are-vertically-aligned-center is-layout-flex wp-container-core-columns-is-layout-8f761849 wp-block-columns-is-layout-flex\">\n<div class=\"wp-block-column is-vertically-aligned-center is-layout-flow wp-block-column-is-layout-flow\"><div class=\"wp-block-image\">\n<figure class=\"aligncenter size-full\"><a href=\"https:\/\/grupocolor.webs.upv.es\/wp-content\/uploads\/2025\/06\/ARCHE_16-17-18-completo-2.pdf\"><img decoding=\"async\" width=\"214\" height=\"300\" data-src=\"https:\/\/grupocolor.webs.upv.es\/wp-content\/uploads\/2025\/07\/Captura-de-pantalla-2025-06-05-152125-214x300-1.png\" alt=\"\" class=\"wp-image-4988 lazyload\" src=\"data:image\/svg+xml;base64,PHN2ZyB3aWR0aD0iMSIgaGVpZ2h0PSIxIiB4bWxucz0iaHR0cDovL3d3dy53My5vcmcvMjAwMC9zdmciPjwvc3ZnPg==\" style=\"--smush-placeholder-width: 214px; --smush-placeholder-aspect-ratio: 214\/300;\" \/><\/a><\/figure>\n<\/div><\/div>\n\n\n\n<div class=\"wp-block-column is-vertically-aligned-center is-layout-flow wp-block-column-is-layout-flow\"><\/div>\n\n\n\n<div class=\"wp-block-column is-vertically-aligned-center is-layout-flow wp-block-column-is-layout-flow\"><\/div>\n<\/div>\n\n\n\n<div class=\"wp-block-columns are-vertically-aligned-top is-layout-flex wp-container-core-columns-is-layout-8f761849 wp-block-columns-is-layout-flex\">\n<div class=\"wp-block-column is-vertically-aligned-top is-layout-flow wp-block-column-is-layout-flow\">\n<h2 class=\"wp-block-heading has-text-align-center\" style=\"font-size:18px;text-transform:uppercase\"><strong><a href=\"https:\/\/grupocolor.webs.upv.es\/wp-content\/uploads\/2025\/06\/ARCHE_16-17-18-completo-2.pdf\" target=\"_blank\" rel=\"noopener\" title=\"ANIVERSARIO DE LA CREACI\u00d3N DEL INSTITUTO UNIVERSITARIO DE RESTAURACI\u00d3N DEL PATRIMONIO DE LA UPV\">ANIVERSARIO DE LA CREACI\u00d3N DEL INSTITUTO UNIVERSITARIO DE RESTAURACI\u00d3N DEL PATRIMONIO DE LA UPV<\/a><\/strong><\/h2>\n<\/div>\n\n\n\n<div class=\"wp-block-column is-vertically-aligned-top is-layout-flow wp-block-column-is-layout-flow\"><\/div>\n\n\n\n<div class=\"wp-block-column is-vertically-aligned-top is-layout-flow wp-block-column-is-layout-flow\"><\/div>\n<\/div>\n\n\n\n<div style=\"height:20px\" aria-hidden=\"true\" class=\"wp-block-spacer\"><\/div>\n\n\n\n<h3 class=\"wp-block-heading\">2020<\/h3>\n\n\n\n<div style=\"height:20px\" aria-hidden=\"true\" class=\"wp-block-spacer\"><\/div>\n\n\n\n<div class=\"wp-block-columns is-layout-flex wp-container-core-columns-is-layout-8f761849 wp-block-columns-is-layout-flex\">\n<div class=\"wp-block-column is-layout-flow wp-block-column-is-layout-flow\"><div class=\"wp-block-image\">\n<figure class=\"aligncenter size-full is-resized\"><a href=\"https:\/\/www.lalibreria.upv.es\/portalEd\/UpvGEStore\/products\/p_6582-1-1\"><img decoding=\"async\" width=\"297\" height=\"300\" data-src=\"https:\/\/grupocolor.webs.upv.es\/wp-content\/uploads\/2025\/07\/unnamed-scaled-e1615373076154-297x300-1.jpg\" alt=\"\" class=\"wp-image-5002 lazyload\" style=\"--smush-placeholder-width: 297px; --smush-placeholder-aspect-ratio: 297\/300;aspect-ratio:3\/4;object-fit:cover;width:200px\" src=\"data:image\/svg+xml;base64,PHN2ZyB3aWR0aD0iMSIgaGVpZ2h0PSIxIiB4bWxucz0iaHR0cDovL3d3dy53My5vcmcvMjAwMC9zdmciPjwvc3ZnPg==\" \/><\/a><\/figure>\n<\/div><\/div>\n\n\n\n<div class=\"wp-block-column is-layout-flow wp-block-column-is-layout-flow\"><\/div>\n\n\n\n<div class=\"wp-block-column is-layout-flow wp-block-column-is-layout-flow\"><\/div>\n<\/div>\n\n\n\n<div class=\"wp-block-columns is-layout-flex wp-container-core-columns-is-layout-8f761849 wp-block-columns-is-layout-flex\">\n<div class=\"wp-block-column is-layout-flow wp-block-column-is-layout-flow\">\n<h2 class=\"wp-block-heading has-text-align-center\" style=\"font-size:18px;text-transform:uppercase\"><strong><a href=\"https:\/\/www.lalibreria.upv.es\/portalEd\/UpvGEStore\/products\/p_6582-1-1\" target=\"_blank\" rel=\"noopener\" title=\"\">MODIFICA. Modificaciones del Confort Visual en Centros Residenciales para la Mejora de la Calidad de Vida de las Personas Mayores<\/a><\/strong><\/h2>\n\n\n\n<p class=\"has-text-align-center wp-block-paragraph\"><em>Ana Torres Barchino<\/em><\/p>\n\n\n\n<p class=\"has-text-align-center wp-block-paragraph\">Universitat Polit\u00e8cnica de Val\u00e8ncia, pp.416. (ISBN: 978-84-9048-866-9)<\/p>\n<\/div>\n\n\n\n<div class=\"wp-block-column is-layout-flow wp-block-column-is-layout-flow\">\n<div style=\"height:20px\" aria-hidden=\"true\" class=\"wp-block-spacer\"><\/div>\n<\/div>\n\n\n\n<div class=\"wp-block-column is-layout-flow wp-block-column-is-layout-flow\">\n<div style=\"height:20px\" aria-hidden=\"true\" class=\"wp-block-spacer\"><\/div>\n<\/div>\n<\/div>\n\n\n\n<div style=\"height:20px\" aria-hidden=\"true\" class=\"wp-block-spacer\"><\/div>\n\n\n\n<h3 class=\"wp-block-heading\">2019<\/h3>\n\n\n\n<div style=\"height:20px\" aria-hidden=\"true\" class=\"wp-block-spacer\"><\/div>\n\n\n\n<div class=\"wp-block-columns is-layout-flex wp-container-core-columns-is-layout-8f761849 wp-block-columns-is-layout-flex\">\n<div class=\"wp-block-column is-layout-flow wp-block-column-is-layout-flow\"><div class=\"wp-block-image\">\n<figure class=\"aligncenter size-full\"><a href=\"https:\/\/www.lalibreria.upv.es\/portalEd\/UpvGEStore\/products\/p_834-4-1\"><img decoding=\"async\" width=\"260\" height=\"300\" data-src=\"https:\/\/grupocolor.webs.upv.es\/wp-content\/uploads\/2025\/07\/2019_Museo-del-Prado-260x300-1.png\" alt=\"\" class=\"wp-image-5001 lazyload\" src=\"data:image\/svg+xml;base64,PHN2ZyB3aWR0aD0iMSIgaGVpZ2h0PSIxIiB4bWxucz0iaHR0cDovL3d3dy53My5vcmcvMjAwMC9zdmciPjwvc3ZnPg==\" style=\"--smush-placeholder-width: 260px; --smush-placeholder-aspect-ratio: 260\/300;\" \/><\/a><\/figure>\n<\/div><\/div>\n\n\n\n<div class=\"wp-block-column is-layout-flow wp-block-column-is-layout-flow\"><div class=\"wp-block-image\">\n<figure class=\"aligncenter size-full\"><a href=\"https:\/\/papress.com\/products\/color-for-architects\"><img decoding=\"async\" width=\"247\" height=\"300\" data-src=\"https:\/\/grupocolor.webs.upv.es\/wp-content\/uploads\/2025\/07\/2019_Color-for-Architects-247x300-1.jpg\" alt=\"\" class=\"wp-image-5000 lazyload\" src=\"data:image\/svg+xml;base64,PHN2ZyB3aWR0aD0iMSIgaGVpZ2h0PSIxIiB4bWxucz0iaHR0cDovL3d3dy53My5vcmcvMjAwMC9zdmciPjwvc3ZnPg==\" style=\"--smush-placeholder-width: 247px; --smush-placeholder-aspect-ratio: 247\/300;\" \/><\/a><\/figure>\n<\/div><\/div>\n\n\n\n<div class=\"wp-block-column is-layout-flow wp-block-column-is-layout-flow\"><\/div>\n<\/div>\n\n\n\n<div class=\"wp-block-columns is-layout-flex wp-container-core-columns-is-layout-8f761849 wp-block-columns-is-layout-flex\">\n<div class=\"wp-block-column is-layout-flow wp-block-column-is-layout-flow\">\n<div style=\"height:20px\" aria-hidden=\"true\" class=\"wp-block-spacer\"><\/div>\n\n\n\n<h2 class=\"wp-block-heading has-text-align-center\" style=\"font-size:18px;text-transform:uppercase\"><strong><a href=\"http:\/\/www.lalibreria.upv.es\/portalEd\/UpvGEStore\/products\/p_834-4-1\" target=\"_blank\" rel=\"noopener\" title=\"\">DIBUJANDO EN EL MUSEO DEL PRADO<\/a><\/strong><\/h2>\n\n\n\n<p class=\"has-text-align-center wp-block-paragraph\"><em>Ana Torres Barchino<\/em><\/p>\n\n\n\n<p class=\"has-text-align-center wp-block-paragraph\">Universitat Polit\u00e8cnica de Val\u00e8ncia, pp.152. (ISBN: 978-84-9048-769-3)<\/p>\n<\/div>\n\n\n\n<div class=\"wp-block-column is-layout-flow wp-block-column-is-layout-flow\">\n<div style=\"height:10px\" aria-hidden=\"true\" class=\"wp-block-spacer\"><\/div>\n\n\n\n<h2 class=\"wp-block-heading has-text-align-center\" style=\"font-size:18px;text-transform:uppercase\"><strong><a href=\"https:\/\/papress.com\/products\/color-for-architects\" target=\"_blank\" rel=\"noopener\" title=\"Color for Architects\">Color for Architects<\/a><\/strong><\/h2>\n\n\n\n<p class=\"has-text-align-center wp-block-paragraph\"><em>Serra Lluch, Juan. 2019<\/em><\/p>\n\n\n\n<p class=\"has-text-align-center wp-block-paragraph\">Princeton Architectural Press, pp. 391. (ISBN: 9781616897949)<\/p>\n<\/div>\n\n\n\n<div class=\"wp-block-column is-layout-flow wp-block-column-is-layout-flow\">\n<div style=\"height:20px\" aria-hidden=\"true\" class=\"wp-block-spacer\"><\/div>\n<\/div>\n<\/div>\n\n\n\n<div style=\"height:20px\" aria-hidden=\"true\" class=\"wp-block-spacer\"><\/div>\n\n\n\n<h3 class=\"wp-block-heading\">2018<\/h3>\n\n\n\n<div style=\"height:20px\" aria-hidden=\"true\" class=\"wp-block-spacer\"><\/div>\n\n\n\n<div class=\"wp-block-columns is-layout-flex wp-container-core-columns-is-layout-8f761849 wp-block-columns-is-layout-flex\">\n<div class=\"wp-block-column is-layout-flow wp-block-column-is-layout-flow\"><div class=\"wp-block-image\">\n<figure class=\"aligncenter size-full\"><img decoding=\"async\" width=\"300\" height=\"298\" data-src=\"https:\/\/grupocolor.webs.upv.es\/wp-content\/uploads\/2025\/07\/2018_Dibujo-y-arquitectura-digital-300x298-1.png\" alt=\"\" class=\"wp-image-4999 lazyload\" data-srcset=\"https:\/\/grupocolor.webs.upv.es\/wp-content\/uploads\/2025\/07\/2018_Dibujo-y-arquitectura-digital-300x298-1.png 300w, https:\/\/grupocolor.webs.upv.es\/wp-content\/uploads\/2025\/07\/2018_Dibujo-y-arquitectura-digital-300x298-1-150x150.png 150w\" data-sizes=\"(max-width: 300px) 100vw, 300px\" src=\"data:image\/svg+xml;base64,PHN2ZyB3aWR0aD0iMSIgaGVpZ2h0PSIxIiB4bWxucz0iaHR0cDovL3d3dy53My5vcmcvMjAwMC9zdmciPjwvc3ZnPg==\" style=\"--smush-placeholder-width: 300px; --smush-placeholder-aspect-ratio: 300\/298;\" \/><\/figure>\n<\/div><\/div>\n\n\n\n<div class=\"wp-block-column is-layout-flow wp-block-column-is-layout-flow\"><\/div>\n\n\n\n<div class=\"wp-block-column is-layout-flow wp-block-column-is-layout-flow\"><\/div>\n<\/div>\n\n\n\n<div class=\"wp-block-columns is-layout-flex wp-container-core-columns-is-layout-8f761849 wp-block-columns-is-layout-flex\">\n<div class=\"wp-block-column is-layout-flow wp-block-column-is-layout-flow\">\n<div style=\"height:20px\" aria-hidden=\"true\" class=\"wp-block-spacer\"><\/div>\n\n\n\n<h2 class=\"wp-block-heading has-text-align-center\" style=\"font-size:18px;text-transform:uppercase\"><strong><a href=\"http:\/\/www.lalibreria.upv.es\/portalEd\/UpvGEStore\/products\/p_2068-3-1\" target=\"_blank\" rel=\"noopener\" title=\"\">DIBUJO Y ARQUITECTURA EN LA ERA DIGITAL<\/a><\/strong><\/h2>\n\n\n\n<p class=\"has-text-align-center wp-block-paragraph\"><em><em><em>Llopis Verd\u00fa, Jorge.<\/em><\/em><\/em><\/p>\n<\/div>\n\n\n\n<div class=\"wp-block-column is-layout-flow wp-block-column-is-layout-flow\">\n<div style=\"height:20px\" aria-hidden=\"true\" class=\"wp-block-spacer\"><\/div>\n<\/div>\n\n\n\n<div class=\"wp-block-column is-layout-flow wp-block-column-is-layout-flow\">\n<div style=\"height:20px\" aria-hidden=\"true\" class=\"wp-block-spacer\"><\/div>\n<\/div>\n<\/div>\n\n\n\n<div style=\"height:20px\" aria-hidden=\"true\" class=\"wp-block-spacer\"><\/div>\n\n\n\n<h3 class=\"wp-block-heading\">2017<\/h3>\n\n\n\n<div style=\"height:20px\" aria-hidden=\"true\" class=\"wp-block-spacer\"><\/div>\n\n\n\n<div class=\"wp-block-columns is-layout-flex wp-container-core-columns-is-layout-8f761849 wp-block-columns-is-layout-flex\">\n<div class=\"wp-block-column is-layout-flow wp-block-column-is-layout-flow\"><div class=\"wp-block-image\">\n<figure class=\"aligncenter size-full\"><img decoding=\"async\" width=\"300\" height=\"220\" data-src=\"https:\/\/grupocolor.webs.upv.es\/wp-content\/uploads\/2025\/07\/2017_Fontilles-300x220-1.png\" alt=\"\" class=\"wp-image-4998 lazyload\" src=\"data:image\/svg+xml;base64,PHN2ZyB3aWR0aD0iMSIgaGVpZ2h0PSIxIiB4bWxucz0iaHR0cDovL3d3dy53My5vcmcvMjAwMC9zdmciPjwvc3ZnPg==\" style=\"--smush-placeholder-width: 300px; --smush-placeholder-aspect-ratio: 300\/220;\" \/><\/figure>\n<\/div><\/div>\n\n\n\n<div class=\"wp-block-column is-layout-flow wp-block-column-is-layout-flow\"><\/div>\n\n\n\n<div class=\"wp-block-column is-layout-flow wp-block-column-is-layout-flow\"><\/div>\n<\/div>\n\n\n\n<div class=\"wp-block-columns is-layout-flex wp-container-core-columns-is-layout-8f761849 wp-block-columns-is-layout-flex\">\n<div class=\"wp-block-column is-layout-flow wp-block-column-is-layout-flow\">\n<div style=\"height:20px\" aria-hidden=\"true\" class=\"wp-block-spacer\"><\/div>\n\n\n\n<h2 class=\"wp-block-heading has-text-align-center\" style=\"font-size:18px;text-transform:uppercase\"><strong><a href=\"http:\/\/www.lalibreria.upv.es\/portalEd\/UpvGEStore\/products\/p_6240-1-1\">ARQUITECTURA Y PAISAJE EN EL SANATORIO DE FONTILLES<\/a><\/strong><\/h2>\n\n\n\n<p class=\"has-text-align-center wp-block-paragraph\"><em>Llopis Verd\u00fa, Jorge (ed.).<\/em><\/p>\n\n\n\n<p class=\"has-text-align-center wp-block-paragraph\">Universitat Polit\u00e8cnica de Val\u00e8ncia. (ISBN:&nbsp;978-84-9048-363-3)<\/p>\n<\/div>\n\n\n\n<div class=\"wp-block-column is-layout-flow wp-block-column-is-layout-flow\">\n<div style=\"height:20px\" aria-hidden=\"true\" class=\"wp-block-spacer\"><\/div>\n<\/div>\n\n\n\n<div class=\"wp-block-column is-layout-flow wp-block-column-is-layout-flow\">\n<div style=\"height:20px\" aria-hidden=\"true\" class=\"wp-block-spacer\"><\/div>\n<\/div>\n<\/div>\n\n\n\n<div style=\"height:20px\" aria-hidden=\"true\" class=\"wp-block-spacer\"><\/div>\n\n\n\n<h3 class=\"wp-block-heading\">2016<\/h3>\n\n\n\n<div style=\"height:20px\" aria-hidden=\"true\" class=\"wp-block-spacer\"><\/div>\n\n\n\n<div class=\"wp-block-columns is-layout-flex wp-container-core-columns-is-layout-8f761849 wp-block-columns-is-layout-flex\">\n<div class=\"wp-block-column is-layout-flow wp-block-column-is-layout-flow\"><div class=\"wp-block-image\">\n<figure class=\"aligncenter size-full\"><img decoding=\"async\" width=\"300\" height=\"210\" data-src=\"https:\/\/grupocolor.webs.upv.es\/wp-content\/uploads\/2025\/07\/integracion-300x210-1.png\" alt=\"\" class=\"wp-image-4997 lazyload\" src=\"data:image\/svg+xml;base64,PHN2ZyB3aWR0aD0iMSIgaGVpZ2h0PSIxIiB4bWxucz0iaHR0cDovL3d3dy53My5vcmcvMjAwMC9zdmciPjwvc3ZnPg==\" style=\"--smush-placeholder-width: 300px; --smush-placeholder-aspect-ratio: 300\/210;\" \/><\/figure>\n<\/div><\/div>\n\n\n\n<div class=\"wp-block-column is-layout-flow wp-block-column-is-layout-flow\"><\/div>\n\n\n\n<div class=\"wp-block-column is-layout-flow wp-block-column-is-layout-flow\"><\/div>\n<\/div>\n\n\n\n<div class=\"wp-block-columns is-layout-flex wp-container-core-columns-is-layout-8f761849 wp-block-columns-is-layout-flex\">\n<div class=\"wp-block-column is-layout-flow wp-block-column-is-layout-flow\">\n<div style=\"height:20px\" aria-hidden=\"true\" class=\"wp-block-spacer\"><\/div>\n\n\n\n<h2 class=\"wp-block-heading has-text-align-center\" style=\"font-size:18px;text-transform:uppercase\"><strong><a href=\"https:\/\/grupocolor.webs.upv.es\/pdfs\/Libros\/2016_Integraci%C3%B3n.pdf\">INTEGRACI\u00d3N DE ARQUITECTURAS CON IMPACTO VISUAL<\/a><\/strong><\/h2>\n\n\n\n<p class=\"has-text-align-center wp-block-paragraph\"><em>Serra Lluch, Juan (ed.).<\/em><\/p>\n\n\n\n<p class=\"has-text-align-center wp-block-paragraph\">Mart\u00edn Gr\u00e0fic, pp.161. (ISBN: 978-84-946433-7-8)<\/p>\n<\/div>\n\n\n\n<div class=\"wp-block-column is-layout-flow wp-block-column-is-layout-flow\">\n<div style=\"height:20px\" aria-hidden=\"true\" class=\"wp-block-spacer\"><\/div>\n<\/div>\n\n\n\n<div class=\"wp-block-column is-layout-flow wp-block-column-is-layout-flow\">\n<div style=\"height:20px\" aria-hidden=\"true\" class=\"wp-block-spacer\"><\/div>\n<\/div>\n<\/div>\n\n\n\n<div style=\"height:20px\" aria-hidden=\"true\" class=\"wp-block-spacer\"><\/div>\n\n\n\n<h3 class=\"wp-block-heading\">2015<\/h3>\n\n\n\n<div style=\"height:20px\" aria-hidden=\"true\" class=\"wp-block-spacer\"><\/div>\n\n\n\n<div class=\"wp-block-columns is-layout-flex wp-container-core-columns-is-layout-8f761849 wp-block-columns-is-layout-flex\">\n<div class=\"wp-block-column is-layout-flow wp-block-column-is-layout-flow\"><div class=\"wp-block-image\">\n<figure class=\"aligncenter size-full\"><img decoding=\"async\" width=\"300\" height=\"228\" data-src=\"https:\/\/grupocolor.webs.upv.es\/wp-content\/uploads\/2025\/07\/2015_-Cor-da-Rua-da-Junqueira-300x228-1.png\" alt=\"\" class=\"wp-image-4996 lazyload\" src=\"data:image\/svg+xml;base64,PHN2ZyB3aWR0aD0iMSIgaGVpZ2h0PSIxIiB4bWxucz0iaHR0cDovL3d3dy53My5vcmcvMjAwMC9zdmciPjwvc3ZnPg==\" style=\"--smush-placeholder-width: 300px; --smush-placeholder-aspect-ratio: 300\/228;\" \/><\/figure>\n<\/div><\/div>\n\n\n\n<div class=\"wp-block-column is-layout-flow wp-block-column-is-layout-flow\"><\/div>\n\n\n\n<div class=\"wp-block-column is-layout-flow wp-block-column-is-layout-flow\"><\/div>\n<\/div>\n\n\n\n<div class=\"wp-block-columns is-layout-flex wp-container-core-columns-is-layout-8f761849 wp-block-columns-is-layout-flex\">\n<div class=\"wp-block-column is-layout-flow wp-block-column-is-layout-flow\">\n<div style=\"height:20px\" aria-hidden=\"true\" class=\"wp-block-spacer\"><\/div>\n\n\n\n<h2 class=\"wp-block-heading has-text-align-center\" style=\"font-size:18px;text-transform:uppercase\"><strong><a href=\"https:\/\/grupocolor.webs.upv.es\/pdfs\/Libros\/2015_%20Cor%20da%20Rua%20da%20Junqueira.pdf\" title=\"\">COR DA RUA DA JUNQUEIRA<\/a><\/strong><\/h2>\n\n\n\n<p class=\"has-text-align-center wp-block-paragraph\"><em><em><em><em>JUNTA MUNICIPAL DE EXPOSICI\u00d3N. VALENCIA N\u00ba comisarios: 3<\/em><\/em><\/em><\/em><\/p>\n<\/div>\n\n\n\n<div class=\"wp-block-column is-layout-flow wp-block-column-is-layout-flow\">\n<div style=\"height:20px\" aria-hidden=\"true\" class=\"wp-block-spacer\"><\/div>\n<\/div>\n\n\n\n<div class=\"wp-block-column is-layout-flow wp-block-column-is-layout-flow\">\n<div style=\"height:20px\" aria-hidden=\"true\" class=\"wp-block-spacer\"><\/div>\n<\/div>\n<\/div>\n\n\n\n<div style=\"height:20px\" aria-hidden=\"true\" class=\"wp-block-spacer\"><\/div>\n\n\n\n<h3 class=\"wp-block-heading\">2012<\/h3>\n\n\n\n<div style=\"height:20px\" aria-hidden=\"true\" class=\"wp-block-spacer\"><\/div>\n\n\n\n<div class=\"wp-block-columns is-layout-flex wp-container-core-columns-is-layout-8f761849 wp-block-columns-is-layout-flex\">\n<div class=\"wp-block-column is-layout-flow wp-block-column-is-layout-flow\"><div class=\"wp-block-image\">\n<figure class=\"aligncenter size-full\"><img decoding=\"async\" width=\"228\" height=\"300\" data-src=\"https:\/\/grupocolor.webs.upv.es\/wp-content\/uploads\/2025\/07\/2012_El-color-de-Valencia-228x300-1.jpg\" alt=\"\" class=\"wp-image-4995 lazyload\" src=\"data:image\/svg+xml;base64,PHN2ZyB3aWR0aD0iMSIgaGVpZ2h0PSIxIiB4bWxucz0iaHR0cDovL3d3dy53My5vcmcvMjAwMC9zdmciPjwvc3ZnPg==\" style=\"--smush-placeholder-width: 228px; --smush-placeholder-aspect-ratio: 228\/300;\" \/><\/figure>\n<\/div><\/div>\n\n\n\n<div class=\"wp-block-column is-layout-flow wp-block-column-is-layout-flow\"><div class=\"wp-block-image\">\n<figure class=\"aligncenter size-full\"><img decoding=\"async\" width=\"213\" height=\"300\" data-src=\"https:\/\/grupocolor.webs.upv.es\/wp-content\/uploads\/2025\/07\/analisideformas-213x300-1.png\" alt=\"\" class=\"wp-image-4994 lazyload\" src=\"data:image\/svg+xml;base64,PHN2ZyB3aWR0aD0iMSIgaGVpZ2h0PSIxIiB4bWxucz0iaHR0cDovL3d3dy53My5vcmcvMjAwMC9zdmciPjwvc3ZnPg==\" style=\"--smush-placeholder-width: 213px; --smush-placeholder-aspect-ratio: 213\/300;\" \/><\/figure>\n<\/div><\/div>\n\n\n\n<div class=\"wp-block-column is-layout-flow wp-block-column-is-layout-flow\"><\/div>\n<\/div>\n\n\n\n<div class=\"wp-block-columns is-layout-flex wp-container-core-columns-is-layout-8f761849 wp-block-columns-is-layout-flex\">\n<div class=\"wp-block-column is-layout-flow wp-block-column-is-layout-flow\">\n<div style=\"height:20px\" aria-hidden=\"true\" class=\"wp-block-spacer\"><\/div>\n\n\n\n<h2 class=\"wp-block-heading has-text-align-center\" style=\"font-size:18px;text-transform:uppercase\"><strong><a href=\"https:\/\/grupocolor.webs.upv.es\/pdfs\/Libros\/2012_El%20color%20de%20Valencia%20%28libro%20completo%29.pdf\">EL COLOR DE VALENCIA. EL CENTRO HIST\u00d3RICO<\/a><\/strong><\/h2>\n\n\n\n<p class=\"has-text-align-center wp-block-paragraph\"><em>Garc\u00eda Codo\u00f1er, A.; Llopis Verd\u00fa, J.; Torres Barchino, A.; Villaplana Guill\u00e9n, R.<\/em><\/p>\n\n\n\n<p class=\"has-text-align-center wp-block-paragraph\">Valencia. (ISBN: 978-84-615-8707-0).<\/p>\n<\/div>\n\n\n\n<div class=\"wp-block-column is-layout-flow wp-block-column-is-layout-flow\">\n<div style=\"height:20px\" aria-hidden=\"true\" class=\"wp-block-spacer\"><\/div>\n\n\n\n<h2 class=\"wp-block-heading has-text-align-center\" style=\"font-size:18px;text-transform:uppercase\"><strong><a href=\"https:\/\/grupocolor.webs.upv.es\/pdfs\/Libros\/2012_Analisis%20de%20Formas.pdf\">AN\u00c1LISIS DE FORMAS ARQUITECT\u00d3NICAS DEL S. XX: UNA PROPUESTA DOCENTE<\/a><\/strong><\/h2>\n\n\n\n<p class=\"has-text-align-center wp-block-paragraph\"><em>Serra Lluch, Juan. 2012.<\/em><\/p>\n\n\n\n<p class=\"has-text-align-center wp-block-paragraph\">Universitat Polit\u00e8cnica de Val\u00e8ncia, pp.62. (ISBN: 978-84-8363-827-9)<\/p>\n<\/div>\n\n\n\n<div class=\"wp-block-column is-layout-flow wp-block-column-is-layout-flow\">\n<div style=\"height:20px\" aria-hidden=\"true\" class=\"wp-block-spacer\"><\/div>\n<\/div>\n<\/div>\n\n\n\n<div style=\"height:20px\" aria-hidden=\"true\" class=\"wp-block-spacer\"><\/div>\n\n\n\n<h3 class=\"wp-block-heading\">2010<\/h3>\n\n\n\n<div style=\"height:20px\" aria-hidden=\"true\" class=\"wp-block-spacer\"><\/div>\n\n\n\n<div class=\"wp-block-columns is-layout-flex wp-container-core-columns-is-layout-8f761849 wp-block-columns-is-layout-flex\">\n<div class=\"wp-block-column is-layout-flow wp-block-column-is-layout-flow\"><div class=\"wp-block-image\">\n<figure class=\"aligncenter size-full\"><img decoding=\"async\" width=\"300\" height=\"140\" data-src=\"https:\/\/grupocolor.webs.upv.es\/wp-content\/uploads\/2025\/07\/2010_Color-en-arquitectura-y-diseno-300x140-1.jpg\" alt=\"\" class=\"wp-image-4993 lazyload\" src=\"data:image\/svg+xml;base64,PHN2ZyB3aWR0aD0iMSIgaGVpZ2h0PSIxIiB4bWxucz0iaHR0cDovL3d3dy53My5vcmcvMjAwMC9zdmciPjwvc3ZnPg==\" style=\"--smush-placeholder-width: 300px; --smush-placeholder-aspect-ratio: 300\/140;\" \/><\/figure>\n<\/div><\/div>\n\n\n\n<div class=\"wp-block-column is-layout-flow wp-block-column-is-layout-flow\"><\/div>\n\n\n\n<div class=\"wp-block-column is-layout-flow wp-block-column-is-layout-flow\"><\/div>\n<\/div>\n\n\n\n<div class=\"wp-block-columns is-layout-flex wp-container-core-columns-is-layout-8f761849 wp-block-columns-is-layout-flex\">\n<div class=\"wp-block-column is-layout-flow wp-block-column-is-layout-flow\">\n<div style=\"height:20px\" aria-hidden=\"true\" class=\"wp-block-spacer\"><\/div>\n\n\n\n<h2 class=\"wp-block-heading has-text-align-center\" style=\"font-size:18px;text-transform:uppercase\"><strong>EL COLOR EN LA ARQUITECTURA Y EN EL DISE\u00d1O<\/strong><\/h2>\n\n\n\n<p class=\"has-text-align-center wp-block-paragraph\"><em>Torres Barchino, Ana; Garc\u00eda Codo\u00f1er, A. (eds.).<\/em><\/p>\n\n\n\n<p class=\"has-text-align-center wp-block-paragraph\">Valencia: Universitat Polit\u00e8cnica de Val\u00e8ncia, pp 151. (ISBN 978-84-608-1068-1)<\/p>\n<\/div>\n\n\n\n<div class=\"wp-block-column is-layout-flow wp-block-column-is-layout-flow\">\n<div style=\"height:20px\" aria-hidden=\"true\" class=\"wp-block-spacer\"><\/div>\n<\/div>\n\n\n\n<div class=\"wp-block-column is-layout-flow wp-block-column-is-layout-flow\">\n<div style=\"height:20px\" aria-hidden=\"true\" class=\"wp-block-spacer\"><\/div>\n<\/div>\n<\/div>\n\n\n\n<div style=\"height:20px\" aria-hidden=\"true\" class=\"wp-block-spacer\"><\/div>\n\n\n\n<h3 class=\"wp-block-heading\">2009<\/h3>\n\n\n\n<div style=\"height:20px\" aria-hidden=\"true\" class=\"wp-block-spacer\"><\/div>\n\n\n\n<div class=\"wp-block-columns is-layout-flex wp-container-core-columns-is-layout-8f761849 wp-block-columns-is-layout-flex\">\n<div class=\"wp-block-column is-layout-flow wp-block-column-is-layout-flow\"><div class=\"wp-block-image\">\n<figure class=\"aligncenter size-full\"><img decoding=\"async\" width=\"300\" height=\"298\" data-src=\"https:\/\/grupocolor.webs.upv.es\/wp-content\/uploads\/2025\/07\/2008_Ontinyent-300x298-1.jpg\" alt=\"\" class=\"wp-image-4992 lazyload\" data-srcset=\"https:\/\/grupocolor.webs.upv.es\/wp-content\/uploads\/2025\/07\/2008_Ontinyent-300x298-1.jpg 300w, https:\/\/grupocolor.webs.upv.es\/wp-content\/uploads\/2025\/07\/2008_Ontinyent-300x298-1-150x150.jpg 150w\" data-sizes=\"(max-width: 300px) 100vw, 300px\" src=\"data:image\/svg+xml;base64,PHN2ZyB3aWR0aD0iMSIgaGVpZ2h0PSIxIiB4bWxucz0iaHR0cDovL3d3dy53My5vcmcvMjAwMC9zdmciPjwvc3ZnPg==\" style=\"--smush-placeholder-width: 300px; --smush-placeholder-aspect-ratio: 300\/298;\" \/><\/figure>\n<\/div><\/div>\n\n\n\n<div class=\"wp-block-column is-layout-flow wp-block-column-is-layout-flow\"><\/div>\n\n\n\n<div class=\"wp-block-column is-layout-flow wp-block-column-is-layout-flow\"><\/div>\n<\/div>\n\n\n\n<div class=\"wp-block-columns is-layout-flex wp-container-core-columns-is-layout-8f761849 wp-block-columns-is-layout-flex\">\n<div class=\"wp-block-column is-layout-flow wp-block-column-is-layout-flow\">\n<div style=\"height:20px\" aria-hidden=\"true\" class=\"wp-block-spacer\"><\/div>\n\n\n\n<h2 class=\"wp-block-heading has-text-align-center\" style=\"font-size:18px;text-transform:uppercase\"><strong><a href=\"https:\/\/grupocolor.webs.upv.es\/pdfs\/Libros\/2008_Ontinyent.pdf\">LA ARQUITECTURA TRADICIONAL DE ONTINYENT. EL COLOR HIST\u00d3RICO<\/a><\/strong><\/h2>\n\n\n\n<p class=\"has-text-align-center wp-block-paragraph\"><em>Garc\u00eda Codo\u00f1er, A; Llopis Verd\u00fa, J.; Torres Barchino, A.; Villaplana Guill\u00e9n, R.; Serra Lluch, J.<\/em><\/p>\n\n\n\n<p class=\"has-text-align-center wp-block-paragraph\">Excmo. Ayto. de Ontinyent; Instituto de Restauraci\u00f3n del Patrimonio; Universitat Polit\u00e8cnica de Val\u00e8ncia. (ISBN: 978-84-89195-28-8)<\/p>\n<\/div>\n\n\n\n<div class=\"wp-block-column is-layout-flow wp-block-column-is-layout-flow\">\n<div style=\"height:20px\" aria-hidden=\"true\" class=\"wp-block-spacer\"><\/div>\n<\/div>\n\n\n\n<div class=\"wp-block-column is-layout-flow wp-block-column-is-layout-flow\">\n<div style=\"height:20px\" aria-hidden=\"true\" class=\"wp-block-spacer\"><\/div>\n<\/div>\n<\/div>\n\n\n\n<div style=\"height:20px\" aria-hidden=\"true\" class=\"wp-block-spacer\"><\/div>\n\n\n\n<h3 class=\"wp-block-heading\">2005<\/h3>\n\n\n\n<div style=\"height:20px\" aria-hidden=\"true\" class=\"wp-block-spacer\"><\/div>\n\n\n\n<div class=\"wp-block-columns is-layout-flex wp-container-core-columns-is-layout-8f761849 wp-block-columns-is-layout-flex\">\n<div class=\"wp-block-column is-layout-flow wp-block-column-is-layout-flow\"><div class=\"wp-block-image\">\n<figure class=\"aligncenter size-full\"><img decoding=\"async\" width=\"300\" height=\"289\" data-src=\"https:\/\/grupocolor.webs.upv.es\/wp-content\/uploads\/2025\/07\/2005_Cartagena_01-300x289-1.jpg\" alt=\"\" class=\"wp-image-4991 lazyload\" src=\"data:image\/svg+xml;base64,PHN2ZyB3aWR0aD0iMSIgaGVpZ2h0PSIxIiB4bWxucz0iaHR0cDovL3d3dy53My5vcmcvMjAwMC9zdmciPjwvc3ZnPg==\" style=\"--smush-placeholder-width: 300px; --smush-placeholder-aspect-ratio: 300\/289;\" \/><\/figure>\n<\/div><\/div>\n\n\n\n<div class=\"wp-block-column is-layout-flow wp-block-column-is-layout-flow\"><\/div>\n\n\n\n<div class=\"wp-block-column is-layout-flow wp-block-column-is-layout-flow\"><\/div>\n<\/div>\n\n\n\n<div class=\"wp-block-columns is-layout-flex wp-container-core-columns-is-layout-8f761849 wp-block-columns-is-layout-flex\">\n<div class=\"wp-block-column is-layout-flow wp-block-column-is-layout-flow\">\n<div style=\"height:20px\" aria-hidden=\"true\" class=\"wp-block-spacer\"><\/div>\n\n\n\n<h2 class=\"wp-block-heading has-text-align-center\" style=\"font-size:18px;text-transform:uppercase\"><strong><a href=\"https:\/\/grupocolor.webs.upv.es\/pdfs\/Libros\/2005_Cartagena_El%20color%20del%20Mediterr%C3%A1neo.pdf\">LA ARQUITECTURA TRADICIONAL DE CARTAGENA: EL COLOR DEL MEDITERR\u00c1NEO<\/a><\/strong><\/h2>\n\n\n\n<p class=\"has-text-align-center wp-block-paragraph\"><em>Garc\u00eda Codo\u00f1er, A; Llopis Verd\u00fa, J.; Torres Barchino, A; Villaplana Guill\u00e9n, R; Saiz Mauleon, B .<\/em><\/p>\n\n\n\n<p class=\"has-text-align-center wp-block-paragraph\">Cartagena.<br>(ISBN 84-6096100-1)<\/p>\n<\/div>\n\n\n\n<div class=\"wp-block-column is-layout-flow wp-block-column-is-layout-flow\">\n<div style=\"height:20px\" aria-hidden=\"true\" class=\"wp-block-spacer\"><\/div>\n<\/div>\n\n\n\n<div class=\"wp-block-column is-layout-flow wp-block-column-is-layout-flow\">\n<div style=\"height:20px\" aria-hidden=\"true\" class=\"wp-block-spacer\"><\/div>\n<\/div>\n<\/div>\n\n\n\n<div style=\"height:20px\" aria-hidden=\"true\" class=\"wp-block-spacer\"><\/div>\n\n\n\n<h3 class=\"wp-block-heading\">2000<\/h3>\n\n\n\n<div style=\"height:20px\" aria-hidden=\"true\" class=\"wp-block-spacer\"><\/div>\n\n\n\n<div class=\"wp-block-columns is-layout-flex wp-container-core-columns-is-layout-8f761849 wp-block-columns-is-layout-flex\">\n<div class=\"wp-block-column is-layout-flow wp-block-column-is-layout-flow\"><div class=\"wp-block-image\">\n<figure class=\"aligncenter size-full\"><img decoding=\"async\" width=\"300\" height=\"287\" data-src=\"https:\/\/grupocolor.webs.upv.es\/wp-content\/uploads\/2025\/07\/2000_Barrio-de-Velluters_01-1-300x287-1.jpg\" alt=\"\" class=\"wp-image-4990 lazyload\" src=\"data:image\/svg+xml;base64,PHN2ZyB3aWR0aD0iMSIgaGVpZ2h0PSIxIiB4bWxucz0iaHR0cDovL3d3dy53My5vcmcvMjAwMC9zdmciPjwvc3ZnPg==\" style=\"--smush-placeholder-width: 300px; --smush-placeholder-aspect-ratio: 300\/287;\" \/><\/figure>\n<\/div><\/div>\n\n\n\n<div class=\"wp-block-column is-layout-flow wp-block-column-is-layout-flow\"><\/div>\n\n\n\n<div class=\"wp-block-column is-layout-flow wp-block-column-is-layout-flow\"><\/div>\n<\/div>\n\n\n\n<div class=\"wp-block-columns is-layout-flex wp-container-core-columns-is-layout-8f761849 wp-block-columns-is-layout-flex\">\n<div class=\"wp-block-column is-layout-flow wp-block-column-is-layout-flow\">\n<div style=\"height:20px\" aria-hidden=\"true\" class=\"wp-block-spacer\"><\/div>\n\n\n\n<h2 class=\"wp-block-heading has-text-align-center\" style=\"font-size:18px;text-transform:uppercase\"><strong>EL COLOR EN EL CENTRO HIST\u00d3RICO II: ARQUITECTURA HIST\u00d3RICA Y COLOR EN EL BARRIO DE VELLUTERS DE VALENCIA<\/strong><\/h2>\n\n\n\n<p class=\"has-text-align-center wp-block-paragraph\"><em>Garc\u00eda Codo\u00f1er, A.; Llopis Verd\u00fa, J.; Torres Barchino, A.; Masi\u00e1 Le\u00f3n, J.V., Villaplana Guill\u00e9n. R.<\/em><\/p>\n\n\n\n<p class=\"has-text-align-center wp-block-paragraph\">Excmo. Ayuntamiento de Valencia \u2013 Generalitat Valenciana. (ISBN 84-607-0306-I)<\/p>\n<\/div>\n\n\n\n<div class=\"wp-block-column is-layout-flow wp-block-column-is-layout-flow\">\n<div style=\"height:20px\" aria-hidden=\"true\" class=\"wp-block-spacer\"><\/div>\n<\/div>\n\n\n\n<div class=\"wp-block-column is-layout-flow wp-block-column-is-layout-flow\">\n<div style=\"height:20px\" aria-hidden=\"true\" class=\"wp-block-spacer\"><\/div>\n<\/div>\n<\/div>\n\n\n\n<div style=\"height:20px\" aria-hidden=\"true\" class=\"wp-block-spacer\"><\/div>\n\n\n\n<h3 class=\"wp-block-heading\">1995<\/h3>\n\n\n\n<div style=\"height:20px\" aria-hidden=\"true\" class=\"wp-block-spacer\"><\/div>\n\n\n\n<div class=\"wp-block-columns is-layout-flex wp-container-core-columns-is-layout-8f761849 wp-block-columns-is-layout-flex\">\n<div class=\"wp-block-column is-layout-flow wp-block-column-is-layout-flow\"><div class=\"wp-block-image\">\n<figure class=\"aligncenter size-full\"><img decoding=\"async\" width=\"294\" height=\"300\" data-src=\"https:\/\/grupocolor.webs.upv.es\/wp-content\/uploads\/2025\/07\/1995_Barrio-del-Carmen_01-294x300-1.png\" alt=\"\" class=\"wp-image-4989 lazyload\" src=\"data:image\/svg+xml;base64,PHN2ZyB3aWR0aD0iMSIgaGVpZ2h0PSIxIiB4bWxucz0iaHR0cDovL3d3dy53My5vcmcvMjAwMC9zdmciPjwvc3ZnPg==\" style=\"--smush-placeholder-width: 294px; --smush-placeholder-aspect-ratio: 294\/300;\" \/><\/figure>\n<\/div><\/div>\n\n\n\n<div class=\"wp-block-column is-layout-flow wp-block-column-is-layout-flow\"><\/div>\n\n\n\n<div class=\"wp-block-column is-layout-flow wp-block-column-is-layout-flow\"><\/div>\n<\/div>\n\n\n\n<div class=\"wp-block-columns is-layout-flex wp-container-core-columns-is-layout-8f761849 wp-block-columns-is-layout-flex\">\n<div class=\"wp-block-column is-layout-flow wp-block-column-is-layout-flow\">\n<div style=\"height:20px\" aria-hidden=\"true\" class=\"wp-block-spacer\"><\/div>\n\n\n\n<h2 class=\"wp-block-heading has-text-align-center\" style=\"font-size:18px;text-transform:uppercase\"><strong><a href=\"https:\/\/polibuscador.upv.es\/primo-explore\/fulldisplay?docid=alma2143083920003706&amp;vid=bibupv&amp;search_scope=ALL&amp;tab=default_tab&amp;lang=es_ES&amp;context=L\">EL COLOR EN EL CENTRO HIST\u00d3RICO: ARQUITECTURA HIST\u00d3RICA Y COLOR EN EL BARRIO DEL CARMEN DE VALENCIA<\/a><\/strong><\/h2>\n\n\n\n<p class=\"has-text-align-center wp-block-paragraph\"><em>Garc\u00eda Codo\u00f1er, A.; Llopis Verd\u00fa, J.; Torres Barchino, A.; Masi\u00e1 Le\u00f3n, J.V., Villaplana Guill\u00e9n. R.<\/em><\/p>\n\n\n\n<p class=\"has-text-align-center wp-block-paragraph\">Excmo. Ayuntamiento de Valencia- Generalitat Valenciana. (ISBN 84-605-2163-X)<\/p>\n<\/div>\n\n\n\n<div class=\"wp-block-column is-layout-flow wp-block-column-is-layout-flow\">\n<div style=\"height:20px\" aria-hidden=\"true\" class=\"wp-block-spacer\"><\/div>\n<\/div>\n\n\n\n<div class=\"wp-block-column is-layout-flow wp-block-column-is-layout-flow\">\n<div style=\"height:20px\" aria-hidden=\"true\" class=\"wp-block-spacer\"><\/div>\n<\/div>\n<\/div>\n","protected":false},"excerpt":{"rendered":"<p>2026 Valencia a trazos: expresi\u00f3n poligr\u00e1fica arquitect\u00f3nica Serra Lluch, Juan y Torres Barchino, Ana (coord.). Editorial Universitat Polit\u00e8cnica de Val\u00e8ncia, 2026. pp. 80 (ISBN:&nbsp; 978-84-1396-420-1.2026) CROMATISMES DEL TEMPS: ARQUITECTURA PATRIMONIAL DE CASTELL\u00d3 Torres Barchino, A.; Llopis Verd\u00fa, J. (eds). 2026. Editorial Colegio Territorial de Arquitectos de Castell\u00f3n, 2026. ISBN: 978-84-09-83563-8 2025 ANIVERSARIO DE LA CREACI\u00d3N [&hellip;]<\/p>\n","protected":false},"author":1,"featured_media":0,"parent":0,"menu_order":0,"comment_status":"closed","ping_status":"closed","template":"","meta":{"_monsterinsights_skip_tracking":false,"footnotes":""},"class_list":["post-2965","page","type-page","status-publish","hentry"],"aioseo_notices":[],"aioseo_head":"\n\t\t<!-- All in One SEO 5.0.1.1 - aioseo.com -->\n\t<meta name=\"description\" content=\"2026 Valencia a trazos: expresi\u00f3n poligr\u00e1fica arquitect\u00f3nica Serra Lluch, Juan y Torres Barchino, Ana (coord.). Editorial Universitat Polit\u00e8cnica de Val\u00e8ncia, 2026. pp. 80 (ISBN: 978-84-1396-420-1.2026) CROMATISMES DEL TEMPS: ARQUITECTURA PATRIMONIAL DE CASTELL\u00d3 Torres Barchino, A.; Llopis Verd\u00fa, J. (eds). 2026. Editorial Colegio Territorial de Arquitectos de Castell\u00f3n, 2026. ISBN: 978-84-09-83563-8 2025 ANIVERSARIO DE LA CREACI\u00d3N\" \/>\n\t<meta name=\"robots\" content=\"max-image-preview:large\" \/>\n\t<link rel=\"canonical\" href=\"https:\/\/grupocolor.webs.upv.es\/?page_id=2965\" \/>\n\t<meta name=\"generator\" content=\"All in One SEO (AIOSEO) 5.0.1.1\" \/>\n\t\t<meta property=\"og:locale\" content=\"es_ES\" \/>\n\t\t<meta property=\"og:site_name\" content=\"Grupo Color -\" \/>\n\t\t<meta property=\"og:type\" content=\"article\" \/>\n\t\t<meta property=\"og:title\" content=\"Libros - Grupo Color\" \/>\n\t\t<meta property=\"og:description\" content=\"2026 Valencia a trazos: expresi\u00f3n poligr\u00e1fica arquitect\u00f3nica Serra Lluch, Juan y Torres Barchino, Ana (coord.). Editorial Universitat Polit\u00e8cnica de Val\u00e8ncia, 2026. pp. 80 (ISBN: 978-84-1396-420-1.2026) CROMATISMES DEL TEMPS: ARQUITECTURA PATRIMONIAL DE CASTELL\u00d3 Torres Barchino, A.; Llopis Verd\u00fa, J. (eds). 2026. Editorial Colegio Territorial de Arquitectos de Castell\u00f3n, 2026. ISBN: 978-84-09-83563-8 2025 ANIVERSARIO DE LA CREACI\u00d3N\" \/>\n\t\t<meta property=\"og:url\" content=\"https:\/\/grupocolor.webs.upv.es\/?page_id=2965\" \/>\n\t\t<meta property=\"article:published_time\" content=\"2020-01-31T11:20:57+00:00\" \/>\n\t\t<meta property=\"article:modified_time\" content=\"2026-05-17T11:23:54+00:00\" \/>\n\t\t<meta name=\"twitter:card\" content=\"summary_large_image\" \/>\n\t\t<meta name=\"twitter:title\" content=\"Libros - Grupo Color\" \/>\n\t\t<meta name=\"twitter:description\" content=\"2026 Valencia a trazos: expresi\u00f3n poligr\u00e1fica arquitect\u00f3nica Serra Lluch, Juan y Torres Barchino, Ana (coord.). Editorial Universitat Polit\u00e8cnica de Val\u00e8ncia, 2026. pp. 80 (ISBN: 978-84-1396-420-1.2026) CROMATISMES DEL TEMPS: ARQUITECTURA PATRIMONIAL DE CASTELL\u00d3 Torres Barchino, A.; Llopis Verd\u00fa, J. (eds). 2026. Editorial Colegio Territorial de Arquitectos de Castell\u00f3n, 2026. ISBN: 978-84-09-83563-8 2025 ANIVERSARIO DE LA CREACI\u00d3N\" \/>\n\t\t<script type=\"application\/ld+json\" class=\"aioseo-schema\">\n\t\t\t{\"@context\":\"https:\\\/\\\/schema.org\",\"@graph\":[{\"@type\":\"BreadcrumbList\",\"@id\":\"https:\\\/\\\/grupocolor.webs.upv.es\\\/?page_id=2965#breadcrumblist\",\"itemListElement\":[{\"@type\":\"ListItem\",\"@id\":\"https:\\\/\\\/grupocolor.webs.upv.es#listItem\",\"position\":1,\"name\":\"Home\",\"item\":\"https:\\\/\\\/grupocolor.webs.upv.es\",\"nextItem\":{\"@type\":\"ListItem\",\"@id\":\"https:\\\/\\\/grupocolor.webs.upv.es\\\/?page_id=2965#listItem\",\"name\":\"Libros\"}},{\"@type\":\"ListItem\",\"@id\":\"https:\\\/\\\/grupocolor.webs.upv.es\\\/?page_id=2965#listItem\",\"position\":2,\"name\":\"Libros\",\"previousItem\":{\"@type\":\"ListItem\",\"@id\":\"https:\\\/\\\/grupocolor.webs.upv.es#listItem\",\"name\":\"Home\"}}]},{\"@type\":\"Organization\",\"@id\":\"https:\\\/\\\/grupocolor.webs.upv.es\\\/#organization\",\"name\":\"Grupo Color\",\"url\":\"https:\\\/\\\/grupocolor.webs.upv.es\\\/\"},{\"@type\":\"WebPage\",\"@id\":\"https:\\\/\\\/grupocolor.webs.upv.es\\\/?page_id=2965#webpage\",\"url\":\"https:\\\/\\\/grupocolor.webs.upv.es\\\/?page_id=2965\",\"name\":\"Libros - Grupo Color\",\"description\":\"2026 Valencia a trazos: expresi\\u00f3n poligr\\u00e1fica arquitect\\u00f3nica Serra Lluch, Juan y Torres Barchino, Ana (coord.). Editorial Universitat Polit\\u00e8cnica de Val\\u00e8ncia, 2026. pp. 80 (ISBN: 978-84-1396-420-1.2026) CROMATISMES DEL TEMPS: ARQUITECTURA PATRIMONIAL DE CASTELL\\u00d3 Torres Barchino, A.; Llopis Verd\\u00fa, J. (eds). 2026. Editorial Colegio Territorial de Arquitectos de Castell\\u00f3n, 2026. ISBN: 978-84-09-83563-8 2025 ANIVERSARIO DE LA CREACI\\u00d3N\",\"inLanguage\":\"es-ES\",\"isPartOf\":{\"@id\":\"https:\\\/\\\/grupocolor.webs.upv.es\\\/#website\"},\"breadcrumb\":{\"@id\":\"https:\\\/\\\/grupocolor.webs.upv.es\\\/?page_id=2965#breadcrumblist\"},\"datePublished\":\"2020-01-31T11:20:57+00:00\",\"dateModified\":\"2026-05-17T11:23:54+00:00\"},{\"@type\":\"WebSite\",\"@id\":\"https:\\\/\\\/grupocolor.webs.upv.es\\\/#website\",\"url\":\"https:\\\/\\\/grupocolor.webs.upv.es\\\/\",\"name\":\"Grupo Color\",\"inLanguage\":\"es-ES\",\"publisher\":{\"@id\":\"https:\\\/\\\/grupocolor.webs.upv.es\\\/#organization\"}}]}\n\t\t<\/script>\n\t\t<!-- All in One SEO -->\n\n","aioseo_head_json":{"title":"Libros - Grupo Color","description":"2026 Valencia a trazos: expresi\u00f3n poligr\u00e1fica arquitect\u00f3nica Serra Lluch, Juan y Torres Barchino, Ana (coord.). Editorial Universitat Polit\u00e8cnica de Val\u00e8ncia, 2026. pp. 80 (ISBN: 978-84-1396-420-1.2026) CROMATISMES DEL TEMPS: ARQUITECTURA PATRIMONIAL DE CASTELL\u00d3 Torres Barchino, A.; Llopis Verd\u00fa, J. (eds). 2026. Editorial Colegio Territorial de Arquitectos de Castell\u00f3n, 2026. ISBN: 978-84-09-83563-8 2025 ANIVERSARIO DE LA CREACI\u00d3N","canonical_url":"https:\/\/grupocolor.webs.upv.es\/?page_id=2965","robots":"max-image-preview:large","keywords":"","webmasterTools":{"miscellaneous":""},"schema":{"@context":"https:\/\/schema.org","@graph":[{"@type":"BreadcrumbList","@id":"https:\/\/grupocolor.webs.upv.es\/?page_id=2965#breadcrumblist","itemListElement":[{"@type":"ListItem","@id":"https:\/\/grupocolor.webs.upv.es#listItem","position":1,"name":"Home","item":"https:\/\/grupocolor.webs.upv.es","nextItem":{"@type":"ListItem","@id":"https:\/\/grupocolor.webs.upv.es\/?page_id=2965#listItem","name":"Libros"}},{"@type":"ListItem","@id":"https:\/\/grupocolor.webs.upv.es\/?page_id=2965#listItem","position":2,"name":"Libros","previousItem":{"@type":"ListItem","@id":"https:\/\/grupocolor.webs.upv.es#listItem","name":"Home"}}]},{"@type":"Organization","@id":"https:\/\/grupocolor.webs.upv.es\/#organization","name":"Grupo Color","url":"https:\/\/grupocolor.webs.upv.es\/"},{"@type":"WebPage","@id":"https:\/\/grupocolor.webs.upv.es\/?page_id=2965#webpage","url":"https:\/\/grupocolor.webs.upv.es\/?page_id=2965","name":"Libros - Grupo Color","description":"2026 Valencia a trazos: expresi\u00f3n poligr\u00e1fica arquitect\u00f3nica Serra Lluch, Juan y Torres Barchino, Ana (coord.). Editorial Universitat Polit\u00e8cnica de Val\u00e8ncia, 2026. pp. 80 (ISBN: 978-84-1396-420-1.2026) CROMATISMES DEL TEMPS: ARQUITECTURA PATRIMONIAL DE CASTELL\u00d3 Torres Barchino, A.; Llopis Verd\u00fa, J. (eds). 2026. Editorial Colegio Territorial de Arquitectos de Castell\u00f3n, 2026. ISBN: 978-84-09-83563-8 2025 ANIVERSARIO DE LA CREACI\u00d3N","inLanguage":"es-ES","isPartOf":{"@id":"https:\/\/grupocolor.webs.upv.es\/#website"},"breadcrumb":{"@id":"https:\/\/grupocolor.webs.upv.es\/?page_id=2965#breadcrumblist"},"datePublished":"2020-01-31T11:20:57+00:00","dateModified":"2026-05-17T11:23:54+00:00"},{"@type":"WebSite","@id":"https:\/\/grupocolor.webs.upv.es\/#website","url":"https:\/\/grupocolor.webs.upv.es\/","name":"Grupo Color","inLanguage":"es-ES","publisher":{"@id":"https:\/\/grupocolor.webs.upv.es\/#organization"}}]},"og:locale":"es_ES","og:site_name":"Grupo Color -","og:type":"article","og:title":"Libros - Grupo Color","og:description":"2026 Valencia a trazos: expresi\u00f3n poligr\u00e1fica arquitect\u00f3nica Serra Lluch, Juan y Torres Barchino, Ana (coord.). Editorial Universitat Polit\u00e8cnica de Val\u00e8ncia, 2026. pp. 80 (ISBN: 978-84-1396-420-1.2026) CROMATISMES DEL TEMPS: ARQUITECTURA PATRIMONIAL DE CASTELL\u00d3 Torres Barchino, A.; Llopis Verd\u00fa, J. (eds). 2026. Editorial Colegio Territorial de Arquitectos de Castell\u00f3n, 2026. ISBN: 978-84-09-83563-8 2025 ANIVERSARIO DE LA CREACI\u00d3N","og:url":"https:\/\/grupocolor.webs.upv.es\/?page_id=2965","article:published_time":"2020-01-31T11:20:57+00:00","article:modified_time":"2026-05-17T11:23:54+00:00","twitter:card":"summary_large_image","twitter:title":"Libros - Grupo Color","twitter:description":"2026 Valencia a trazos: expresi\u00f3n poligr\u00e1fica arquitect\u00f3nica Serra Lluch, Juan y Torres Barchino, Ana (coord.). Editorial Universitat Polit\u00e8cnica de Val\u00e8ncia, 2026. pp. 80 (ISBN: 978-84-1396-420-1.2026) CROMATISMES DEL TEMPS: ARQUITECTURA PATRIMONIAL DE CASTELL\u00d3 Torres Barchino, A.; Llopis Verd\u00fa, J. (eds). 2026. Editorial Colegio Territorial de Arquitectos de Castell\u00f3n, 2026. ISBN: 978-84-09-83563-8 2025 ANIVERSARIO DE LA CREACI\u00d3N"},"aioseo_meta_data":{"post_id":"2965","title":null,"description":null,"keywords":null,"keyphrases":{"focus":{"keyphrase":"","score":0,"analysis":{"keyphraseInTitle":{"score":0,"maxScore":9,"error":1}}},"additional":[]},"primary_term":null,"canonical_url":null,"og_title":null,"og_description":null,"og_object_type":"default","og_image_type":"default","og_image_url":null,"og_image_width":null,"og_image_height":null,"og_image_custom_url":null,"og_image_custom_fields":null,"og_video":"","og_custom_url":null,"og_article_section":null,"og_article_tags":null,"twitter_use_og":false,"twitter_card":"default","twitter_image_type":"default","twitter_image_url":null,"twitter_image_custom_url":null,"twitter_image_custom_fields":null,"twitter_title":null,"twitter_description":null,"schema":{"blockGraphs":[],"customGraphs":[],"default":{"data":{"Article":[],"Course":[],"Dataset":[],"FAQPage":[],"Movie":[],"Person":[],"Product":[],"ProductReview":[],"Car":[],"Recipe":[],"Service":[],"SoftwareApplication":[],"WebPage":[]},"graphName":"WebPage","isEnabled":true},"graphs":[],"defaultGraph":"","defaultPostTypeGraph":""},"schema_type":"default","schema_type_options":null,"pillar_content":false,"robots_default":true,"robots_noindex":false,"robots_noarchive":false,"robots_nosnippet":false,"robots_nofollow":false,"robots_noimageindex":false,"robots_noodp":false,"robots_notranslate":false,"robots_max_snippet":"-1","robots_max_videopreview":"-1","robots_max_imagepreview":"large","priority":null,"frequency":"default","local_seo":null,"breadcrumb_settings":null,"limit_modified_date":false,"ai":{"faqs":[],"keyPoints":[],"schemas":[],"titles":[],"descriptions":[],"socialPosts":{"email":[],"linkedin":[],"twitter":[],"facebook":[],"instagram":[]}},"created":"2022-09-30 16:11:44","updated":"2026-05-17 12:11:58","seo_analyzer_scan_date":null,"focus_keyword":null,"additional_keywords":null,"truseo_locale":null},"aioseo_breadcrumb":"<div class=\"aioseo-breadcrumbs\"><span class=\"aioseo-breadcrumb\">\n\t\t\t<a href=\"https:\/\/grupocolor.webs.upv.es\" title=\"Home\">Home<\/a>\n\t\t<\/span><span class=\"aioseo-breadcrumb-separator\">&raquo;<\/span><span class=\"aioseo-breadcrumb\">\n\t\t\tLibros\n\t\t<\/span><\/div>","aioseo_breadcrumb_json":[{"label":"Home","link":"https:\/\/grupocolor.webs.upv.es"},{"label":"Libros","link":"https:\/\/grupocolor.webs.upv.es\/?page_id=2965"}],"_links":{"self":[{"href":"https:\/\/grupocolor.webs.upv.es\/index.php?rest_route=\/wp\/v2\/pages\/2965","targetHints":{"allow":["GET"]}}],"collection":[{"href":"https:\/\/grupocolor.webs.upv.es\/index.php?rest_route=\/wp\/v2\/pages"}],"about":[{"href":"https:\/\/grupocolor.webs.upv.es\/index.php?rest_route=\/wp\/v2\/types\/page"}],"author":[{"embeddable":true,"href":"https:\/\/grupocolor.webs.upv.es\/index.php?rest_route=\/wp\/v2\/users\/1"}],"replies":[{"embeddable":true,"href":"https:\/\/grupocolor.webs.upv.es\/index.php?rest_route=%2Fwp%2Fv2%2Fcomments&post=2965"}],"version-history":[{"count":13,"href":"https:\/\/grupocolor.webs.upv.es\/index.php?rest_route=\/wp\/v2\/pages\/2965\/revisions"}],"predecessor-version":[{"id":5104,"href":"https:\/\/grupocolor.webs.upv.es\/index.php?rest_route=\/wp\/v2\/pages\/2965\/revisions\/5104"}],"wp:attachment":[{"href":"https:\/\/grupocolor.webs.upv.es\/index.php?rest_route=%2Fwp%2Fv2%2Fmedia&parent=2965"}],"curies":[{"name":"wp","href":"https:\/\/api.w.org\/{rel}","templated":true}]}}