{"id":3007,"date":"2020-01-31T12:07:07","date_gmt":"2020-01-31T12:07:07","guid":{"rendered":"https:\/\/grupocolor.webs.upv.es\/?page_id=3007"},"modified":"2025-07-08T03:37:24","modified_gmt":"2025-07-08T03:37:24","slug":"exposiciones","status":"publish","type":"page","link":"https:\/\/grupocolor.webs.upv.es\/?page_id=3007","title":{"rendered":"Exposiciones"},"content":{"rendered":"\n<div class=\"wp-block-columns is-layout-flex wp-container-core-columns-is-layout-8f761849 wp-block-columns-is-layout-flex\">\n<div class=\"wp-block-column is-layout-flow wp-block-column-is-layout-flow\">\n<figure class=\"wp-block-image size-full\"><img decoding=\"async\" width=\"742\" height=\"742\" data-src=\"https:\/\/grupocolor.webs.upv.es\/wp-content\/uploads\/2025\/07\/edvcatio.jpg\" alt=\"\" class=\"wp-image-4977 lazyload\" data-srcset=\"https:\/\/grupocolor.webs.upv.es\/wp-content\/uploads\/2025\/07\/edvcatio.jpg 742w, https:\/\/grupocolor.webs.upv.es\/wp-content\/uploads\/2025\/07\/edvcatio-300x300.jpg 300w, https:\/\/grupocolor.webs.upv.es\/wp-content\/uploads\/2025\/07\/edvcatio-150x150.jpg 150w\" data-sizes=\"(max-width: 742px) 100vw, 742px\" src=\"data:image\/svg+xml;base64,PHN2ZyB3aWR0aD0iMSIgaGVpZ2h0PSIxIiB4bWxucz0iaHR0cDovL3d3dy53My5vcmcvMjAwMC9zdmciPjwvc3ZnPg==\" style=\"--smush-placeholder-width: 742px; --smush-placeholder-aspect-ratio: 742\/742;\" \/><\/figure>\n<\/div>\n\n\n\n<div class=\"wp-block-column is-layout-flow wp-block-column-is-layout-flow\">\n<figure class=\"wp-block-image size-large\"><img decoding=\"async\" width=\"784\" height=\"1024\" data-src=\"https:\/\/grupocolor.webs.upv.es\/wp-content\/uploads\/2025\/07\/1995_COACV-784x1024.jpg\" alt=\"\" class=\"wp-image-4981 lazyload\" data-srcset=\"https:\/\/grupocolor.webs.upv.es\/wp-content\/uploads\/2025\/07\/1995_COACV-784x1024.jpg 784w, https:\/\/grupocolor.webs.upv.es\/wp-content\/uploads\/2025\/07\/1995_COACV-230x300.jpg 230w, https:\/\/grupocolor.webs.upv.es\/wp-content\/uploads\/2025\/07\/1995_COACV-768x1003.jpg 768w, https:\/\/grupocolor.webs.upv.es\/wp-content\/uploads\/2025\/07\/1995_COACV-1176x1536.jpg 1176w, https:\/\/grupocolor.webs.upv.es\/wp-content\/uploads\/2025\/07\/1995_COACV-1568x2048.jpg 1568w, https:\/\/grupocolor.webs.upv.es\/wp-content\/uploads\/2025\/07\/1995_COACV.jpg 1808w\" data-sizes=\"(max-width: 784px) 100vw, 784px\" src=\"data:image\/svg+xml;base64,PHN2ZyB3aWR0aD0iMSIgaGVpZ2h0PSIxIiB4bWxucz0iaHR0cDovL3d3dy53My5vcmcvMjAwMC9zdmciPjwvc3ZnPg==\" style=\"--smush-placeholder-width: 784px; --smush-placeholder-aspect-ratio: 784\/1024;\" \/><\/figure>\n<\/div>\n\n\n\n<div class=\"wp-block-column is-layout-flow wp-block-column-is-layout-flow\">\n<figure class=\"wp-block-image size-large\"><img decoding=\"async\" width=\"676\" height=\"1024\" data-src=\"https:\/\/grupocolor.webs.upv.es\/wp-content\/uploads\/2025\/07\/1998_Madrid-676x1024.jpg\" alt=\"\" class=\"wp-image-4980 lazyload\" data-srcset=\"https:\/\/grupocolor.webs.upv.es\/wp-content\/uploads\/2025\/07\/1998_Madrid-676x1024.jpg 676w, https:\/\/grupocolor.webs.upv.es\/wp-content\/uploads\/2025\/07\/1998_Madrid-198x300.jpg 198w, https:\/\/grupocolor.webs.upv.es\/wp-content\/uploads\/2025\/07\/1998_Madrid-768x1164.jpg 768w, https:\/\/grupocolor.webs.upv.es\/wp-content\/uploads\/2025\/07\/1998_Madrid-1014x1536.jpg 1014w, https:\/\/grupocolor.webs.upv.es\/wp-content\/uploads\/2025\/07\/1998_Madrid-1352x2048.jpg 1352w, https:\/\/grupocolor.webs.upv.es\/wp-content\/uploads\/2025\/07\/1998_Madrid.jpg 1559w\" data-sizes=\"(max-width: 676px) 100vw, 676px\" src=\"data:image\/svg+xml;base64,PHN2ZyB3aWR0aD0iMSIgaGVpZ2h0PSIxIiB4bWxucz0iaHR0cDovL3d3dy53My5vcmcvMjAwMC9zdmciPjwvc3ZnPg==\" style=\"--smush-placeholder-width: 676px; --smush-placeholder-aspect-ratio: 676\/1024;\" \/><\/figure>\n<\/div>\n\n\n\n<div class=\"wp-block-column is-layout-flow wp-block-column-is-layout-flow\">\n<figure class=\"wp-block-image size-large\"><img decoding=\"async\" width=\"1024\" height=\"1004\" data-src=\"https:\/\/grupocolor.webs.upv.es\/wp-content\/uploads\/2025\/07\/2007_Exposicion-Quart_01-1024x1004.jpg\" alt=\"\" class=\"wp-image-4979 lazyload\" data-srcset=\"https:\/\/grupocolor.webs.upv.es\/wp-content\/uploads\/2025\/07\/2007_Exposicion-Quart_01-1024x1004.jpg 1024w, https:\/\/grupocolor.webs.upv.es\/wp-content\/uploads\/2025\/07\/2007_Exposicion-Quart_01-300x294.jpg 300w, https:\/\/grupocolor.webs.upv.es\/wp-content\/uploads\/2025\/07\/2007_Exposicion-Quart_01-768x753.jpg 768w, https:\/\/grupocolor.webs.upv.es\/wp-content\/uploads\/2025\/07\/2007_Exposicion-Quart_01-1536x1506.jpg 1536w, https:\/\/grupocolor.webs.upv.es\/wp-content\/uploads\/2025\/07\/2007_Exposicion-Quart_01-2048x2008.jpg 2048w\" data-sizes=\"(max-width: 1024px) 100vw, 1024px\" src=\"data:image\/svg+xml;base64,PHN2ZyB3aWR0aD0iMSIgaGVpZ2h0PSIxIiB4bWxucz0iaHR0cDovL3d3dy53My5vcmcvMjAwMC9zdmciPjwvc3ZnPg==\" style=\"--smush-placeholder-width: 1024px; --smush-placeholder-aspect-ratio: 1024\/1004;\" \/><\/figure>\n<\/div>\n\n\n\n<div class=\"wp-block-column is-layout-flow wp-block-column-is-layout-flow\">\n<figure class=\"wp-block-image size-large\"><img decoding=\"async\" width=\"768\" height=\"1024\" data-src=\"https:\/\/grupocolor.webs.upv.es\/wp-content\/uploads\/2025\/07\/2014_TEsalonica-768x1024.jpg\" alt=\"\" class=\"wp-image-4978 lazyload\" data-srcset=\"https:\/\/grupocolor.webs.upv.es\/wp-content\/uploads\/2025\/07\/2014_TEsalonica-768x1024.jpg 768w, https:\/\/grupocolor.webs.upv.es\/wp-content\/uploads\/2025\/07\/2014_TEsalonica-225x300.jpg 225w, https:\/\/grupocolor.webs.upv.es\/wp-content\/uploads\/2025\/07\/2014_TEsalonica-1152x1536.jpg 1152w, https:\/\/grupocolor.webs.upv.es\/wp-content\/uploads\/2025\/07\/2014_TEsalonica-1536x2048.jpg 1536w, https:\/\/grupocolor.webs.upv.es\/wp-content\/uploads\/2025\/07\/2014_TEsalonica-600x800.jpg 600w, https:\/\/grupocolor.webs.upv.es\/wp-content\/uploads\/2025\/07\/2014_TEsalonica.jpg 1771w\" data-sizes=\"(max-width: 768px) 100vw, 768px\" src=\"data:image\/svg+xml;base64,PHN2ZyB3aWR0aD0iMSIgaGVpZ2h0PSIxIiB4bWxucz0iaHR0cDovL3d3dy53My5vcmcvMjAwMC9zdmciPjwvc3ZnPg==\" style=\"--smush-placeholder-width: 768px; --smush-placeholder-aspect-ratio: 768\/1024;\" \/><\/figure>\n<\/div>\n<\/div>\n\n\n\n<p class=\"wp-block-paragraph\"><em>Del 19\/10\/2021 al 09\/01\/2022<\/em><\/p>\n\n\n\n<p class=\"wp-block-paragraph\"><strong>EDVCATIO. Innovaci\u00f3n y ense\u00f1anza de los jesu\u00edtas en Valencia 150 aniversario<\/strong><\/p>\n\n\n\n<p class=\"wp-block-paragraph\">SALA ACADEMIA \u2013 UNIVERSITAT DE VAL\u00c8NCIA. CENTRE CULTURAL.<\/p>\n\n\n\n<p class=\"wp-block-paragraph\">N\u00ba comisariado: 1<\/p>\n\n\n\n<p class=\"wp-block-paragraph\"><em>Del 24\/01\/2018 al 7\/02\/2018<\/em><\/p>\n\n\n\n<p class=\"wp-block-paragraph\"><strong>Arquitectura y paisaje en el Sanatorio de Fontilles<\/strong><\/p>\n\n\n\n<p class=\"wp-block-paragraph\">SALA DE MOSAICOS \u2013 ESTACI\u00d3N DEL NORTE DE VALENCIA<\/p>\n\n\n\n<p class=\"wp-block-paragraph\">N\u00ba comisarios: 2<\/p>\n\n\n\n<p class=\"wp-block-paragraph\"><em>Del 14\/09\/2017 al 30\/10\/2017<\/em><\/p>\n\n\n\n<p class=\"wp-block-paragraph\"><strong>Arquitectura y Paisaje en el sanatorio de Fontilles<\/strong><\/p>\n\n\n\n<p class=\"wp-block-paragraph\">ESCUELA T\u00c9CNICA SUPERIOR DE ARQUITECTURA \u2013 UPV. VALENCIA<\/p>\n\n\n\n<p class=\"wp-block-paragraph\">N\u00ba comisarios: 2<\/p>\n\n\n\n<p class=\"wp-block-paragraph\"><em>Del 01\/12\/2016 al 12\/02\/2017<\/em><\/p>\n\n\n\n<p class=\"wp-block-paragraph\"><strong>Estudio de integraci\u00f3n paisaj\u00edstica en centro hist\u00f3rico: Exposici\u00f3n de propuestas<\/strong><\/p>\n\n\n\n<p class=\"wp-block-paragraph\">UNIVERSIDAD INTERNACION AL MENENDEZ PELAYO \u2013 UIMP. PLAZA DEL CARMEN. VALENCIA.<\/p>\n\n\n\n<p class=\"wp-block-paragraph\">N\u00ba comisarios: 2<\/p>\n\n\n\n<p class=\"wp-block-paragraph\"><em>Del 03\/02\/2016 al 05\/02\/2016<\/em><\/p>\n\n\n\n<p class=\"wp-block-paragraph\"><strong>Alternativas art\u00edsticas para integrar arquitecturas con impacto visu al en el centro hist\u00f3rico<\/strong><\/p>\n\n\n\n<p class=\"wp-block-paragraph\">FERIA DE VALENCIA. EXCO \/ CEVISAMA. FMI<\/p>\n\n\n\n<p class=\"wp-block-paragraph\">N\u00ba comisarios: 1<\/p>\n\n\n\n<p class=\"wp-block-paragraph\"><em>Del 03\/02\/2016 al 05\/02\/2016<\/em><\/p>\n\n\n\n<p class=\"wp-block-paragraph\"><strong>Alternativas art\u00edsticas para integrar arquitecturas con impacto visu al en el centro hist\u00f3rico<\/strong><\/p>\n\n\n\n<p class=\"wp-block-paragraph\">FERIA DE VALENCIA. EXCO \/ CEVISAMA. FMI<\/p>\n\n\n\n<p class=\"wp-block-paragraph\">N\u00ba comisarios: 1<\/p>\n\n\n\n<p class=\"wp-block-paragraph\"><em>Del 03\/02\/2016 al 05\/02\/2016<\/em><\/p>\n\n\n\n<p class=\"wp-block-paragraph\"><strong>An\u00e1lisis gr\u00e1fico del entorno paisaj\u00edstico del Sanatorio de San Francisco de Borja de Fontilles<\/strong><\/p>\n\n\n\n<p class=\"wp-block-paragraph\">FERIA DE VALENCIA. EXCO \/ CEVISAMA. FMI<\/p>\n\n\n\n<p class=\"wp-block-paragraph\">N\u00ba comisarios: 1<\/p>\n\n\n\n<p class=\"wp-block-paragraph\"><em>Del 03\/02\/2016 al 05\/02\/2016<\/em><\/p>\n\n\n\n<p class=\"wp-block-paragraph\"><strong>The colour of the ceramic coatings of tradition al architecture of Rua Junqueira Lisbon<\/strong><\/p>\n\n\n\n<p class=\"wp-block-paragraph\">FERIA DE VALENCIA. EXCO \/ CEVISAMA. FMI<\/p>\n\n\n\n<p class=\"wp-block-paragraph\">N\u00ba comisarios: 1<\/p>\n\n\n\n<p class=\"wp-block-paragraph\"><em>Del 17\/09\/2015 al 31\/12\/2015<\/em><\/p>\n\n\n\n<p class=\"wp-block-paragraph\"><strong>BIGlights<\/strong><\/p>\n\n\n\n<p class=\"wp-block-paragraph\">Sala de Exposiciones HALL Escuela T\u00e9cnica Superior de Ingenier\u00eda del Dise\u00f1o.&nbsp;Universitat Polit\u00e8cnica de Val\u00e8nciaN\u00ba comisarios: 1<\/p>\n\n\n\n<p class=\"wp-block-paragraph\"><em>Del 6\/05\/2015 al 9\/05\/2015<\/em><\/p>\n\n\n\n<p class=\"wp-block-paragraph\"><strong>Cultural Rupestrian Heritage in the Circum-Mediterranean Area, Common Identity-NewPerspective<\/strong><\/p>\n\n\n\n<p class=\"wp-block-paragraph\">FESTIVAL D\u2019EUROPA 2015 \u2013 PLESSO DI SANTA VERDIANA (FIRENZE)<\/p>\n\n\n\n<p class=\"wp-block-paragraph\">N\u00ba comisarios: 1<\/p>\n\n\n\n<p class=\"wp-block-paragraph\"><em>Del 06\/05\/2015 al 15\/05\/2015<\/em><\/p>\n\n\n\n<p class=\"wp-block-paragraph\"><strong>Cultural Rupestrian Heritage in the Circum-Mediterranean Area, Common Identity-NewPerspective<\/strong><\/p>\n\n\n\n<p class=\"wp-block-paragraph\">SALA DE EXPOSICIONES DE LA FACOLT\u00c1 D\u2019ARCHITETTURA DE LA UNIVERSITA DEGLI STUDI DI FIRENZE (ITALIA)<\/p>\n\n\n\n<p class=\"wp-block-paragraph\">N\u00ba comisarios: 1<\/p>\n\n\n\n<p class=\"wp-block-paragraph\"><em>Del 19\/02\/2015 al 26\/02\/2015<\/em><\/p>\n\n\n\n<p class=\"wp-block-paragraph\"><strong>Estrategias de integraci\u00f3n paisaj\u00edstica en el centro hist\u00f3rico: exposici\u00f3n de propuestas<\/strong><\/p>\n\n\n\n<p class=\"wp-block-paragraph\">UNIVERSIDAD INTERNACION AL MENENDEZ PELAYO \u2013 UIMP. PLAZA DEL CARMEN. VALENCIA.<\/p>\n\n\n\n<p class=\"wp-block-paragraph\">N\u00ba comisarios: 2<\/p>\n\n\n\n<p class=\"wp-block-paragraph\"><em>Del 11\/02\/2015 al 13\/02\/2015<\/em><\/p>\n\n\n\n<p class=\"wp-block-paragraph\"><strong>Estrategias para mejorar la integraci\u00f3n visu al de arquitectura con impacto en la ciudad de Valencia<\/strong><\/p>\n\n\n\n<p class=\"wp-block-paragraph\">FERIA DE VALENCIA. EXCO \/ CEVISAMA. FMI<\/p>\n\n\n\n<p class=\"wp-block-paragraph\"><em>Del 23\/10\/2014 al 13\/11\/2014<\/em><\/p>\n\n\n\n<p class=\"wp-block-paragraph\"><strong>CHRIMA. Cultur al Rupestrian Heritage in the Circum-Mediterranean Area<\/strong><\/p>\n\n\n\n<p class=\"wp-block-paragraph\">ESCUELA T\u00c9CNICA SUPERIOR DE ARQUITECTURA \u2013 UPV. VALENCIA<\/p>\n\n\n\n<p class=\"wp-block-paragraph\">N\u00ba comisarios: 3<\/p>\n\n\n\n<p class=\"wp-block-paragraph\"><em>Del 03\/06\/2014 al 07\/06\/2014<\/em><\/p>\n\n\n\n<p class=\"wp-block-paragraph\"><strong>Cultur al Rupestrian Heritage in the Circum-Mediterranean Area, Common Identity-NewPerspective<\/strong><\/p>\n\n\n\n<p class=\"wp-block-paragraph\">ARISTOT\u00c9LEIO PANEPISTIMIO TIS THESSALONIKIS (GRECIA)<\/p>\n\n\n\n<p class=\"wp-block-paragraph\">N\u00ba comisarios: 1<\/p>\n\n\n\n<p class=\"wp-block-paragraph\"><em>Del 23\/11\/2013 al 07\/01\/2014<\/em><\/p>\n\n\n\n<p class=\"wp-block-paragraph\"><strong>Il vivere in grotta lungo le vie della Puglia e della Cappadocia<\/strong><\/p>\n\n\n\n<p class=\"wp-block-paragraph\">ARCHIVIO BIBLIOTECA MUSEO CIVICO (A.B.M.C.) DI ALTAMURA EN BARI (ITALIA)<\/p>\n\n\n\n<p class=\"wp-block-paragraph\">N\u00ba comisarios: 2<\/p>\n\n\n\n<p class=\"wp-block-paragraph\"><em>Del 6\/05\/2015 al 9\/05\/2015<\/em><\/p>\n\n\n\n<p class=\"wp-block-paragraph\"><strong>Cultural Rupestrian Heritage in the Circum-Mediterranean Area, Common Identity-NewPerspective<\/strong><\/p>\n\n\n\n<p class=\"wp-block-paragraph\">FESTIVAL D\u2019EUROPA 2015 \u2013 PLESSO DI SANTA VERDIANA (FIRENZE)<\/p>\n\n\n\n<p class=\"wp-block-paragraph\">N\u00ba comisarios: 1<\/p>\n\n\n\n<p class=\"wp-block-paragraph\"><em>Del\u00a09\/10\/2013\u00a0al 25\/10\/2013<\/em><\/p>\n\n\n\n<p class=\"wp-block-paragraph\"><strong>Il vivere in grotta lungo le vie della Puglia e de la Cappadocia<\/strong><\/p>\n\n\n\n<p class=\"wp-block-paragraph\">PALAZZO DEL LA EX POSTA CENTRALE, BARI (ITALIA).<\/p>\n\n\n\n<p class=\"wp-block-paragraph\">N\u00ba comisarios: 1<\/p>\n\n\n\n<p class=\"wp-block-paragraph\"><em>Del 1\/05\/2013\u00a0al\u00a031\/05\/2013<\/em><\/p>\n\n\n\n<p class=\"wp-block-paragraph\"><strong>Il vivere in grotta lungo le vie della Puglia e del la Cappadocia<\/strong><\/p>\n\n\n\n<p class=\"wp-block-paragraph\">CASTELLO DI PALAGIANELLO&nbsp;(ITALIA).<\/p>\n\n\n\n<p class=\"wp-block-paragraph\">N\u00ba comisarios: 1<\/p>\n\n\n\n<p class=\"wp-block-paragraph\"><em>Del 04\/06\/2013 al 04\/07\/2013<\/em><\/p>\n\n\n\n<p class=\"wp-block-paragraph\"><strong>Arquitectura Excavada en el arco mediterr\u00e1neo<\/strong><\/p>\n\n\n\n<p class=\"wp-block-paragraph\">Colegio de Arquitectos de Valencia<\/p>\n\n\n\n<p class=\"wp-block-paragraph\">N\u00ba comisarios: 2<\/p>\n\n\n\n<p class=\"wp-block-paragraph\"><em>Del 05\/04\/2013 al 25\/04\/2013<\/em><\/p>\n\n\n\n<p class=\"wp-block-paragraph\"><strong>Arquitectura Excavada en l\u2019Arc Mediterrani<\/strong><\/p>\n\n\n\n<p class=\"wp-block-paragraph\">Espacio Cultural Cuevas de Bat\u00e1n (Paterna-Valencia)<\/p>\n\n\n\n<p class=\"wp-block-paragraph\">N\u00ba comisarios: 3<\/p>\n\n\n\n<p class=\"wp-block-paragraph\"><em>Del 21\/06\/2012\u00a0al 23\/06\/2012<\/em><\/p>\n\n\n\n<p class=\"wp-block-paragraph\">T\u00cdTULO:<strong>Cultural Rupestrian Heritage in the Circum-Mediterranean Area, Common Identity-NewPerspective<\/strong><\/p>\n\n\n\n<p class=\"wp-block-paragraph\">MASTIO DEL LA FORTEZZA ORSINI DE SORANO (ITALIA).<\/p>\n\n\n\n<p class=\"wp-block-paragraph\">N\u00ba comisarios: 1<\/p>\n\n\n\n<p class=\"wp-block-paragraph\">Del&nbsp;21\/06\/2012&nbsp;al&nbsp;23\/06\/2012<\/p>\n\n\n\n<p class=\"wp-block-paragraph\">R<strong>upestrian Landscape and Settlements<\/strong><\/p>\n\n\n\n<p class=\"wp-block-paragraph\">UNIVERSIT\u00c1 DEGLI STUDI DI FIRENZE<\/p>\n\n\n\n<p class=\"wp-block-paragraph\">N\u00ba comisarios: 1<\/p>\n\n\n\n<p class=\"wp-block-paragraph\"><em>Del 11\/11\/2010 al 14\/11\/2010<\/em><\/p>\n\n\n\n<p class=\"wp-block-paragraph\"><strong>Innovaci\u00f3n Cient\u00edfico-Tecnol\u00f3gica Del Instituto Universitario De Restauraci\u00f3n Del Patrimonio De La Upv<\/strong><\/p>\n\n\n\n<p class=\"wp-block-paragraph\">ARPA-INNOVATION 2010. 7th Biennial of Heritage Restoration and Management.&nbsp;Recinto Ferial de Valladolid<\/p>\n\n\n\n<p class=\"wp-block-paragraph\"><em>Del 22\/06\/2010 al 22\/07\/2010<\/em><\/p>\n\n\n\n<p class=\"wp-block-paragraph\"><strong>El Instituto Universitario De Restauraci\u00f3n Del Patrimonio De La Universitat Polit\u00e8cnica de Val\u00e8ncia<\/strong><\/p>\n\n\n\n<p class=\"wp-block-paragraph\">CENTRO CULTUR AL DE ESPA\u00d1A EN M\u00c9XICO. M\u00c9XICO DF<\/p>\n\n\n\n<p class=\"wp-block-paragraph\"><em>Del 27\/05\/2010\u00a0al\u00a015\/06\/2010<\/em><\/p>\n\n\n\n<p class=\"wp-block-paragraph\"><strong>EMBT: Dibujos y maquetas<\/strong><\/p>\n\n\n\n<p class=\"wp-block-paragraph\">SALA DE EXPOSICIONES DE LA ETSAV \u2013 UNIVERSITAT POLIT\u00c8CNICA DE VAL\u00c8NCIA<\/p>\n\n\n\n<p class=\"wp-block-paragraph\">N\u00ba comisarios: 2<\/p>\n\n\n\n<p class=\"wp-block-paragraph\"><em>Del 15\/10\/2008 ala 4\/11\/2008<\/em><\/p>\n\n\n\n<p class=\"wp-block-paragraph\"><strong>El Portal y Las Torres de Quart de Valencia (S. XV): Investigaci\u00f3n<\/strong><strong>&nbsp;Crom\u00e1tica de los muros exteriores. Propuesta de Color para los Espacios Interiores y Estudio de los Grafitos de Las Torres de Quart de Valencia<\/strong><\/p>\n\n\n\n<p class=\"wp-block-paragraph\">UNIVERSIDADE LUS\u00cdADA DE LISBOA. PORTUGAL<\/p>\n\n\n\n<p class=\"wp-block-paragraph\">N\u00ba comisarios: 3<\/p>\n\n\n\n<p class=\"wp-block-paragraph\"><em>Del 11\/09\/2006\u00a0al\u00a018\/09\/2008<\/em><\/p>\n\n\n\n<p class=\"wp-block-paragraph\"><strong>Documentation for Conservation and Development New Heritage Strategy for The Future.<\/strong><\/p>\n\n\n\n<p class=\"wp-block-paragraph\">FORUM UNESCO\/ UNIVERSITY AND HERITAGE 11TH.&nbsp;INTERNATIONAL SEMINAR \u2013 FLORENCE<\/p>\n\n\n\n<p class=\"wp-block-paragraph\">N\u00ba comisarios: 2<\/p>\n\n\n\n<p class=\"wp-block-paragraph\"><em>Del 02\/11\/2006 al 04\/11\/2006<\/em><\/p>\n\n\n\n<p class=\"wp-block-paragraph\"><strong>Instituto de Restauraci\u00f3n del Patrimonio<\/strong><\/p>\n\n\n\n<p class=\"wp-block-paragraph\">PALACIO DE CONGRESOS DE VALENCIA \u2013 XVI CONGRESO INTERNACIONAL DE CONSERVACI\u00d3N Y RESTAURACI\u00d3N DE BIENES CULTURALES<\/p>\n\n\n\n<p class=\"wp-block-paragraph\">N\u00ba comisarios: 2<\/p>\n\n\n\n<p class=\"wp-block-paragraph\"><em>Del\u00a020\/07\/2006\u00a0al\u00a020\/07\/2006<\/em><\/p>\n\n\n\n<p class=\"wp-block-paragraph\"><strong>Instituto de Restauraci\u00f3n del Patrimonio<\/strong><\/p>\n\n\n\n<p class=\"wp-block-paragraph\">ESGL\u00c8SIA MARE DE D\u00c9U DEL S ANGELS DE SILLA \u2013 PLAN DIRECTOR<\/p>\n\n\n\n<p class=\"wp-block-paragraph\">N\u00ba comisarios: 2<\/p>\n\n\n\n<p class=\"wp-block-paragraph\"><em>Del 10\/06\/2006\u00a0al\u00a010\/06\/2006<\/em><\/p>\n\n\n\n<p class=\"wp-block-paragraph\"><strong>Instituto de Restauraci\u00f3n del Patrimonio<\/strong><\/p>\n\n\n\n<p class=\"wp-block-paragraph\">AULA MAGNA UNIVERSIDAD DE VALENCIA \u2013 II CONGRESO INTERNACIONAL DE PATRIMONIO CULTURAL Y COOPERACI\u00d3N AL DESARROLLO<\/p>\n\n\n\n<p class=\"wp-block-paragraph\">N\u00ba comisarios: 2<\/p>\n\n\n\n<p class=\"wp-block-paragraph\"><em>Del\u00a008\/06\/2006 al 09\/06\/2006<\/em><\/p>\n\n\n\n<p class=\"wp-block-paragraph\"><strong>Instituto de Restauraci\u00f3n del Patrimonio<\/strong><\/p>\n\n\n\n<p class=\"wp-block-paragraph\">PARANINFO UPV \u2013 II CONGRESO INTERNACIONAL DE PATRIMONIO CULTURAL Y COOPERACI\u00d3N AL DESARROLLO<\/p>\n\n\n\n<p class=\"wp-block-paragraph\">N\u00ba comisarios: 2<\/p>\n\n\n\n<p class=\"wp-block-paragraph\"><em>Del\u00a027\/05\/2005 al 30\/05\/2005<\/em><\/p>\n\n\n\n<p class=\"wp-block-paragraph\"><strong>EKUMENE 2005-IRP<\/strong><\/p>\n\n\n\n<p class=\"wp-block-paragraph\">PABELL\u00d3N DE CRISTAL \u2013 MADRID<\/p>\n\n\n\n<p class=\"wp-block-paragraph\">N\u00ba comisarios: 2<\/p>\n\n\n\n<p class=\"wp-block-paragraph\"><em>Del\u00a009\/03\/2005\u00a0al 11\/03\/2005<\/em><\/p>\n\n\n\n<p class=\"wp-block-paragraph\"><strong>Instituto de Restauraci\u00f3n del Patrimonio<\/strong><\/p>\n\n\n\n<p class=\"wp-block-paragraph\">PARANINFO UPV \u2013 INTERIM MEETING: INTERNATIONAL CONFERENCE ON PAINTING CONSERVATION<\/p>\n\n\n\n<p class=\"wp-block-paragraph\">N\u00ba comisarios: 2<\/p>\n\n\n\n<p class=\"wp-block-paragraph\"><em>Del\u00a011\/11\/2004 al 14\/11\/2004<\/em><\/p>\n\n\n\n<p class=\"wp-block-paragraph\"><strong>Instituto de Restauraci\u00f3n del Patrimonio<\/strong><\/p>\n\n\n\n<p class=\"wp-block-paragraph\">FERIA MUESTRAS VALLADOLID \u2013 FERIA NACIONAL DE LA RESTAURACI\u00d3N DEL ARTE Y EL PATRIMONIO \u2013 ARPA 2004<\/p>\n\n\n\n<p class=\"wp-block-paragraph\">N\u00ba comisarios: 2<\/p>\n\n\n\n<p class=\"wp-block-paragraph\"><em>Del\u00a002\/11\/2004\u00a0al\u00a004\/11\/2004<\/em><\/p>\n\n\n\n<p class=\"wp-block-paragraph\"><strong>Semana de La Ciencia y Tecnolog\u00eda-Instituto de Restauraci\u00f3n del Patrimonio<\/strong><\/p>\n\n\n\n<p class=\"wp-block-paragraph\">Paraninfo de la Universitat Polit\u00e8cnica de Val\u00e8ncia<\/p>\n\n\n\n<p class=\"wp-block-paragraph\">N\u00ba comisarios: 2<\/p>\n\n\n\n<p class=\"wp-block-paragraph\"><em>Del\u00a01\/10\/2004 al 24\/10\/2004<\/em><\/p>\n\n\n\n<p class=\"wp-block-paragraph\"><strong>Instituto de Restauraci\u00f3n del Patrimonio<\/strong><\/p>\n\n\n\n<p class=\"wp-block-paragraph\">AUDITORIO DE CONGRESOS REGI\u00d3N DE MURCIA V\u00cdCTOR VILLEGAS<\/p>\n\n\n\n<p class=\"wp-block-paragraph\">N\u00ba comisarios: 2<\/p>\n\n\n\n<p class=\"wp-block-paragraph\"><em>Del\u00a027\/11\/2003\u00a0al\u00a029\/11\/ 2003<\/em><\/p>\n\n\n\n<p class=\"wp-block-paragraph\"><strong>El Color en el Centro Hist\u00f3rico<\/strong><\/p>\n\n\n\n<p class=\"wp-block-paragraph\">PARQUE FERIAL JUAN CARLOS I \u2013 MADRID CONGRESO IBEROAMERICANO DEL PATRIMONIO CULTURAL R&amp;R- CONSERVAR LAS RA\u00cdCES<\/p>\n\n\n\n<p class=\"wp-block-paragraph\">N\u00ba comisarios: 2<\/p>\n\n\n\n<p class=\"wp-block-paragraph\"><em>Del\u00a027\/11\/2003 al 29\/11\/2003<\/em><\/p>\n\n\n\n<p class=\"wp-block-paragraph\"><strong>Grupo de Investigaci\u00f3n del Color en el Patrimonio \u2013 IRP<\/strong><\/p>\n\n\n\n<p class=\"wp-block-paragraph\">IFEMA -II SAL\u00d3N EUROPEO DEL ARTE DE LA RESTAURACI\u00d3N, REHABILITACI\u00d3N Y CONSERVACI\u00d3N DEL PATRIMONIO CULTURAL<\/p>\n\n\n\n<p class=\"wp-block-paragraph\">N\u00ba comisarios: 2<\/p>\n\n\n\n<p class=\"wp-block-paragraph\"><em>Del\u00a020\/11\/2003 al\u00a022\/11\/2003<\/em><\/p>\n\n\n\n<p class=\"wp-block-paragraph\"><strong>El Instituto de Restauraci\u00f3n del Patrimonio<\/strong><\/p>\n\n\n\n<p class=\"wp-block-paragraph\">CASA DE LA MONEDA Y TIMBRE, MADRID \u2013 II CONGRESO INTERNACIONAL DE GESTI\u00d3N DEL PATRIMONIO CULTURAL<\/p>\n\n\n\n<p class=\"wp-block-paragraph\">N\u00ba comisarios: 2<\/p>\n\n\n\n<p class=\"wp-block-paragraph\"><em>Del\u00a015\/12\/2002 al 21\/12\/2002<\/em><\/p>\n\n\n\n<p class=\"wp-block-paragraph\"><strong>El Color en el centro hist\u00f3rico de Valencia<\/strong><\/p>\n\n\n\n<p class=\"wp-block-paragraph\">SEVENTH INTERNATIONAL CONFERENCE OF FORUM UNESCO UNIVERSITY AND HERITAGE<\/p>\n\n\n\n<p class=\"wp-block-paragraph\">N\u00ba comisarios:&nbsp;4<\/p>\n\n\n\n<p class=\"wp-block-paragraph\"><em>Del\u00a005\/12\/2002 al 08\/12\/2002<\/em><\/p>\n\n\n\n<p class=\"wp-block-paragraph\"><strong>El Color en el Centro Hist\u00f3rico de Sant Mateu (Castell\u00f3n<\/strong>)<\/p>\n\n\n\n<p class=\"wp-block-paragraph\">JORNADAS CULTURALES SANT MATEO<\/p>\n\n\n\n<p class=\"wp-block-paragraph\">N\u00ba comisarios: 4<\/p>\n\n\n\n<p class=\"wp-block-paragraph\"><em>Del\u00a014\/10\/2002\u00a0al\u00a017\/10\/2002<\/em><\/p>\n\n\n\n<p class=\"wp-block-paragraph\"><strong>Color y arquitectura: El centro hist\u00f3rico de Valencia<\/strong><\/p>\n\n\n\n<p class=\"wp-block-paragraph\">URBE \u201902 FERIA DE VALENCIA<\/p>\n\n\n\n<p class=\"wp-block-paragraph\">N\u00ba comisarios:&nbsp;4<\/p>\n\n\n\n<p class=\"wp-block-paragraph\"><em>Del\u00a007\/10\/2002\u00a0al\u00a010\/10\/2002<\/em><\/p>\n\n\n\n<p class=\"wp-block-paragraph\"><strong>El color en el centro hist\u00f3rico.<\/strong><\/p>\n\n\n\n<p class=\"wp-block-paragraph\">FERIA AR&amp;PA (VALLADOLID) Y CONGRESO INTERNACIONAL \u201cRESTAURAR LA MEMORIA<\/p>\n\n\n\n<p class=\"wp-block-paragraph\">N\u00ba comisarios:&nbsp;4<\/p>\n\n\n\n<p class=\"wp-block-paragraph\"><em>Del\u00a026\/02\/2002 al 02\/03\/2002<\/em><\/p>\n\n\n\n<p class=\"wp-block-paragraph\"><strong>Color y Arquitectura. El centro hist\u00f3rico de Valencia.&nbsp;<\/strong><strong>UPV<\/strong><\/p>\n\n\n\n<p class=\"wp-block-paragraph\">FERIA DE CEVISAMA, VALENCIA<\/p>\n\n\n\n<p class=\"wp-block-paragraph\">N\u00ba comisarios:&nbsp;4<\/p>\n\n\n\n<p class=\"wp-block-paragraph\"><em>Del\u00a015\/12\/02 al 21\/12\/02<\/em><\/p>\n\n\n\n<p class=\"wp-block-paragraph\"><strong>El Color en el centro hist\u00f3rico de Valencia<\/strong><\/p>\n\n\n\n<p class=\"wp-block-paragraph\">SEVENTH INTERNATIONAL CONFERENCE OF FORUM UNESCO-UNIVERSITY AND HERITAGE \u2013 YARMOUK UNIVERSITY \u2013 IRBID (JORDANIA)<\/p>\n\n\n\n<p class=\"wp-block-paragraph\">N\u00ba comisarios: 2<\/p>\n\n\n\n<p class=\"wp-block-paragraph\"><em>Del\u00a029 \/12\/ 2001 al 1\/12\/ 2001<\/em><\/p>\n\n\n\n<p class=\"wp-block-paragraph\"><strong>El Color en el Centro Hist\u00f3rico: Color y Arquitectura<\/strong><\/p>\n\n\n\n<p class=\"wp-block-paragraph\">FERIA INTERNACIONAL MADRID PARQUE FERIAL&nbsp;R&amp;R- Y CONGRESO IBEROAMERICANO DEL PATRIMONIO CULTURAL.&nbsp;IFEMA- I SAL\u00d3N EUROPEO DEL ARTE DE LA RESTAURACI\u00d3N, REHABILITACI\u00d3N Y CONSERVACI\u00d3N DEL PATRIMONIO CULTURAL<\/p>\n\n\n\n<p class=\"wp-block-paragraph\">N\u00ba comisarios: 4<\/p>\n\n\n\n<p class=\"wp-block-paragraph\"><em>Del\u00a005 \/04\/ 2000 al 08 \/04\/2000<\/em><\/p>\n\n\n\n<p class=\"wp-block-paragraph\"><strong>El Color en el Centro Hist\u00f3rico: Estudio Hist\u00f3rico y Crom\u00e1tico de la Arquitectura del Barrio de Carmen de Valencia<\/strong><\/p>\n\n\n\n<p class=\"wp-block-paragraph\">UNIVERSIDAD INTERNACIONAL MEN\u00c9NDEZ PELAYO. PALACIO DE PINEDA. VALENCIA<\/p>\n\n\n\n<p class=\"wp-block-paragraph\">N\u00ba comisarios: 4<\/p>\n\n\n\n<p class=\"wp-block-paragraph\"><em>Del\u00a020\/ 10\/1999\u00a0al\u00a028\/10\/1999<\/em><\/p>\n\n\n\n<p class=\"wp-block-paragraph\"><strong>Projets et Activit\u00e9s R\u00e9alis\u2019s Dans la Cadre de Forum UNESCO- Universit\u00e9 et Patrimoine<\/strong><\/p>\n\n\n\n<p class=\"wp-block-paragraph\"><a><\/a>SIGNE DE L\u2019UNESCO. PARIS<\/p>\n\n\n\n<p class=\"wp-block-paragraph\">N\u00ba comisarios: 4<\/p>\n\n\n\n<p class=\"wp-block-paragraph\"><em>Del\u00a006\/12\/1997\u00a0al\u00a009\/12\/1997<\/em><\/p>\n\n\n\n<p class=\"wp-block-paragraph\"><strong>Escuela Taller Palacio de la Exposici\u00f3n. Proyecto Crom\u00e1tico de Restauraci\u00f3n.<\/strong><\/p>\n\n\n\n<p class=\"wp-block-paragraph\">Palacio de la Exposici\u00f3n de Valencia<\/p>\n\n\n\n<p class=\"wp-block-paragraph\">N\u00ba comisarios: 4<\/p>\n\n\n\n<p class=\"wp-block-paragraph\"><em>Del\u00a001\/10\/1996\u00a0al 30\/10\/1996<\/em><\/p>\n\n\n\n<p class=\"wp-block-paragraph\"><strong>Investigaci\u00f3n Trabajos Restauraci\u00f3n Bas\u00edlica de la Virgen de los Desamparados<\/strong><\/p>\n\n\n\n<p class=\"wp-block-paragraph\">FORUM UNESCO \u2013&nbsp;UNIVERSITAT POLIT\u00c8CNICA DE VAL\u00c8NCIA<\/p>\n\n\n\n<p class=\"wp-block-paragraph\">N\u00ba comisarios:&nbsp;1<\/p>\n\n\n\n<p class=\"wp-block-paragraph\"><em>Del 01\/04\/1996\u00a0al 01\/06\/1996<\/em><\/p>\n\n\n\n<p class=\"wp-block-paragraph\">T\u00cdTULO:<strong>La Bas\u00edlica de la Virgen. Trabajos de Investigaci\u00f3n y Propuestas de Intervenci\u00f3n. Ecxmo. Ayuntamiento de Valencia. Generalitat Valenciana. Arzobispado de Valencia y Universitat Polit\u00e8cnica de Val\u00e8ncia<\/strong>.<\/p>\n\n\n\n<p class=\"wp-block-paragraph\">MUSEO DE LA CIUDAD<\/p>\n\n\n\n<p class=\"wp-block-paragraph\">N\u00ba comisarios:&nbsp;1<\/p>\n\n\n\n<p class=\"wp-block-paragraph\"><em>Del\u00a001\/09\/ 1994\u00a0al\u00a003\/09\/1994<\/em><\/p>\n\n\n\n<p class=\"wp-block-paragraph\"><strong>Reencontr\u00e9 Europa-America Latine Sur L\u2019enseignamento de L\u2019architecture<\/strong><\/p>\n\n\n\n<p class=\"wp-block-paragraph\">UNIVERSIT\u00c9 DE LA CAMBRE DE BRUSELAS-ORGANIZADA POR LA SECRETARIA DE RELACIONES EUROPEAS DE C.A.I. Y EL CONSEJO ACAD\u00c9MICO IBEROAMERICANO<\/p>\n\n\n\n<p class=\"wp-block-paragraph\">N\u00ba comisarios: 4<\/p>\n\n\n\n<p class=\"wp-block-paragraph\"><em>Del13\/05\/1994\u00a0al\u00a030\/06\/1994<\/em><\/p>\n\n\n\n<p class=\"wp-block-paragraph\"><strong>Recuperaci\u00f3n Integral de la Bas\u00edlica de la Virgen de los Desamparados de Valencia: Exposici\u00f3n Parcial de los Trabajos de Investigaci\u00f3n y Estudios Previos<\/strong><\/p>\n\n\n\n<p class=\"wp-block-paragraph\">EDIFICIO DE LA LONJA (VALENCIA)<\/p>\n\n\n\n<p class=\"wp-block-paragraph\">N\u00ba comisarios: 4<\/p>\n\n\n\n<p class=\"wp-block-paragraph\"><em>Del\u00a013\/02\/1994 al 24\/02\/1994<\/em><\/p>\n\n\n\n<p class=\"wp-block-paragraph\"><strong>El Color en el Centro Hist\u00f3rico<\/strong><\/p>\n\n\n\n<p class=\"wp-block-paragraph\">COLEGIO OFICIAL DE ARQUITECTOS DE LA COMUNIDAD VALENCIANA<\/p>\n\n\n\n<p class=\"wp-block-paragraph\">N\u00ba comisarios: 4<\/p>\n","protected":false},"excerpt":{"rendered":"<p>Del 19\/10\/2021 al 09\/01\/2022 EDVCATIO. Innovaci\u00f3n y ense\u00f1anza de los jesu\u00edtas en Valencia 150 aniversario SALA ACADEMIA \u2013 UNIVERSITAT DE VAL\u00c8NCIA. CENTRE CULTURAL. N\u00ba comisariado: 1 Del 24\/01\/2018 al 7\/02\/2018 Arquitectura y paisaje en el Sanatorio de Fontilles SALA DE MOSAICOS \u2013 ESTACI\u00d3N DEL NORTE DE VALENCIA N\u00ba comisarios: 2 Del 14\/09\/2017 al 30\/10\/2017 Arquitectura [&hellip;]<\/p>\n","protected":false},"author":1,"featured_media":0,"parent":0,"menu_order":0,"comment_status":"closed","ping_status":"closed","template":"","meta":{"_monsterinsights_skip_tracking":false,"footnotes":""},"class_list":["post-3007","page","type-page","status-publish","hentry"],"aioseo_notices":[],"aioseo_head":"\n\t\t<!-- All in One SEO 5.0.1.1 - aioseo.com -->\n\t<meta name=\"description\" content=\"Del 19\/10\/2021 al 09\/01\/2022 EDVCATIO. Innovaci\u00f3n y ense\u00f1anza de los jesu\u00edtas en Valencia 150 aniversario SALA ACADEMIA \u2013 UNIVERSITAT DE VAL\u00c8NCIA. CENTRE CULTURAL. N\u00ba comisariado: 1 Del 24\/01\/2018 al 7\/02\/2018 Arquitectura y paisaje en el Sanatorio de Fontilles SALA DE MOSAICOS \u2013 ESTACI\u00d3N DEL NORTE DE VALENCIA N\u00ba comisarios: 2 Del 14\/09\/2017 al 30\/10\/2017 Arquitectura\" \/>\n\t<meta name=\"robots\" content=\"max-image-preview:large\" \/>\n\t<link rel=\"canonical\" href=\"https:\/\/grupocolor.webs.upv.es\/?page_id=3007\" \/>\n\t<meta name=\"generator\" content=\"All in One SEO (AIOSEO) 5.0.1.1\" \/>\n\t\t<meta property=\"og:locale\" content=\"es_ES\" \/>\n\t\t<meta property=\"og:site_name\" content=\"Grupo Color -\" \/>\n\t\t<meta property=\"og:type\" content=\"article\" \/>\n\t\t<meta property=\"og:title\" content=\"Exposiciones - Grupo Color\" \/>\n\t\t<meta property=\"og:description\" content=\"Del 19\/10\/2021 al 09\/01\/2022 EDVCATIO. Innovaci\u00f3n y ense\u00f1anza de los jesu\u00edtas en Valencia 150 aniversario SALA ACADEMIA \u2013 UNIVERSITAT DE VAL\u00c8NCIA. CENTRE CULTURAL. N\u00ba comisariado: 1 Del 24\/01\/2018 al 7\/02\/2018 Arquitectura y paisaje en el Sanatorio de Fontilles SALA DE MOSAICOS \u2013 ESTACI\u00d3N DEL NORTE DE VALENCIA N\u00ba comisarios: 2 Del 14\/09\/2017 al 30\/10\/2017 Arquitectura\" \/>\n\t\t<meta property=\"og:url\" content=\"https:\/\/grupocolor.webs.upv.es\/?page_id=3007\" \/>\n\t\t<meta property=\"article:published_time\" content=\"2020-01-31T12:07:07+00:00\" \/>\n\t\t<meta property=\"article:modified_time\" content=\"2025-07-08T03:37:24+00:00\" \/>\n\t\t<meta name=\"twitter:card\" content=\"summary_large_image\" \/>\n\t\t<meta name=\"twitter:title\" content=\"Exposiciones - Grupo Color\" \/>\n\t\t<meta name=\"twitter:description\" content=\"Del 19\/10\/2021 al 09\/01\/2022 EDVCATIO. Innovaci\u00f3n y ense\u00f1anza de los jesu\u00edtas en Valencia 150 aniversario SALA ACADEMIA \u2013 UNIVERSITAT DE VAL\u00c8NCIA. CENTRE CULTURAL. N\u00ba comisariado: 1 Del 24\/01\/2018 al 7\/02\/2018 Arquitectura y paisaje en el Sanatorio de Fontilles SALA DE MOSAICOS \u2013 ESTACI\u00d3N DEL NORTE DE VALENCIA N\u00ba comisarios: 2 Del 14\/09\/2017 al 30\/10\/2017 Arquitectura\" \/>\n\t\t<script type=\"application\/ld+json\" class=\"aioseo-schema\">\n\t\t\t{\"@context\":\"https:\\\/\\\/schema.org\",\"@graph\":[{\"@type\":\"BreadcrumbList\",\"@id\":\"https:\\\/\\\/grupocolor.webs.upv.es\\\/?page_id=3007#breadcrumblist\",\"itemListElement\":[{\"@type\":\"ListItem\",\"@id\":\"https:\\\/\\\/grupocolor.webs.upv.es#listItem\",\"position\":1,\"name\":\"Home\",\"item\":\"https:\\\/\\\/grupocolor.webs.upv.es\",\"nextItem\":{\"@type\":\"ListItem\",\"@id\":\"https:\\\/\\\/grupocolor.webs.upv.es\\\/?page_id=3007#listItem\",\"name\":\"Exposiciones\"}},{\"@type\":\"ListItem\",\"@id\":\"https:\\\/\\\/grupocolor.webs.upv.es\\\/?page_id=3007#listItem\",\"position\":2,\"name\":\"Exposiciones\",\"previousItem\":{\"@type\":\"ListItem\",\"@id\":\"https:\\\/\\\/grupocolor.webs.upv.es#listItem\",\"name\":\"Home\"}}]},{\"@type\":\"Organization\",\"@id\":\"https:\\\/\\\/grupocolor.webs.upv.es\\\/#organization\",\"name\":\"Grupo Color\",\"url\":\"https:\\\/\\\/grupocolor.webs.upv.es\\\/\"},{\"@type\":\"WebPage\",\"@id\":\"https:\\\/\\\/grupocolor.webs.upv.es\\\/?page_id=3007#webpage\",\"url\":\"https:\\\/\\\/grupocolor.webs.upv.es\\\/?page_id=3007\",\"name\":\"Exposiciones - Grupo Color\",\"description\":\"Del 19\\\/10\\\/2021 al 09\\\/01\\\/2022 EDVCATIO. Innovaci\\u00f3n y ense\\u00f1anza de los jesu\\u00edtas en Valencia 150 aniversario SALA ACADEMIA \\u2013 UNIVERSITAT DE VAL\\u00c8NCIA. CENTRE CULTURAL. N\\u00ba comisariado: 1 Del 24\\\/01\\\/2018 al 7\\\/02\\\/2018 Arquitectura y paisaje en el Sanatorio de Fontilles SALA DE MOSAICOS \\u2013 ESTACI\\u00d3N DEL NORTE DE VALENCIA N\\u00ba comisarios: 2 Del 14\\\/09\\\/2017 al 30\\\/10\\\/2017 Arquitectura\",\"inLanguage\":\"es-ES\",\"isPartOf\":{\"@id\":\"https:\\\/\\\/grupocolor.webs.upv.es\\\/#website\"},\"breadcrumb\":{\"@id\":\"https:\\\/\\\/grupocolor.webs.upv.es\\\/?page_id=3007#breadcrumblist\"},\"datePublished\":\"2020-01-31T12:07:07+00:00\",\"dateModified\":\"2025-07-08T03:37:24+00:00\"},{\"@type\":\"WebSite\",\"@id\":\"https:\\\/\\\/grupocolor.webs.upv.es\\\/#website\",\"url\":\"https:\\\/\\\/grupocolor.webs.upv.es\\\/\",\"name\":\"Grupo Color\",\"inLanguage\":\"es-ES\",\"publisher\":{\"@id\":\"https:\\\/\\\/grupocolor.webs.upv.es\\\/#organization\"}}]}\n\t\t<\/script>\n\t\t<!-- All in One SEO -->\n\n","aioseo_head_json":{"title":"Exposiciones - Grupo Color","description":"Del 19\/10\/2021 al 09\/01\/2022 EDVCATIO. Innovaci\u00f3n y ense\u00f1anza de los jesu\u00edtas en Valencia 150 aniversario SALA ACADEMIA \u2013 UNIVERSITAT DE VAL\u00c8NCIA. CENTRE CULTURAL. N\u00ba comisariado: 1 Del 24\/01\/2018 al 7\/02\/2018 Arquitectura y paisaje en el Sanatorio de Fontilles SALA DE MOSAICOS \u2013 ESTACI\u00d3N DEL NORTE DE VALENCIA N\u00ba comisarios: 2 Del 14\/09\/2017 al 30\/10\/2017 Arquitectura","canonical_url":"https:\/\/grupocolor.webs.upv.es\/?page_id=3007","robots":"max-image-preview:large","keywords":"","webmasterTools":{"miscellaneous":""},"schema":{"@context":"https:\/\/schema.org","@graph":[{"@type":"BreadcrumbList","@id":"https:\/\/grupocolor.webs.upv.es\/?page_id=3007#breadcrumblist","itemListElement":[{"@type":"ListItem","@id":"https:\/\/grupocolor.webs.upv.es#listItem","position":1,"name":"Home","item":"https:\/\/grupocolor.webs.upv.es","nextItem":{"@type":"ListItem","@id":"https:\/\/grupocolor.webs.upv.es\/?page_id=3007#listItem","name":"Exposiciones"}},{"@type":"ListItem","@id":"https:\/\/grupocolor.webs.upv.es\/?page_id=3007#listItem","position":2,"name":"Exposiciones","previousItem":{"@type":"ListItem","@id":"https:\/\/grupocolor.webs.upv.es#listItem","name":"Home"}}]},{"@type":"Organization","@id":"https:\/\/grupocolor.webs.upv.es\/#organization","name":"Grupo Color","url":"https:\/\/grupocolor.webs.upv.es\/"},{"@type":"WebPage","@id":"https:\/\/grupocolor.webs.upv.es\/?page_id=3007#webpage","url":"https:\/\/grupocolor.webs.upv.es\/?page_id=3007","name":"Exposiciones - Grupo Color","description":"Del 19\/10\/2021 al 09\/01\/2022 EDVCATIO. Innovaci\u00f3n y ense\u00f1anza de los jesu\u00edtas en Valencia 150 aniversario SALA ACADEMIA \u2013 UNIVERSITAT DE VAL\u00c8NCIA. CENTRE CULTURAL. N\u00ba comisariado: 1 Del 24\/01\/2018 al 7\/02\/2018 Arquitectura y paisaje en el Sanatorio de Fontilles SALA DE MOSAICOS \u2013 ESTACI\u00d3N DEL NORTE DE VALENCIA N\u00ba comisarios: 2 Del 14\/09\/2017 al 30\/10\/2017 Arquitectura","inLanguage":"es-ES","isPartOf":{"@id":"https:\/\/grupocolor.webs.upv.es\/#website"},"breadcrumb":{"@id":"https:\/\/grupocolor.webs.upv.es\/?page_id=3007#breadcrumblist"},"datePublished":"2020-01-31T12:07:07+00:00","dateModified":"2025-07-08T03:37:24+00:00"},{"@type":"WebSite","@id":"https:\/\/grupocolor.webs.upv.es\/#website","url":"https:\/\/grupocolor.webs.upv.es\/","name":"Grupo Color","inLanguage":"es-ES","publisher":{"@id":"https:\/\/grupocolor.webs.upv.es\/#organization"}}]},"og:locale":"es_ES","og:site_name":"Grupo Color -","og:type":"article","og:title":"Exposiciones - Grupo Color","og:description":"Del 19\/10\/2021 al 09\/01\/2022 EDVCATIO. Innovaci\u00f3n y ense\u00f1anza de los jesu\u00edtas en Valencia 150 aniversario SALA ACADEMIA \u2013 UNIVERSITAT DE VAL\u00c8NCIA. CENTRE CULTURAL. N\u00ba comisariado: 1 Del 24\/01\/2018 al 7\/02\/2018 Arquitectura y paisaje en el Sanatorio de Fontilles SALA DE MOSAICOS \u2013 ESTACI\u00d3N DEL NORTE DE VALENCIA N\u00ba comisarios: 2 Del 14\/09\/2017 al 30\/10\/2017 Arquitectura","og:url":"https:\/\/grupocolor.webs.upv.es\/?page_id=3007","article:published_time":"2020-01-31T12:07:07+00:00","article:modified_time":"2025-07-08T03:37:24+00:00","twitter:card":"summary_large_image","twitter:title":"Exposiciones - Grupo Color","twitter:description":"Del 19\/10\/2021 al 09\/01\/2022 EDVCATIO. Innovaci\u00f3n y ense\u00f1anza de los jesu\u00edtas en Valencia 150 aniversario SALA ACADEMIA \u2013 UNIVERSITAT DE VAL\u00c8NCIA. CENTRE CULTURAL. N\u00ba comisariado: 1 Del 24\/01\/2018 al 7\/02\/2018 Arquitectura y paisaje en el Sanatorio de Fontilles SALA DE MOSAICOS \u2013 ESTACI\u00d3N DEL NORTE DE VALENCIA N\u00ba comisarios: 2 Del 14\/09\/2017 al 30\/10\/2017 Arquitectura"},"aioseo_meta_data":{"post_id":"3007","title":null,"description":null,"keywords":null,"keyphrases":{"focus":{"keyphrase":"","score":0,"analysis":{"keyphraseInTitle":{"score":0,"maxScore":9,"error":1}}},"additional":[]},"primary_term":null,"canonical_url":null,"og_title":null,"og_description":null,"og_object_type":"default","og_image_type":"default","og_image_url":null,"og_image_width":null,"og_image_height":null,"og_image_custom_url":null,"og_image_custom_fields":null,"og_video":"","og_custom_url":null,"og_article_section":null,"og_article_tags":null,"twitter_use_og":false,"twitter_card":"default","twitter_image_type":"default","twitter_image_url":null,"twitter_image_custom_url":null,"twitter_image_custom_fields":null,"twitter_title":null,"twitter_description":null,"schema":{"blockGraphs":[],"customGraphs":[],"default":{"data":{"Article":[],"Course":[],"Dataset":[],"FAQPage":[],"Movie":[],"Person":[],"Product":[],"ProductReview":[],"Car":[],"Recipe":[],"Service":[],"SoftwareApplication":[],"WebPage":[]},"graphName":"WebPage","isEnabled":true},"graphs":[],"defaultGraph":"","defaultPostTypeGraph":""},"schema_type":"default","schema_type_options":null,"pillar_content":false,"robots_default":true,"robots_noindex":false,"robots_noarchive":false,"robots_nosnippet":false,"robots_nofollow":false,"robots_noimageindex":false,"robots_noodp":false,"robots_notranslate":false,"robots_max_snippet":"-1","robots_max_videopreview":"-1","robots_max_imagepreview":"large","priority":null,"frequency":"default","local_seo":null,"breadcrumb_settings":null,"limit_modified_date":false,"ai":{"faqs":[],"keyPoints":[],"titles":[],"descriptions":[],"socialPosts":{"email":[],"linkedin":[],"twitter":[],"facebook":[],"instagram":[]}},"created":"2022-09-30 16:11:44","updated":"2025-07-08 03:38:15","seo_analyzer_scan_date":null,"focus_keyword":null,"additional_keywords":null,"truseo_locale":null},"aioseo_breadcrumb":"<div class=\"aioseo-breadcrumbs\"><span class=\"aioseo-breadcrumb\">\n\t\t\t<a href=\"https:\/\/grupocolor.webs.upv.es\" title=\"Home\">Home<\/a>\n\t\t<\/span><span class=\"aioseo-breadcrumb-separator\">&raquo;<\/span><span class=\"aioseo-breadcrumb\">\n\t\t\tExposiciones\n\t\t<\/span><\/div>","aioseo_breadcrumb_json":[{"label":"Home","link":"https:\/\/grupocolor.webs.upv.es"},{"label":"Exposiciones","link":"https:\/\/grupocolor.webs.upv.es\/?page_id=3007"}],"_links":{"self":[{"href":"https:\/\/grupocolor.webs.upv.es\/index.php?rest_route=\/wp\/v2\/pages\/3007","targetHints":{"allow":["GET"]}}],"collection":[{"href":"https:\/\/grupocolor.webs.upv.es\/index.php?rest_route=\/wp\/v2\/pages"}],"about":[{"href":"https:\/\/grupocolor.webs.upv.es\/index.php?rest_route=\/wp\/v2\/types\/page"}],"author":[{"embeddable":true,"href":"https:\/\/grupocolor.webs.upv.es\/index.php?rest_route=\/wp\/v2\/users\/1"}],"replies":[{"embeddable":true,"href":"https:\/\/grupocolor.webs.upv.es\/index.php?rest_route=%2Fwp%2Fv2%2Fcomments&post=3007"}],"version-history":[{"count":5,"href":"https:\/\/grupocolor.webs.upv.es\/index.php?rest_route=\/wp\/v2\/pages\/3007\/revisions"}],"predecessor-version":[{"id":5003,"href":"https:\/\/grupocolor.webs.upv.es\/index.php?rest_route=\/wp\/v2\/pages\/3007\/revisions\/5003"}],"wp:attachment":[{"href":"https:\/\/grupocolor.webs.upv.es\/index.php?rest_route=%2Fwp%2Fv2%2Fmedia&parent=3007"}],"curies":[{"name":"wp","href":"https:\/\/api.w.org\/{rel}","templated":true}]}}